{"id":1215,"date":"2026-05-12T10:56:48","date_gmt":"2026-05-12T08:56:48","guid":{"rendered":"https:\/\/northeim-assistenz-portal.de\/kimler-asistans-alma-hakkina-sahiptir\/"},"modified":"2026-08-11T09:45:33","modified_gmt":"2026-08-11T07:45:33","slug":"kimler-asistans-alma-hakkina-sahiptir","status":"publish","type":"page","link":"https:\/\/northeim-assistenz-portal.de\/tr\/kimler-asistans-alma-hakkina-sahiptir\/","title":{"rendered":"Kimler asistans alma hakk\u0131na sahiptir?"},"content":{"rendered":"\t\t<div data-elementor-type=\"wp-page\" data-elementor-id=\"1215\" class=\"elementor elementor-1215 elementor-57\" data-elementor-post-type=\"page\">\n\t\t\t\t<div class=\"elementor-element elementor-element-e9a8096 e-con-full e-flex e-con e-parent\" data-id=\"e9a8096\" data-element_type=\"container\" data-e-type=\"container\">\n\t\t<div class=\"elementor-element elementor-element-4a24166 e-flex e-con-boxed e-con e-child\" data-id=\"4a24166\" data-element_type=\"container\" data-e-type=\"container\">\n\t\t\t\t\t<div class=\"e-con-inner\">\n\t\t<div class=\"elementor-element elementor-element-1f7ed78 e-grid e-con-full e-con e-child\" data-id=\"1f7ed78\" data-element_type=\"container\" data-e-type=\"container\">\n\t\t<div class=\"elementor-element elementor-element-ca11c39 e-con-full e-flex e-con e-child\" data-id=\"ca11c39\" data-element_type=\"container\" data-e-type=\"container\">\n\t\t\t\t<div class=\"elementor-element elementor-element-d4fa49c elementor-widget elementor-widget-image\" data-id=\"d4fa49c\" data-element_type=\"widget\" data-e-type=\"widget\" data-widget_type=\"image.default\">\n\t\t\t\t\t\t\t\t\t\t\t\t\t\t\t<img decoding=\"async\" width=\"853\" height=\"853\" src=\"https:\/\/northeim-assistenz-portal.de\/wp-content\/uploads\/assistenz-portal-northeim-iStock-1488612542-1.jpg\" class=\"attachment-full size-full wp-image-1225\" alt=\"Bir kad\u0131n, y\u00fcr\u00fcte\u00e7 yard\u0131m\u0131yla ilerleyen k\u00fc\u00e7\u00fck bir o\u011flana destek oluyor.\" srcset=\"https:\/\/northeim-assistenz-portal.de\/wp-content\/uploads\/assistenz-portal-northeim-iStock-1488612542-1.jpg 853w, https:\/\/northeim-assistenz-portal.de\/wp-content\/uploads\/assistenz-portal-northeim-iStock-1488612542-1-600x600.jpg 600w, https:\/\/northeim-assistenz-portal.de\/wp-content\/uploads\/assistenz-portal-northeim-iStock-1488612542-1-150x150.jpg 150w, https:\/\/northeim-assistenz-portal.de\/wp-content\/uploads\/assistenz-portal-northeim-iStock-1488612542-1-768x768.jpg 768w\" sizes=\"(max-width: 853px) 100vw, 853px\" \/>\t\t\t\t\t\t\t\t\t\t\t\t\t\t\t<\/div>\n\t\t\t\t<\/div>\n\t\t<div class=\"elementor-element elementor-element-4ec0133 e-con-full e-flex e-con e-child\" data-id=\"4ec0133\" data-element_type=\"container\" data-e-type=\"container\">\n\t\t\t\t\t<p class=\"e-8deebec-da68262 e-paragraph-base\" data-interaction-id=\"8deebec\" data-e-type=\"widget\" data-id=\"8deebec\">Bir engeliniz veya kronik bir hastal\u0131\u011f\u0131n\u0131z nedeniyle g\u00fcnl\u00fck ya\u015fam\u0131n\u0131z\u0131 (art\u0131k) tek ba\u015f\u0131n\u0131za ba\u011f\u0131ms\u0131z \u015fekilde s\u00fcrd\u00fcremiyor olabilirsiniz. Baz\u0131 i\u015fleri yapamazs\u0131n\u0131z. Ya da sadece destekle yapabilirsiniz. Ya da refakate ihtiyac\u0131n\u0131z vard\u0131r. Toplumsal ya\u015fama kat\u0131l\u0131m\u0131n\u0131z k\u0131s\u0131tlanm\u0131\u015ft\u0131r.    <br><br>Ba\u015fkalar\u0131 gibi ya\u015fayamaz ve toplumsal ya\u015fama kat\u0131lamazs\u0131n\u0131z. Engelli bir birey olarak engellerle kar\u015f\u0131la\u015f\u0131rs\u0131n\u0131z. Baz\u0131 insanlar i\u00e7in merdivenler engeldir, baz\u0131lar\u0131 i\u00e7in ise a\u011f\u0131r\/dolamba\u00e7l\u0131 dil. \u00d6nyarg\u0131lar da engeldir.   <\/p>\n\t\t\t\t<\/div>\n\t\t\t\t<\/div>\n\t\t\t\t\t<\/div>\n\t\t\t\t<\/div>\n\t\t\t\t<\/div>\n\t\t<div class=\"elementor-element elementor-element-035e35b e-con-full e-flex e-con e-parent\" data-id=\"035e35b\" data-element_type=\"container\" data-e-type=\"container\" data-settings=\"{&quot;background_background&quot;:&quot;classic&quot;}\">\n\t\t<div class=\"elementor-element elementor-element-c28b3c9 e-flex e-con-boxed e-con e-child\" data-id=\"c28b3c9\" data-element_type=\"container\" data-e-type=\"container\" data-settings=\"{&quot;background_background&quot;:&quot;classic&quot;}\">\n\t\t\t\t\t<div class=\"e-con-inner\">\n\t\t<div class=\"elementor-element elementor-element-96ff794 e-grid e-con-full e-con e-child\" data-id=\"96ff794\" data-element_type=\"container\" data-e-type=\"container\">\n\t\t<div class=\"elementor-element elementor-element-759bf24 e-con-full e-flex e-con e-child\" data-id=\"759bf24\" data-element_type=\"container\" data-e-type=\"container\">\n\t\t\t\t<div class=\"elementor-element elementor-element-2c3694d elementor-widget elementor-widget-text-editor\" data-id=\"2c3694d\" data-element_type=\"widget\" data-e-type=\"widget\" data-widget_type=\"text-editor.default\">\n\t\t\t\t\t\t\t\t\t<div id=\"_rich_text-315-962\" class=\"oxy-rich-text\"><p><strong>G\u00fcnl\u00fck ya\u015famda destek ve asistans hizmetleri size yard\u0131mc\u0131 olabilir. B\u00f6ylece evde ya\u015fayabilirsiniz.<\/strong> Destek ve asistans ile. Bu destek, bak\u0131m veren yak\u0131nlar\u0131 da rahatlat\u0131r. <\/p><p><strong style=\"background-color: rgba(0, 0, 0, 0); letter-spacing: 0px;\">Almanya\u2019daki sosyal sistem, bak\u0131m ihtiyac\u0131 olan, engelli veya kronik hastal\u0131\u011f\u0131 olan ki\u015filer i\u00e7in hizmetleri finanse eder.<\/strong><span style=\"background-color: rgba(0, 0, 0, 0); letter-spacing: 0px;\"> Engellilik riski bulunan ki\u015filer de hizmetler i\u00e7in ba\u015fvuruda bulunabilir.<\/span><\/p><p>Herkesin evinde onur i\u00e7inde ya\u015fayabilmesi gerekir.<\/p><\/div>\t\t\t\t\t\t\t\t<\/div>\n\t\t\t\t<\/div>\n\t\t<div class=\"elementor-element elementor-element-3477f03 e-con-full e-flex e-con e-child\" data-id=\"3477f03\" data-element_type=\"container\" data-e-type=\"container\">\n\t\t\t\t<div class=\"elementor-element elementor-element-46010b9 elementor-widget elementor-widget-image\" data-id=\"46010b9\" data-element_type=\"widget\" data-e-type=\"widget\" data-widget_type=\"image.default\">\n\t\t\t\t\t\t\t\t\t\t\t\t\t\t\t<img decoding=\"async\" width=\"775\" height=\"803\" src=\"https:\/\/northeim-assistenz-portal.de\/wp-content\/uploads\/assistenz-portal-northeim-iStock-1456028865-1.jpg\" class=\"attachment-large size-large wp-image-1221\" alt=\"\" srcset=\"https:\/\/northeim-assistenz-portal.de\/wp-content\/uploads\/assistenz-portal-northeim-iStock-1456028865-1.jpg 775w, https:\/\/northeim-assistenz-portal.de\/wp-content\/uploads\/assistenz-portal-northeim-iStock-1456028865-1-579x600.jpg 579w, https:\/\/northeim-assistenz-portal.de\/wp-content\/uploads\/assistenz-portal-northeim-iStock-1456028865-1-768x796.jpg 768w\" sizes=\"(max-width: 775px) 100vw, 775px\" \/>\t\t\t\t\t\t\t\t\t\t\t\t\t\t\t<\/div>\n\t\t\t\t<\/div>\n\t\t\t\t<\/div>\n\t\t\t\t\t<\/div>\n\t\t\t\t<\/div>\n\t\t\t\t<\/div>\n\t\t<div class=\"elementor-element elementor-element-d04d1af e-con-full e-flex e-con e-parent\" data-id=\"d04d1af\" data-element_type=\"container\" data-e-type=\"container\">\n\t\t<div class=\"elementor-element elementor-element-965fa0f e-flex e-con-boxed e-con e-child\" data-id=\"965fa0f\" data-element_type=\"container\" data-e-type=\"container\">\n\t\t\t\t\t<div class=\"e-con-inner\">\n\t\t<div class=\"elementor-element elementor-element-15e26a5 e-con e-atomic-element e-flexbox-base e-15e26a5-217f68d \" data-id=\"15e26a5\" data-element_type=\"e-flexbox\" data-e-type=\"e-flexbox\" data-interaction-id=\"15e26a5\" data-e-type=\"e-flexbox\" data-id=\"15e26a5\">\n    \t\t<div class=\"elementor-element elementor-element-e1b97fb elementor-widget elementor-widget-heading\" data-id=\"e1b97fb\" data-element_type=\"widget\" data-e-type=\"widget\" data-widget_type=\"heading.default\">\n\t\t\t\t\t<h2 class=\"elementor-heading-title elementor-size-default\">Hangi durum size uyuyor: <\/h2>\t\t\t\t<\/div>\n\t\t\t\t<div class=\"elementor-element elementor-element-0ab13e7 elementor-widget elementor-widget-button\" data-id=\"0ab13e7\" data-element_type=\"widget\" data-e-type=\"widget\" data-widget_type=\"button.default\">\n\t\t\t\t\t\t\t\t\t\t<a class=\"elementor-button elementor-button-link elementor-size-sm\" href=\"#sie_haben_noch_keinen_pflegegrad\">\n\t\t\t\t\t\t<span class=\"elementor-button-content-wrapper\">\n\t\t\t\t\t\t\t\t\t<span class=\"elementor-button-text\">Hen\u00fcz bir bak\u0131m derecem (Pflegegrad) yok<\/span>\n\t\t\t\t\t<\/span>\n\t\t\t\t\t<\/a>\n\t\t\t\t\t\t\t\t<\/div>\n\t\t\t\t<div class=\"elementor-element elementor-element-532db9a elementor-widget elementor-widget-button\" data-id=\"532db9a\" data-element_type=\"widget\" data-e-type=\"widget\" data-widget_type=\"button.default\">\n\t\t\t\t\t\t\t\t\t\t<a class=\"elementor-button elementor-button-link elementor-size-sm\" href=\"#sie_haben_einen_pflegegrad\">\n\t\t\t\t\t\t<span class=\"elementor-button-content-wrapper\">\n\t\t\t\t\t\t\t\t\t<span class=\"elementor-button-text\">Bir bak\u0131m derecem (Pflegegrad) var<\/span>\n\t\t\t\t\t<\/span>\n\t\t\t\t\t<\/a>\n\t\t\t\t\t\t\t\t<\/div>\n\t\t\t\t<div class=\"elementor-element elementor-element-87934f3 elementor-widget elementor-widget-button\" data-id=\"87934f3\" data-element_type=\"widget\" data-e-type=\"widget\" data-widget_type=\"button.default\">\n\t\t\t\t\t\t\t\t\t\t<a class=\"elementor-button elementor-button-link elementor-size-sm\" href=\"#sie_haben_eine_behinderung\">\n\t\t\t\t\t\t<span class=\"elementor-button-content-wrapper\">\n\t\t\t\t\t\t\t\t\t<span class=\"elementor-button-text\">Tan\u0131nm\u0131\u015f a\u011f\u0131r engellili\u011fim var<\/span>\n\t\t\t\t\t<\/span>\n\t\t\t\t\t<\/a>\n\t\t\t\t\t\t\t\t<\/div>\n\t\t\t\t<div class=\"elementor-element elementor-element-216e5a8 elementor-widget elementor-widget-button\" data-id=\"216e5a8\" data-element_type=\"widget\" data-e-type=\"widget\" data-widget_type=\"button.default\">\n\t\t\t\t\t\t\t\t\t\t<a class=\"elementor-button elementor-button-link elementor-size-sm\" href=\"#wie_wird_eine_behinderung_festgestellt\">\n\t\t\t\t\t\t<span class=\"elementor-button-content-wrapper\">\n\t\t\t\t\t\t\t\t\t<span class=\"elementor-button-text\">Engellili\u011fim hen\u00fcz tespit edilmedi<\/span>\n\t\t\t\t\t<\/span>\n\t\t\t\t\t<\/a>\n\t\t\t\t\t\t\t\t<\/div>\n\t\t\n<\/div>\n\t\t\t<\/div>\n\t\t\t\t<\/div>\n\t\t\t\t<\/div>\n\t\t<div class=\"elementor-element elementor-element-2a4a411 e-con-full e-flex e-con e-parent\" data-id=\"2a4a411\" data-element_type=\"container\" data-e-type=\"container\" data-settings=\"{&quot;background_background&quot;:&quot;classic&quot;}\">\n\t\t<div class=\"elementor-element elementor-element-c09e3de e-flex e-con-boxed e-con e-child\" data-id=\"c09e3de\" data-element_type=\"container\" data-e-type=\"container\">\n\t\t\t\t\t<div class=\"e-con-inner\">\n\t\t<div class=\"elementor-element elementor-element-ad840e2 e-con e-atomic-element e-flexbox-base e-ad840e2-4f3d48b \" data-id=\"ad840e2\" data-element_type=\"e-flexbox\" data-e-type=\"e-flexbox\" data-interaction-id=\"ad840e2\" data-e-type=\"e-flexbox\" data-id=\"ad840e2\">\n    \t\t<div class=\"elementor-element elementor-element-01dd333 elementor-widget elementor-widget-menu-anchor\" data-id=\"01dd333\" data-element_type=\"widget\" data-e-type=\"widget\" data-widget_type=\"menu-anchor.default\">\n\t\t\t\t\t\t\t<div class=\"elementor-menu-anchor\" id=\"henz-bir-bakim-dereceniz-yok\"><\/div>\n\t\t\t\t\t\t<\/div>\n\t\t\t\t<div class=\"elementor-element elementor-element-96467b6 elementor-widget elementor-widget-heading\" data-id=\"96467b6\" data-element_type=\"widget\" data-e-type=\"widget\" data-widget_type=\"heading.default\">\n\t\t\t\t\t<h2 class=\"elementor-heading-title elementor-size-default\">Bir bak\u0131m dereceniz (Pflegegrad) yok. Bak\u0131m derecesine (Pflegegrad) \u015f\u00f6yle ba\u015fvurursunuz: <\/h2>\t\t\t\t<\/div>\n\t\t\t\t<div class=\"elementor-element elementor-element-3db9380 elementor-widget elementor-widget-text-editor\" data-id=\"3db9380\" data-element_type=\"widget\" data-e-type=\"widget\" data-widget_type=\"text-editor.default\">\n\t\t\t\t\t\t\t\t\t<p>Yasal sa\u011fl\u0131k sigortan\u0131z ayn\u0131 zamanda \nbak\u0131m sigortan\u0131zd\u0131r (Pflegekasse). Arayabilirsiniz. Ya da bir e-posta \nveya mektup yazabilirsiniz. Ard\u0131ndan bak\u0131m sigortas\u0131 (Pflegekasse) size bir \nba\u015fvuru formu g\u00f6nderir. Formu doldurup geri g\u00f6nderirsiniz. \nBaz\u0131 bak\u0131m sigortalar\u0131nda ba\u015fvuru formu web sitesinde yer al\u0131r.     <\/p><p>Bak\u0131m sigortas\u0131 (Pflegekasse)\n size iki hafta i\u00e7inde bir \nde\u011ferlendirme i\u00e7in randevu \u00f6nermek zorundad\u0131r. De\u011ferlendirme i\u00e7in T\u0131bbi \nHizmet (Medizinischer Dienst) evinize gelir. Rapor, \nbak\u0131m derecesi (Pflegegrad) hakk\u0131nda karar verir.  <\/p><p>\u015eu \u00f6nerilir: \nYak\u0131nlar veya refakat\u00e7iler, \nT\u0131bbi Hizmet (Medizinischer Dienst) ile yap\u0131lan randevuda haz\u0131r bulunmal\u0131d\u0131r. B\u00f6ylece t\u00fcm \nverilerin do\u011fru kaydedilmesi daha olas\u0131d\u0131r. Ve bak\u0131m derecesinin (Pflegegrad) \u00e7ok d\u00fc\u015f\u00fck \nde\u011ferlendirilmemesi sa\u011flan\u0131r.  <\/p><p>\u015eu durum olabilir: Raporla ayn\u0131 fikirde de\u011filsiniz. Bu durumda itiraz edebilirsiniz. <\/p><p>Dan\u0131\u015fmanl\u0131k alabilirsiniz.<\/p>\t\t\t\t\t\t\t\t<\/div>\n\t\t\t\t<div class=\"elementor-element elementor-element-722218a elementor-widget elementor-widget-button\" data-id=\"722218a\" data-element_type=\"widget\" data-e-type=\"widget\" data-widget_type=\"button.default\">\n\t\t\t\t\t\t\t\t\t\t<a class=\"elementor-button elementor-button-link elementor-size-sm\" href=\"#\/wo-finde-ich-beratung-zu-assistenz\/\">\n\t\t\t\t\t\t<span class=\"elementor-button-content-wrapper\">\n\t\t\t\t\t\t\t\t\t<span class=\"elementor-button-text\">Dan\u0131\u015fmanl\u0131k merkezleri<\/span>\n\t\t\t\t\t<\/span>\n\t\t\t\t\t<\/a>\n\t\t\t\t\t\t\t\t<\/div>\n\t\t\n<\/div>\n\t\t\t<\/div>\n\t\t\t\t<\/div>\n\t\t\t\t<\/div>\n\t\t<div class=\"elementor-element elementor-element-49a552c e-con-full e-flex e-con e-parent\" data-id=\"49a552c\" data-element_type=\"container\" data-e-type=\"container\">\n\t\t<div class=\"elementor-element elementor-element-7dd5a9a e-flex e-con-boxed e-con e-child\" data-id=\"7dd5a9a\" data-element_type=\"container\" data-e-type=\"container\">\n\t\t\t\t\t<div class=\"e-con-inner\">\n\t\t\t\t<div class=\"elementor-element elementor-element-b313543 elementor-widget elementor-widget-menu-anchor\" data-id=\"b313543\" data-element_type=\"widget\" data-e-type=\"widget\" data-widget_type=\"menu-anchor.default\">\n\t\t\t\t\t\t\t<div class=\"elementor-menu-anchor\" id=\"bir-engeliniz-var\"><\/div>\n\t\t\t\t\t\t<\/div>\n\t\t\t\t\t<h2 data-interaction-id=\"9bb3310\" class=\"e-9bb3310-057dd69 e-heading-base\" data-e-type=\"widget\" data-id=\"9bb3310\">Tan\u0131nm\u0131\u015f bir engeliniz var.<br\/>Ya da engellilik riski alt\u0131ndas\u0131n\u0131z.<\/h2>\n\t\t<div class=\"elementor-element elementor-element-7adf756 e-grid e-con-full e-con e-child\" data-id=\"7adf756\" data-element_type=\"container\" data-e-type=\"container\">\n\t\t<div class=\"elementor-element elementor-element-c61da27 e-con-full e-flex e-con e-child\" data-id=\"c61da27\" data-element_type=\"container\" data-e-type=\"container\">\n\t\t\t\t<div class=\"elementor-element elementor-element-a25fe3b elementor-widget elementor-widget-image\" data-id=\"a25fe3b\" data-element_type=\"widget\" data-e-type=\"widget\" data-widget_type=\"image.default\">\n\t\t\t\t\t\t\t\t\t\t\t\t\t\t\t<img decoding=\"async\" width=\"1280\" height=\"722\" src=\"https:\/\/northeim-assistenz-portal.de\/wp-content\/uploads\/assistenz-portal-northeim-iStock-1044759660-1.jpg\" class=\"attachment-full size-full wp-image-1222\" alt=\"Orta ya\u015fl\u0131 bir kad\u0131n, bir oturma odas\u0131n\u0131n zemininde bir gen\u00e7 k\u0131zla oturuyor. Kad\u0131n, k\u0131z\u0131n elini tutuyor.\" srcset=\"https:\/\/northeim-assistenz-portal.de\/wp-content\/uploads\/assistenz-portal-northeim-iStock-1044759660-1.jpg 1280w, https:\/\/northeim-assistenz-portal.de\/wp-content\/uploads\/assistenz-portal-northeim-iStock-1044759660-1-600x338.jpg 600w, https:\/\/northeim-assistenz-portal.de\/wp-content\/uploads\/assistenz-portal-northeim-iStock-1044759660-1-768x433.jpg 768w\" sizes=\"(max-width: 1280px) 100vw, 1280px\" \/>\t\t\t\t\t\t\t\t\t\t\t\t\t\t\t<\/div>\n\t\t\t\t<\/div>\n\t\t<div class=\"elementor-element elementor-element-418f132 e-con-full e-flex e-con e-child\" data-id=\"418f132\" data-element_type=\"container\" data-e-type=\"container\">\n\t\t\t\t\t<p class=\"e-dc24389-ee1fee6 e-paragraph-base\" data-interaction-id=\"dc24389\" data-e-type=\"widget\" data-id=\"dc24389\">Engelli ki\u015filer veya engellilik riski alt\u0131ndaki ki\u015filer, Sosyal Kanun Kitab\u0131 9 (SGB IX) kapsam\u0131nda hizmetler alabilir.<br><br>Buna asistans hizmetleri de dahildir. Asistans hizmetleri i\u00e7in ba\u015fvuru yap\u0131lmal\u0131d\u0131r. <\/p>\n\t\t\t\t<\/div>\n\t\t\t\t<\/div>\n\t\t<div class=\"elementor-element elementor-element-133f63a e-con e-atomic-element e-flexbox-base e-133f63a-73533db \" data-id=\"133f63a\" data-element_type=\"e-flexbox\" data-e-type=\"e-flexbox\" data-interaction-id=\"133f63a\" data-e-type=\"e-flexbox\" data-id=\"133f63a\">\n    \t\t<div class=\"elementor-element elementor-element-97ca383 elementor-view-framed elementor-shape-circle elementor-widget elementor-widget-icon\" data-id=\"97ca383\" data-element_type=\"widget\" data-e-type=\"widget\" data-widget_type=\"icon.default\">\n\t\t\t\t\t\t\t<div class=\"elementor-icon-wrapper\">\n\t\t\t<div class=\"elementor-icon\">\n\t\t\t<svg aria-hidden=\"true\" class=\"e-font-icon-svg e-fas-book\" viewBox=\"0 0 448 512\" xmlns=\"http:\/\/www.w3.org\/2000\/svg\"><path d=\"M448 360V24c0-13.3-10.7-24-24-24H96C43 0 0 43 0 96v320c0 53 43 96 96 96h328c13.3 0 24-10.7 24-24v-16c0-7.5-3.5-14.3-8.9-18.7-4.2-15.4-4.2-59.3 0-74.7 5.4-4.3 8.9-11.1 8.9-18.6zM128 134c0-3.3 2.7-6 6-6h212c3.3 0 6 2.7 6 6v20c0 3.3-2.7 6-6 6H134c-3.3 0-6-2.7-6-6v-20zm0 64c0-3.3 2.7-6 6-6h212c3.3 0 6 2.7 6 6v20c0 3.3-2.7 6-6 6H134c-3.3 0-6-2.7-6-6v-20zm253.4 250H96c-17.7 0-32-14.3-32-32 0-17.6 14.4-32 32-32h285.4c-1.9 17.1-1.9 46.9 0 64z\"><\/path><\/svg>\t\t\t<\/div>\n\t\t<\/div>\n\t\t\t\t\t\t<\/div>\n\t\t\t\t<div class=\"elementor-element elementor-element-b698002 elementor-widget elementor-widget-heading\" data-id=\"b698002\" data-element_type=\"widget\" data-e-type=\"widget\" data-widget_type=\"heading.default\">\n\t\t\t\t\t<h3 class=\"elementor-heading-title elementor-size-default\">Kanun \u015f\u00f6yle der:<\/h3>\t\t\t\t<\/div>\n\t\t\t\t<div class=\"elementor-element elementor-element-6701dcc elementor-widget elementor-widget-text-editor\" data-id=\"6701dcc\" data-element_type=\"widget\" data-e-type=\"widget\" data-widget_type=\"text-editor.default\">\n\t\t\t\t\t\t\t\t\t<p>Engelli ki\u015filerin toplum ya\u015fam\u0131na kendi kaderini tayin etmesi ve tam, etkili ve e\u015fit kat\u0131l\u0131m\u0131 desteklenmelidir. Dezavantajlar \u00f6nlenmelidir. Ve dezavantajlarla m\u00fccadele edilmelidir.  <\/p>\t\t\t\t\t\t\t\t<\/div>\n\t\t\n<\/div>\n\t\t<div class=\"elementor-element elementor-element-6bf305a elementor-widget elementor-widget-text-editor\" data-id=\"6bf305a\" data-element_type=\"widget\" data-e-type=\"widget\" data-widget_type=\"text-editor.default\">\n\t\t\t\t\t\t\t\t\t<p>Asistans buna \u00f6nemli bir katk\u0131 sa\u011flayabilir. Asistans, toplumsal ya\u015fama kat\u0131l\u0131m\u0131 m\u00fcmk\u00fcn k\u0131labilir. <\/p><p><strong>Engelli ki\u015filerin asistans hizmetlerine hakk\u0131 vard\u0131r. E\u011fer bununla toplumsal ya\u015fama kat\u0131l\u0131mlar\u0131 desteklenebiliyorsa. <\/strong><\/p>\t\t\t\t\t\t\t\t<\/div>\n\t\t\t\t\t<\/div>\n\t\t\t\t<\/div>\n\t\t\t\t<\/div>\n\t\t<div class=\"elementor-element elementor-element-01073e7 e-con-full e-flex e-con e-parent\" data-id=\"01073e7\" data-element_type=\"container\" data-e-type=\"container\" data-settings=\"{&quot;background_background&quot;:&quot;classic&quot;}\">\n\t\t<div class=\"elementor-element elementor-element-91e1f7f e-flex e-con-boxed e-con e-child\" data-id=\"91e1f7f\" data-element_type=\"container\" data-e-type=\"container\" data-settings=\"{&quot;background_background&quot;:&quot;classic&quot;}\">\n\t\t\t\t\t<div class=\"e-con-inner\">\n\t\t\t\t<div class=\"elementor-element elementor-element-f3292c3 elementor-widget elementor-widget-menu-anchor\" data-id=\"f3292c3\" data-element_type=\"widget\" data-e-type=\"widget\" data-widget_type=\"menu-anchor.default\">\n\t\t\t\t\t\t\t<div class=\"elementor-menu-anchor\" id=\"engellilik-nasil-tespit-edilir\"><\/div>\n\t\t\t\t\t\t<\/div>\n\t\t\t\t<div class=\"elementor-element elementor-element-b5f46af elementor-widget elementor-widget-heading\" data-id=\"b5f46af\" data-element_type=\"widget\" data-e-type=\"widget\" data-widget_type=\"heading.default\">\n\t\t\t\t\t<h3 class=\"elementor-heading-title elementor-size-default\">\u015eu nas\u0131l tespit edilir: Engelim var m\u0131?<\/h3>\t\t\t\t<\/div>\n\t\t\t\t<div class=\"elementor-element elementor-element-d330f04 elementor-widget elementor-widget-text-editor\" data-id=\"d330f04\" data-element_type=\"widget\" data-e-type=\"widget\" data-widget_type=\"text-editor.default\">\n\t\t\t\t\t\t\t\t\t<p>Asistans hizmetleri i\u00e7in ba\u015fvuruda bulunursunuz. Ard\u0131ndan yetkili rehabilitasyon kurumu (Reha-Tr\u00e4ger) \u015fu konuyu inceler:<br\/>Engeliniz var m\u0131? Ya da engellilik riski alt\u0131nda m\u0131s\u0131n\u0131z?  <\/p><p><span style=\"background-color: rgba(0, 0, 0, 0); letter-spacing: 0px;\">Ba\u015fka bir yol daha vard\u0131r: A\u011f\u0131r engellilik tan\u0131nmas\u0131 i\u00e7in ba\u015fvuruda bulunabilirsiniz.<\/span><\/p><p>Asistans ba\u015fvurusu i\u00e7in <strong>a\u011f\u0131r engelli kimli\u011fine ihtiyac\u0131n\u0131z yoktur.<\/strong><\/p>\t\t\t\t\t\t\t\t<\/div>\n\t\t<div class=\"elementor-element elementor-element-a9aa195 e-con e-atomic-element e-flexbox-base e-a9aa195-e5a958e \" data-id=\"a9aa195\" data-element_type=\"e-flexbox\" data-e-type=\"e-flexbox\" data-interaction-id=\"a9aa195\" data-e-type=\"e-flexbox\" data-id=\"a9aa195\">\n    \t\t<div class=\"elementor-element elementor-element-6dd60c4 elementor-view-framed elementor-shape-circle elementor-widget elementor-widget-icon\" data-id=\"6dd60c4\" data-element_type=\"widget\" data-e-type=\"widget\" data-widget_type=\"icon.default\">\n\t\t\t\t\t\t\t<div class=\"elementor-icon-wrapper\">\n\t\t\t<div class=\"elementor-icon\">\n\t\t\t<svg aria-hidden=\"true\" class=\"e-font-icon-svg e-fas-book\" viewBox=\"0 0 448 512\" xmlns=\"http:\/\/www.w3.org\/2000\/svg\"><path d=\"M448 360V24c0-13.3-10.7-24-24-24H96C43 0 0 43 0 96v320c0 53 43 96 96 96h328c13.3 0 24-10.7 24-24v-16c0-7.5-3.5-14.3-8.9-18.7-4.2-15.4-4.2-59.3 0-74.7 5.4-4.3 8.9-11.1 8.9-18.6zM128 134c0-3.3 2.7-6 6-6h212c3.3 0 6 2.7 6 6v20c0 3.3-2.7 6-6 6H134c-3.3 0-6-2.7-6-6v-20zm0 64c0-3.3 2.7-6 6-6h212c3.3 0 6 2.7 6 6v20c0 3.3-2.7 6-6 6H134c-3.3 0-6-2.7-6-6v-20zm253.4 250H96c-17.7 0-32-14.3-32-32 0-17.6 14.4-32 32-32h285.4c-1.9 17.1-1.9 46.9 0 64z\"><\/path><\/svg>\t\t\t<\/div>\n\t\t<\/div>\n\t\t\t\t\t\t<\/div>\n\t\t\t\t<div class=\"elementor-element elementor-element-544f92a elementor-widget elementor-widget-heading\" data-id=\"544f92a\" data-element_type=\"widget\" data-e-type=\"widget\" data-widget_type=\"heading.default\">\n\t\t\t\t\t<h3 class=\"elementor-heading-title elementor-size-default\"><h3>Sosyal Kanun Kitab\u0131 9 (SGB IX) \u015fu soruya ili\u015fkin \u015f\u00f6yle der: Kim engellidir?<span style=\"font-family: inherit;letter-spacing: -0.8px\"><\/span><\/h3><\/h3>\t\t\t\t<\/div>\n\t\t\t\t<div class=\"elementor-element elementor-element-e5f0060 elementor-widget elementor-widget-text-editor\" data-id=\"e5f0060\" data-element_type=\"widget\" data-e-type=\"widget\" data-widget_type=\"text-editor.default\">\n\t\t\t\t\t\t\t\t\t<p>\u00a7 2 Tan\u0131mlar<\/p><p>(1) Engelli ki\u015filer; bedensel, ruhsal, zihinsel veya duyusal bozukluklar\u0131 bulunan ve bu bozukluklar\u0131n, tutum ve \u00e7evre kaynakl\u0131 engellerle etkile\u015fim i\u00e7inde, toplum ya\u015fam\u0131na e\u015fit kat\u0131l\u0131mlar\u0131n\u0131 y\u00fcksek olas\u0131l\u0131kla alt\u0131 aydan uzun s\u00fcre engelleyebilece\u011fi ki\u015filerdir. 1. c\u00fcmleye g\u00f6re bir bozukluk, beden ve sa\u011fl\u0131k durumunun ya\u015fa \u00f6zg\u00fc tipik durumdan sapmas\u0131 halinde s\u00f6z konusudur. 1. c\u00fcmleye g\u00f6re bir bozuklu\u011fun beklenmesi halinde ki\u015filer engellilik riski alt\u0131ndad\u0131r.  <\/p>\t\t\t\t\t\t\t\t<\/div>\n\t\t\n<\/div>\n<div class=\"elementor-element elementor-element-e923675 e-grid e-con-full e-con e-child\" data-id=\"e923675\" data-element_type=\"container\" data-e-type=\"container\">\n\t\t<div class=\"elementor-element elementor-element-492842e e-con-full e-flex e-con e-child\" data-id=\"492842e\" data-element_type=\"container\" data-e-type=\"container\">\n\t\t\t\t<div class=\"elementor-element elementor-element-6420740 elementor-widget elementor-widget-text-editor\" data-id=\"6420740\" data-element_type=\"widget\" data-e-type=\"widget\" data-widget_type=\"text-editor.default\">\n\t\t\t\t\t\t\t\t\t<div id=\"_rich_text-261-962\" class=\"oxy-rich-text\"><p><strong>A\u00e7\u0131kl\u0131\u011fa kavu\u015fturmak i\u00e7in yetkili rehabilitasyon kurumu (Reha-Tr\u00e4ger) bilgi toplar:<\/strong><\/p><\/div><div id=\"_rich_text-305-962\" class=\"oxy-rich-text\"><ul><li>Uzman hekim raporlar\u0131<\/li><li>Bak\u0131m derecesi (Pflegegrad)<\/li><li>Tan\u0131nm\u0131\u015f a\u011f\u0131r engellilik<\/li><li>Sa\u011fl\u0131k dairesi veya bir t\u0131bbi hizmet taraf\u0131ndan de\u011ferlendirme<\/li><\/ul><p> <\/p><p><strong>\u00d6nemli: <\/strong>Sadece engellilik de\u011ferlendirilmez. Engellilik nedeniyle toplumsal ya\u015fama kat\u0131l\u0131m\u0131n k\u0131s\u0131tlanmas\u0131 da de\u011ferlendirilir. Ve toplumdaki engeller nedeniyle toplumsal ya\u015fama kat\u0131l\u0131m\u0131n k\u0131s\u0131tlanmas\u0131 da de\u011ferlendirilir.  <\/p><\/div>\t\t\t\t\t\t\t\t<\/div>\n\t\t\t\t<\/div>\n\t\t<div class=\"elementor-element elementor-element-625c9bf e-con-full e-flex e-con e-child\" data-id=\"625c9bf\" data-element_type=\"container\" data-e-type=\"container\">\n\t\t\t\t<div class=\"elementor-element elementor-element-9171f81 elementor-widget elementor-widget-image\" data-id=\"9171f81\" data-element_type=\"widget\" data-e-type=\"widget\" data-widget_type=\"image.default\">\n\t\t\t\t\t\t\t\t\t\t\t\t\t\t\t<img decoding=\"async\" width=\"800\" height=\"800\" src=\"https:\/\/northeim-assistenz-portal.de\/wp-content\/uploads\/assistenz-portal-northeim-iStock-1400209580-Konvertiert-1-1600x1600.jpg\" class=\"attachment-large size-large wp-image-1049\" alt=\"\u00dczerinde maddelerin i\u015faretlenebildi\u011fi bir liste bulunan \u00e7izim.\" srcset=\"https:\/\/northeim-assistenz-portal.de\/wp-content\/uploads\/assistenz-portal-northeim-iStock-1400209580-Konvertiert-1-1600x1600.jpg 1600w, https:\/\/northeim-assistenz-portal.de\/wp-content\/uploads\/assistenz-portal-northeim-iStock-1400209580-Konvertiert-1-600x600.jpg 600w, https:\/\/northeim-assistenz-portal.de\/wp-content\/uploads\/assistenz-portal-northeim-iStock-1400209580-Konvertiert-1-150x150.jpg 150w, https:\/\/northeim-assistenz-portal.de\/wp-content\/uploads\/assistenz-portal-northeim-iStock-1400209580-Konvertiert-1-768x768.jpg 768w, https:\/\/northeim-assistenz-portal.de\/wp-content\/uploads\/assistenz-portal-northeim-iStock-1400209580-Konvertiert-1-1536x1536.jpg 1536w, https:\/\/northeim-assistenz-portal.de\/wp-content\/uploads\/assistenz-portal-northeim-iStock-1400209580-Konvertiert-1.jpg 2000w\" sizes=\"(max-width: 800px) 100vw, 800px\" \/>\t\t\t\t\t\t\t\t\t\t\t\t\t\t\t<\/div>\n\t\t\t\t<\/div>\n\t\t\t\t<div class=\"elementor-element elementor-element-cde5c72 elementor-widget elementor-widget-button\" data-id=\"cde5c72\" data-element_type=\"widget\" data-e-type=\"widget\" data-widget_type=\"button.default\">\n\t\t\t\t\t\t\t\t\t\t<a class=\"elementor-button elementor-button-link elementor-size-sm\" href=\"https:\/\/northeim-assistenz-portal.de\/tr\/asistanlik-konusunda-danismanligi-nerede-bulabilirim\/\" target=\"_blank\">\n\t\t\t\t\t\t<span class=\"elementor-button-content-wrapper\">\n\t\t\t\t\t\t\t\t\t<span class=\"elementor-button-text\">Dan\u0131\u015fmanl\u0131\u011f\u0131 nerede bulabilirim?<\/span>\n\t\t\t\t\t<\/span>\n\t\t\t\t\t<\/a>\n\t\t\t\t\t\t\t\t<\/div>\n\t\t\t\t<div class=\"elementor-element elementor-element-0b62ed6 elementor-widget elementor-widget-button\" data-id=\"0b62ed6\" data-element_type=\"widget\" data-e-type=\"widget\" data-widget_type=\"button.default\">\n\t\t\t\t\t\t\t\t\t\t<a class=\"elementor-button elementor-button-link elementor-size-sm\" href=\"https:\/\/soziales.niedersachsen.de\/startseite\/das_landesamt\/standorte\/hildesheim\/niedersachsisches-landesamt-fur-soziales-jugend-und-familie-hauptstelle-hildesheim-182512.html\" target=\"_blank\" rel=\"nofollow noopener\">\n\t\t\t\t\t\t<span class=\"elementor-button-content-wrapper\">\n\t\t\t\t\t\t\t\t\t<span class=\"elementor-button-text\">A\u011f\u0131r engellilik i\u00e7in ba\u015fvuru<\/span>\n\t\t\t\t\t<\/span>\n\t\t\t\t\t<\/a>\n\t\t\t\t\t\t\t\t<\/div>\n\t\t\t\t<div class=\"elementor-element elementor-element-6ca75e0 elementor-widget elementor-widget-button\" data-id=\"6ca75e0\" data-element_type=\"widget\" data-e-type=\"widget\" data-widget_type=\"button.default\">\n\t\t\t\t\t\t\t\t\t\t<a class=\"elementor-button elementor-button-link elementor-size-sm\" href=\"https:\/\/soziales.niedersachsen.de\/startseite\/menschen_mit_behinderung\/behinderung_und_ausweis\/antrage_informationen\/antragsformulare-und-merkblatter-109.html\" target=\"_blank\" rel=\"nofollow noopener\">\n\t\t\t\t\t\t<span class=\"elementor-button-content-wrapper\">\n\t\t\t\t\t\t\t\t\t<span class=\"elementor-button-text\">A\u011f\u0131r engellilik ba\u015fvuru formu<\/span>\n\t\t\t\t\t<\/span>\n\t\t\t\t\t<\/a>\n\t\t\t\t\t\t\t\t<\/div>\n\t\t\t\t<\/div>\n\t\t\t\t\t<\/div>\n\t\t\t\t<\/div>\n\t\t\t\t<\/div>\n\t\t<div class=\"elementor-element elementor-element-48cbc64 e-con-full e-flex e-con e-parent\" data-id=\"48cbc64\" data-element_type=\"container\" data-e-type=\"container\">\n\t\t<div class=\"elementor-element elementor-element-25011b7 e-flex e-con-boxed e-con e-child\" data-id=\"25011b7\" data-element_type=\"container\" data-e-type=\"container\">\n\t\t\t\t\t<div class=\"e-con-inner\">\n\t\t<div class=\"elementor-element elementor-element-9c3dd27 e-grid e-con-full e-con e-child\" data-id=\"9c3dd27\" data-element_type=\"container\" data-e-type=\"container\">\n\t\t<div class=\"elementor-element elementor-element-dc96ffa e-con-full e-flex e-con e-child\" data-id=\"dc96ffa\" data-element_type=\"container\" data-e-type=\"container\">\n\t\t\t\t<div class=\"elementor-element elementor-element-5e6e924 elementor-widget elementor-widget-image\" data-id=\"5e6e924\" data-element_type=\"widget\" data-e-type=\"widget\" data-widget_type=\"image.default\">\n\t\t\t\t\t\t\t\t\t\t\t\t\t\t\t<img decoding=\"async\" width=\"642\" height=\"853\" src=\"https:\/\/northeim-assistenz-portal.de\/wp-content\/uploads\/assistenz-portal-northeim-iStock-1268401222-1.jpg\" class=\"attachment-full size-full wp-image-1223\" alt=\"\u00d6n planda tekerlekli sandalyede oturan bir o\u011flan var. Arkas\u0131nda gen\u00e7 bir kad\u0131n ve onun arkas\u0131nda ya\u015fl\u0131 bir kad\u0131n duruyor. \u00dc\u00e7\u00fc de kollar\u0131n\u0131 iki yana a\u00e7m\u0131\u015f.\" srcset=\"https:\/\/northeim-assistenz-portal.de\/wp-content\/uploads\/assistenz-portal-northeim-iStock-1268401222-1.jpg 642w, https:\/\/northeim-assistenz-portal.de\/wp-content\/uploads\/assistenz-portal-northeim-iStock-1268401222-1-452x600.jpg 452w\" sizes=\"(max-width: 642px) 100vw, 642px\" \/>\t\t\t\t\t\t\t\t\t\t\t\t\t\t\t<\/div>\n\t\t\t\t<\/div>\n\t\t<div class=\"elementor-element elementor-element-20ceb14 e-con-full e-flex e-con e-child\" data-id=\"20ceb14\" data-element_type=\"container\" data-e-type=\"container\">\n\t\t\t\t\t<p class=\"e-97eae04-0f3e44a e-paragraph-base\" data-interaction-id=\"97eae04\" data-e-type=\"widget\" data-id=\"97eae04\">Engelli ki\u015filer i\u00e7in Sosyal Kanun Kitab\u0131 9 (SGB IX) kapsam\u0131nda topluma kazand\u0131rma yard\u0131m\u0131 hizmetlerini zaten al\u0131yorsunuz. Ya da \u0130\u015f Kurumu\u2019nun (Agentur f\u00fcr Arbeit) rehabilitasyon hizmetlerini al\u0131yorsunuz. Ya da emeklilik sigortas\u0131n\u0131n rehabilitasyon hizmetlerini al\u0131yorsunuz. \u00d6rne\u011fin engelli ki\u015filer i\u00e7in bir at\u00f6lyede \u00e7al\u0131\u015f\u0131yorsunuz. Ya da hareketlilik i\u00e7in yard\u0131mlar ald\u0131n\u0131z. Ya da Destekli \u0130stihdam kapsam\u0131nda bir programa kat\u0131l\u0131yorsunuz. Ya da\u2026    <br><br><strong id=\"e-mr8zqa8t-kdpd9wo\">Bu durumda yetkili rehabilitasyon kurumu (Reha-Tr\u00e4ger) engellili\u011finizle ilgili konuyu zaten a\u00e7\u0131kl\u0131\u011fa kavu\u015fturmu\u015ftur. Asistans hizmetleri ba\u015fvurusunun \u00f6n\u00fcnde hi\u00e7bir engel yoktur. <\/strong><\/p>\n\t\t\t\t<\/div>\n\t\t\t\t<\/div>\n\t\t\t\t\t<\/div>\n\t\t\t\t<\/div>\n\t\t\t\t<\/div>\n\t\t<div class=\"elementor-element elementor-element-2fbd5a1 e-con-full e-flex e-con e-parent\" data-id=\"2fbd5a1\" data-element_type=\"container\" data-e-type=\"container\" data-settings=\"{&quot;background_background&quot;:&quot;classic&quot;}\">\n\t\t<div class=\"elementor-element elementor-element-272bc22 e-flex e-con-boxed e-con e-child\" data-id=\"272bc22\" data-element_type=\"container\" data-e-type=\"container\">\n\t\t\t\t\t<div class=\"e-con-inner\">\n\t\t\t\t<div class=\"elementor-element elementor-element-fb7d34a elementor-widget elementor-widget-menu-anchor\" data-id=\"fb7d34a\" data-element_type=\"widget\" data-e-type=\"widget\" data-widget_type=\"menu-anchor.default\">\n\t\t\t\t\t\t\t<div class=\"elementor-menu-anchor\" id=\"bir-bakim-dereceniz-var\"><\/div>\n\t\t\t\t\t\t<\/div>\n\t\t\t\t<div class=\"elementor-element elementor-element-b5613e5 elementor-widget elementor-widget-heading\" data-id=\"b5613e5\" data-element_type=\"widget\" data-e-type=\"widget\" data-widget_type=\"heading.default\">\n\t\t\t\t\t<h2 class=\"elementor-heading-title elementor-size-default\">Bir bak\u0131m dereceniz (Pflegegrad) var<\/h2>\t\t\t\t<\/div>\n\t\t\t\t<div class=\"elementor-element elementor-element-af3c818 elementor-widget elementor-widget-text-editor\" data-id=\"af3c818\" data-element_type=\"widget\" data-e-type=\"widget\" data-widget_type=\"text-editor.default\">\n\t\t\t\t\t\t\t\t\t<p>Evde ya\u015f\u0131yorsunuz ve yak\u0131nlar\u0131n\u0131z ve\/veya bir bak\u0131m hizmeti taraf\u0131ndan destekleniyorsunuz. Bak\u0131m sigortas\u0131 size 1 ile 5 aras\u0131nda bir bak\u0131m derecesi (Pflegegrad) tan\u0131m\u0131\u015ft\u0131r. <\/p><p>Bak\u0131m derecesi (Pflegegrad) 1\u2019den itibaren, <strong>bak\u0131m, rahatlatma veya ev i\u015flerinde yard\u0131m i\u00e7in ayda 131 avro<\/strong> kullanabilirsiniz (<strong>rahatlatma \u00f6dene\u011fi<\/strong>).<\/p><p>Bak\u0131m derecesi (Pflegegrad) 2\u2019den itibaren <strong>ortak y\u0131ll\u0131k tutar<\/strong> hakk\u0131n\u0131z vard\u0131r (01.07.2025\u2019ten itibaren engel nedeniyle bak\u0131m ve k\u0131sa s\u00fcreli bak\u0131m tek bir ortak y\u0131ll\u0131k tutarda birle\u015ftirilmi\u015ftir). Bu hizmeti esnek \u015fekilde kullanabilir ve asistans hizmetleri gibi de\u011ferlendirebilirsiniz. <\/p><p>Bak\u0131m derecesi (Pflegegrad) 2 ile 5 olan ki\u015filer ayr\u0131ca ayni bak\u0131m hizmetleri (Pflegesachleistungen) de al\u0131r. Ayni bak\u0131m hizmetlerinin %40\u2019\u0131n\u0131 asistans hizmetlerine d\u00f6n\u00fc\u015ft\u00fcrebilirsiniz (<strong>d\u00f6n\u00fc\u015ft\u00fcrme hakk\u0131<\/strong>). Bak\u0131m paras\u0131n\u0131 (Pflegegeld) nakit olarak m\u0131 al\u0131yorsunuz? O zaman da d\u00f6n\u00fc\u015ft\u00fcrmeden yararlanabilirsiniz. B\u00f6ylece g\u00fcnl\u00fck ya\u015famda asistans i\u00e7in daha fazla paran\u0131z olur.    <\/p>\t\t\t\t\t\t\t\t<\/div>\n\t\t<div class=\"elementor-element elementor-element-0467c44 e-con e-atomic-element e-flexbox-base e-0467c44-2895f2e \" data-id=\"0467c44\" data-element_type=\"e-flexbox\" data-e-type=\"e-flexbox\" data-interaction-id=\"0467c44\" data-e-type=\"e-flexbox\" data-id=\"0467c44\">\n    \t\t<div class=\"elementor-element elementor-element-8ed27d7 elementor-widget elementor-widget-heading\" data-id=\"8ed27d7\" data-element_type=\"widget\" data-e-type=\"widget\" data-widget_type=\"heading.default\">\n\t\t\t\t\t<h3 class=\"elementor-heading-title elementor-size-default\">D\u00f6n\u00fc\u015ft\u00fcrme hakk\u0131 ve bak\u0131m paras\u0131 (Pflegegeld) \u2013 Bir \u00f6rnek<\/h3>\t\t\t\t<\/div>\n\t\t\t\t<div class=\"elementor-element elementor-element-fbe529b elementor-widget elementor-widget-image\" data-id=\"fbe529b\" data-element_type=\"widget\" data-e-type=\"widget\" data-widget_type=\"image.default\">\n\t\t\t\t\t\t\t\t\t\t\t\t\t\t\t<img decoding=\"async\" width=\"600\" height=\"600\" src=\"https:\/\/northeim-assistenz-portal.de\/wp-content\/uploads\/BarriereScouts_Sozialheldinnen_Foto_Andi_Weiland-11_original2-600x600.jpg\" class=\"attachment-medium size-medium wp-image-1153\" alt=\"Tekerlekli sandalyedeki gen\u00e7 bir kad\u0131n bir mutfak tezg\u00e2h\u0131n\u0131n \u00f6n\u00fcnde duruyor. Erkek bir asistans g\u00f6revlisi, gen\u00e7 kad\u0131na bu dolaptan bir \u015fey uzatmak i\u00e7in \u00fcstteki bir dolab\u0131n kapa\u011f\u0131n\u0131 a\u00e7\u0131yor.\" srcset=\"https:\/\/northeim-assistenz-portal.de\/wp-content\/uploads\/BarriereScouts_Sozialheldinnen_Foto_Andi_Weiland-11_original2-600x600.jpg 600w, https:\/\/northeim-assistenz-portal.de\/wp-content\/uploads\/BarriereScouts_Sozialheldinnen_Foto_Andi_Weiland-11_original2-1600x1600.jpg 1600w, https:\/\/northeim-assistenz-portal.de\/wp-content\/uploads\/BarriereScouts_Sozialheldinnen_Foto_Andi_Weiland-11_original2-150x150.jpg 150w, https:\/\/northeim-assistenz-portal.de\/wp-content\/uploads\/BarriereScouts_Sozialheldinnen_Foto_Andi_Weiland-11_original2-768x768.jpg 768w, https:\/\/northeim-assistenz-portal.de\/wp-content\/uploads\/BarriereScouts_Sozialheldinnen_Foto_Andi_Weiland-11_original2-1536x1536.jpg 1536w, https:\/\/northeim-assistenz-portal.de\/wp-content\/uploads\/BarriereScouts_Sozialheldinnen_Foto_Andi_Weiland-11_original2-2048x2048.jpg 2048w\" sizes=\"(max-width: 600px) 100vw, 600px\" \/>\t\t\t\t\t\t\t\t\t\t\t\t\t\t\t<\/div>\n\t\t\t\t<div class=\"elementor-element elementor-element-cbfd742 elementor-widget elementor-widget-text-editor\" data-id=\"cbfd742\" data-element_type=\"widget\" data-e-type=\"widget\" data-widget_type=\"text-editor.default\">\n\t\t\t\t\t\t\t\t\t<p>Maria\u2019n\u0131n hareketlili\u011fi k\u0131s\u0131tl\u0131d\u0131r. Engeli nedeniyle evi tek ba\u015f\u0131na terk etmekte zorlan\u0131r. D\u0131\u015far\u0131da her yerde engellerle kar\u015f\u0131la\u015f\u0131r. \u00d6rne\u011fin kald\u0131r\u0131m kenarlar\u0131 ve e\u015fikler. Maria\u2019n\u0131n bak\u0131m derecesi (Pflegegrad) 3\u2019t\u00fcr.     <\/p><p>G\u00fcnl\u00fck ya\u015famda destek i\u00e7in rahatlatma \u00f6dene\u011fini ve ortak y\u0131ll\u0131k tutar kapsam\u0131ndaki hizmetleri kullan\u0131r. \u00d6rne\u011fin al\u0131\u015fveri\u015fte refakat veya ev i\u015flerinde yard\u0131m. <span style=\"letter-spacing: 0px;\">Bu para buna yetmez. Ayl\u0131k ayni bak\u0131m hizmetlerinin %40\u2019\u0131n\u0131n g\u00fcnl\u00fck ya\u015famda destek hizmetlerine d\u00f6n\u00fc\u015ft\u00fcr\u00fclmesi i\u00e7in ba\u015fvurur. Bak\u0131m b\u00fct\u00e7esinin %60\u2019\u0131n\u0131 bak\u0131m paras\u0131 (Pflegegeld) olarak kullan\u0131r.<\/span> <\/p><p><strong>Bak\u0131m derecesi (Pflegegrad) 3\u2019te ayni bak\u0131m hizmeti\/ay: <\/strong>1.497 \u20ac (bunun %40\u2019\u0131: 598,80 \u20ac)<\/p><p><strong>Bak\u0131m derecesi (Pflegegrad) 3\u2019te bak\u0131m paras\u0131 (Pflegegeld)\/ay: <\/strong>599 \u20ac (bunun %60\u2019\u0131: 359,40 \u20ac)<\/p><p>D\u00f6n\u00fc\u015ft\u00fcrme sayesinde Maria\u2019n\u0131n art\u0131k ayda g\u00fcnl\u00fck ya\u015famda destek i\u00e7in 598,80 \u20ac daha fazla paras\u0131 vard\u0131r. Ve yine de ayl\u0131k 359,40 \u20ac bak\u0131m paras\u0131 (Pflegegeld) almaya devam eder. <\/p>\t\t\t\t\t\t\t\t<\/div>\n\t\t\n<\/div>\n\t\t\t<\/div>\n\t\t\t\t<\/div>\n\t\t\t\t<\/div>\n\t\t<div class=\"elementor-element elementor-element-cce2e12 e-con-full e-flex e-con e-parent\" data-id=\"cce2e12\" data-element_type=\"container\" data-e-type=\"container\">\n\t\t<div class=\"elementor-element elementor-element-2b15485 e-flex e-con-boxed e-con e-child\" data-id=\"2b15485\" data-element_type=\"container\" data-e-type=\"container\">\n\t\t\t\t\t<div class=\"e-con-inner\">\n\t\t<div class=\"elementor-element elementor-element-71c0700 e-con e-atomic-element e-flexbox-base e-71c0700-2acf474 \" data-id=\"71c0700\" data-element_type=\"e-flexbox\" data-e-type=\"e-flexbox\" data-interaction-id=\"71c0700\" data-e-type=\"e-flexbox\" data-id=\"71c0700\">\n    \t\t<div class=\"elementor-element elementor-element-939d332 elementor-widget elementor-widget-button\" data-id=\"939d332\" data-element_type=\"widget\" data-e-type=\"widget\" data-widget_type=\"button.default\">\n\t\t\t\t\t\t\t\t\t\t<a class=\"elementor-button elementor-button-link elementor-size-sm\" href=\"https:\/\/northeim-assistenz-portal.de\/tr\/asistanligi-kim-sunuyor\/\">\n\t\t\t\t\t\t<span class=\"elementor-button-content-wrapper\">\n\t\t\t\t\t\t\t\t\t<span class=\"elementor-button-text\">Asistans\u0131 kim sa\u011flar<\/span>\n\t\t\t\t\t<\/span>\n\t\t\t\t\t<\/a>\n\t\t\t\t\t\t\t\t<\/div>\n\t\t\n<\/div>\n\t\t\t<\/div>\n\t\t\t\t<\/div>\n\t\t\t\t<\/div>\n\t\t<div class=\"elementor-element elementor-element-eca0742 e-con-full e-flex e-con e-parent\" data-id=\"eca0742\" data-element_type=\"container\" data-e-type=\"container\" data-settings=\"{&quot;background_background&quot;:&quot;classic&quot;}\">\n\t\t<div class=\"elementor-element elementor-element-1b79272 e-flex e-con-boxed e-con e-child\" data-id=\"1b79272\" data-element_type=\"container\" data-e-type=\"container\" data-settings=\"{&quot;background_background&quot;:&quot;classic&quot;}\">\n\t\t\t\t\t<div class=\"e-con-inner\">\n\t\t\t\t<div class=\"elementor-element elementor-element-39f0aac elementor-widget elementor-widget-heading\" data-id=\"39f0aac\" data-element_type=\"widget\" data-e-type=\"widget\" data-widget_type=\"heading.default\">\n\t\t\t\t\t<h3 class=\"elementor-heading-title elementor-size-default\">Deneyim payla\u015f\u0131m\u0131: Engelli bir \u00e7ocu\u011fun annesi Emriye<\/h3>\t\t\t\t<\/div>\n\t\t<div class=\"elementor-element elementor-element-3e1fe5d e-grid e-con-full e-con e-child\" data-id=\"3e1fe5d\" data-element_type=\"container\" data-e-type=\"container\">\n\t\t<div class=\"elementor-element elementor-element-1160123 e-con-full e-flex e-con e-child\" data-id=\"1160123\" data-element_type=\"container\" data-e-type=\"container\">\n\t\t\t\t<div class=\"elementor-element elementor-element-f4143f5 elementor-widget elementor-widget-text-editor\" data-id=\"f4143f5\" data-element_type=\"widget\" data-e-type=\"widget\" data-widget_type=\"text-editor.default\">\n\t\t\t\t\t\t\t\t\t<p><em>\u201cAsistans refakati yan\u0131mdayken bisiklete bindim, y\u00fcr\u00fcyerek \u015fehre gittim ya da sadece uyudum. Bazen hi\u00e7bir \u015fey yapmad\u0131m ya da sadece televizyonun kar\u015f\u0131s\u0131nda oturdum. O an nas\u0131l istediysem, kendimi nas\u0131l hissettiysem \u00f6yle.\u201d  <\/em><\/p><p><em>\u201cVe bu mola; asistan\u0131n onunla ilgilendi\u011fini, g\u00f6z kulak oldu\u011funu ve ona g\u00fcvenebilece\u011fimi bildi\u011fim i\u00e7in, bana i\u00e7 huzuru verdi. Engelli \u00e7ocuklar\u0131n ebeveynlerinin ger\u00e7ekten \u00e7ok acil ihtiya\u00e7 duydu\u011fu bir mola.\u201d <\/em><\/p>\t\t\t\t\t\t\t\t<\/div>\n\t\t\t\t<\/div>\n\t\t<div class=\"elementor-element elementor-element-4e417d0 e-con-full e-flex e-con e-child\" data-id=\"4e417d0\" data-element_type=\"container\" data-e-type=\"container\">\n\t\t\t\t<div class=\"elementor-element elementor-element-13bd092 elementor-widget elementor-widget-image\" data-id=\"13bd092\" data-element_type=\"widget\" data-e-type=\"widget\" data-widget_type=\"image.default\">\n\t\t\t\t\t\t\t\t\t\t\t\t\t\t\t<img decoding=\"async\" width=\"800\" height=\"800\" src=\"https:\/\/northeim-assistenz-portal.de\/wp-content\/uploads\/Mutter-mit-Kind.png\" class=\"attachment-large size-large wp-image-1224\" alt=\"\" srcset=\"https:\/\/northeim-assistenz-portal.de\/wp-content\/uploads\/Mutter-mit-Kind.png 1080w, https:\/\/northeim-assistenz-portal.de\/wp-content\/uploads\/Mutter-mit-Kind-600x600.png 600w, https:\/\/northeim-assistenz-portal.de\/wp-content\/uploads\/Mutter-mit-Kind-150x150.png 150w, https:\/\/northeim-assistenz-portal.de\/wp-content\/uploads\/Mutter-mit-Kind-768x768.png 768w\" sizes=\"(max-width: 800px) 100vw, 800px\" \/>\t\t\t\t\t\t\t\t\t\t\t\t\t\t\t<\/div>\n\t\t\t\t<\/div>\n\t\t\t\t<\/div>\n\t\t\t\t\t<\/div>\n\t\t\t\t<\/div>\n\t\t\t\t<\/div>\n\t\t\t\t<\/div>\n\t\t","protected":false},"excerpt":{"rendered":"<p>Bir engeliniz veya kronik bir hastal\u0131\u011f\u0131n\u0131z nedeniyle g\u00fcnl\u00fck ya\u015fam\u0131n\u0131z\u0131 (art\u0131k) tek ba\u015f\u0131n\u0131za ba\u011f\u0131ms\u0131z \u015fekilde s\u00fcrd\u00fcremiyor olabilirsiniz. Baz\u0131 i\u015fleri yapamazs\u0131n\u0131z. Ya da sadece destekle yapabilirsiniz. Ya da refakate ihtiyac\u0131n\u0131z vard\u0131r. Toplumsal ya\u015fama kat\u0131l\u0131m\u0131n\u0131z k\u0131s\u0131tlanm\u0131\u015ft\u0131r. Ba\u015fkalar\u0131 gibi ya\u015fayamaz ve toplumsal ya\u015fama kat\u0131lamazs\u0131n\u0131z. Engelli bir birey olarak engellerle kar\u015f\u0131la\u015f\u0131rs\u0131n\u0131z. Baz\u0131 insanlar i\u00e7in merdivenler engeldir, baz\u0131lar\u0131 i\u00e7in ise a\u011f\u0131r\/dolamba\u00e7l\u0131 [&hellip;]<\/p>\n","protected":false},"author":2,"featured_media":0,"parent":0,"menu_order":0,"comment_status":"closed","ping_status":"closed","template":"","meta":{"footnotes":""},"class_list":["post-1215","page","type-page","status-publish","hentry"],"_links":{"self":[{"href":"https:\/\/northeim-assistenz-portal.de\/tr\/wp-json\/wp\/v2\/pages\/1215","targetHints":{"allow":["GET"]}}],"collection":[{"href":"https:\/\/northeim-assistenz-portal.de\/tr\/wp-json\/wp\/v2\/pages"}],"about":[{"href":"https:\/\/northeim-assistenz-portal.de\/tr\/wp-json\/wp\/v2\/types\/page"}],"author":[{"embeddable":true,"href":"https:\/\/northeim-assistenz-portal.de\/tr\/wp-json\/wp\/v2\/users\/2"}],"replies":[{"embeddable":true,"href":"https:\/\/northeim-assistenz-portal.de\/tr\/wp-json\/wp\/v2\/comments?post=1215"}],"version-history":[{"count":4,"href":"https:\/\/northeim-assistenz-portal.de\/tr\/wp-json\/wp\/v2\/pages\/1215\/revisions"}],"predecessor-version":[{"id":1449,"href":"https:\/\/northeim-assistenz-portal.de\/tr\/wp-json\/wp\/v2\/pages\/1215\/revisions\/1449"}],"wp:attachment":[{"href":"https:\/\/northeim-assistenz-portal.de\/tr\/wp-json\/wp\/v2\/media?parent=1215"}],"curies":[{"name":"wp","href":"https:\/\/api.w.org\/{rel}","templated":true}]}}