{"id":1143,"date":"2026-05-12T10:57:45","date_gmt":"2026-05-12T08:57:45","guid":{"rendered":"https:\/\/northeim-assistenz-portal.de\/asistanlik-hizmetini-kim-oedueyor\/"},"modified":"2026-08-11T09:28:52","modified_gmt":"2026-08-11T07:28:52","slug":"asistanlik-hizmetini-kim-oedueyor","status":"publish","type":"page","link":"https:\/\/northeim-assistenz-portal.de\/tr\/asistanlik-hizmetini-kim-oedueyor\/","title":{"rendered":"Asistanl\u0131k hizmetini kim \u00f6d\u00fcyor?"},"content":{"rendered":"\t\t<div data-elementor-type=\"wp-page\" data-elementor-id=\"1143\" class=\"elementor elementor-1143 elementor-59\" data-elementor-post-type=\"page\">\n\t\t\t\t<div class=\"elementor-element elementor-element-b61e3ae e-flex e-con-boxed e-con e-parent\" data-id=\"b61e3ae\" data-element_type=\"container\" data-e-type=\"container\">\n\t\t\t\t\t<div class=\"e-con-inner\">\n\t\t\t\t<div class=\"elementor-element elementor-element-9ce1eda elementor-widget elementor-widget-text-editor\" data-id=\"9ce1eda\" data-element_type=\"widget\" data-e-type=\"widget\" data-widget_type=\"text-editor.default\">\n\t\t\t\t\t\t\t\t\t<p>Asistanl\u0131k, g\u00fcnl\u00fck ya\u015famda destek hizmeti anlam\u0131na gelir. <span style=\"letter-spacing: 0px;\">Asistanl\u0131k, evde ba\u011f\u0131ms\u0131z ya\u015fam\u0131n\u0131z\u0131 destekler.<\/span> <span style=\"letter-spacing: 0px;\">Bunun i\u00e7in Bak\u0131m Sigortas\u0131&#8217;ndan<\/span> <strong style=\"letter-spacing: 0px;\">hizmet alabilirsiniz.<\/strong> <span style=\"letter-spacing: 0px;\">Di\u011fer Hizmet Sa\u011flay\u0131c\u0131lar<\/span> <a style=\"background-color: #ffffff; letter-spacing: 0px;\" href=\"https:\/\/www.betanet.de\/uebersicht-sozialgesetzbuecher-leistungstraeger.html\" target=\"_blank\" rel=\"noopener nofollow\">da engelli bireyler i\u00e7in kat\u0131l\u0131m hizmetlerini finanse eder.<\/a> <span style=\"letter-spacing: 0px;\">Buna asistanl\u0131k hizmetleri de dahildir.<\/span><\/p>\t\t\t\t\t\t\t\t<\/div>\n\t\t<div class=\"elementor-element elementor-element-1ba7ceb e-con-full e-flex e-con e-child\" data-id=\"1ba7ceb\" data-element_type=\"container\" data-e-type=\"container\">\n\t\t<div class=\"elementor-element elementor-element-1424abf e-grid e-con-full e-con e-child\" data-id=\"1424abf\" data-element_type=\"container\" data-e-type=\"container\" data-settings=\"{&quot;background_background&quot;:&quot;classic&quot;}\">\n\t\t\t\t<div class=\"elementor-element elementor-element-7c673da elementor-align-center elementor-widget elementor-widget-button\" data-id=\"7c673da\" data-element_type=\"widget\" data-e-type=\"widget\" data-widget_type=\"button.default\">\n\t\t\t\t\t\t\t\t\t\t<a class=\"elementor-button elementor-button-link elementor-size-sm\" href=\"#die_pflegeversicherung\">\n\t\t\t\t\t\t<span class=\"elementor-button-content-wrapper\">\n\t\t\t\t\t\t\t\t\t<span class=\"elementor-button-text\">Bak\u0131m Sigortas\u0131<\/span>\n\t\t\t\t\t<\/span>\n\t\t\t\t\t<\/a>\n\t\t\t\t\t\t\t\t<\/div>\n\t\t\t\t<div class=\"elementor-element elementor-element-307f6e1 elementor-align-center elementor-widget elementor-widget-button\" data-id=\"307f6e1\" data-element_type=\"widget\" data-e-type=\"widget\" data-widget_type=\"button.default\">\n\t\t\t\t\t\t\t\t\t\t<a class=\"elementor-button elementor-button-link elementor-size-sm\" href=\"#soziale-teilhabe-assistenz\">\n\t\t\t\t\t\t<span class=\"elementor-button-content-wrapper\">\n\t\t\t\t\t\t\t\t\t<span class=\"elementor-button-text\">Asistanl\u0131k ile Sosyal Kat\u0131l\u0131m<\/span>\n\t\t\t\t\t<\/span>\n\t\t\t\t\t<\/a>\n\t\t\t\t\t\t\t\t<\/div>\n\t\t\t\t<\/div>\n\t\t\t\t<\/div>\n\t\t\t\t\t<\/div>\n\t\t\t\t<\/div>\n\t\t<div class=\"elementor-element elementor-element-21b58d0 e-flex e-con-boxed e-con e-parent\" data-id=\"21b58d0\" data-element_type=\"container\" data-e-type=\"container\" data-settings=\"{&quot;background_background&quot;:&quot;classic&quot;}\">\n\t\t\t\t\t<div class=\"e-con-inner\">\n\t\t<div class=\"elementor-element elementor-element-7b50c9b e-con-full e-flex e-con e-child\" data-id=\"7b50c9b\" data-element_type=\"container\" data-e-type=\"container\" data-settings=\"{&quot;background_background&quot;:&quot;classic&quot;}\">\n\t\t<div class=\"elementor-element elementor-element-6d8bdee e-flex e-con-boxed e-con e-child\" data-id=\"6d8bdee\" data-element_type=\"container\" data-e-type=\"container\" data-settings=\"{&quot;background_background&quot;:&quot;classic&quot;}\">\n\t\t\t\t\t<div class=\"e-con-inner\">\n\t\t\t\t<div class=\"elementor-element elementor-element-3bc4bbb elementor-widget elementor-widget-menu-anchor\" data-id=\"3bc4bbb\" data-element_type=\"widget\" data-e-type=\"widget\" data-widget_type=\"menu-anchor.default\">\n\t\t\t\t\t\t\t<div class=\"elementor-menu-anchor\" id=\"bakm_sigortas\"><\/div>\n\t\t\t\t\t\t<\/div>\n\t\t\t\t<div class=\"elementor-element elementor-element-b542683 elementor-widget elementor-widget-heading\" data-id=\"b542683\" data-element_type=\"widget\" data-e-type=\"widget\" data-widget_type=\"heading.default\">\n\t\t\t\t\t<h2 class=\"elementor-heading-title elementor-size-default\">Bak\u0131m Sigortas\u0131<\/h2>\t\t\t\t<\/div>\n\t\t\t\t<div class=\"elementor-element elementor-element-b723b07 elementor-widget elementor-widget-text-editor\" data-id=\"b723b07\" data-element_type=\"widget\" data-e-type=\"widget\" data-widget_type=\"text-editor.default\">\n\t\t\t\t\t\t\t\t\t<p>Bak\u0131m Sigortas\u0131 size bir bak\u0131m derecesi atad\u0131. Bir ki\u015finin ba\u011f\u0131ms\u0131zl\u0131\u011f\u0131ndaki bozukluk be\u015f derecede de\u011ferlendirilir: Bak\u0131m derecesi 1&#8217;den 5&#8217;e kadar. Bak\u0131m dereceleri \u015funu ifade eder: Ba\u011f\u0131ms\u0131zl\u0131\u011f\u0131n\u0131z ne kadar k\u0131s\u0131tl\u0131? <\/p>\t\t\t\t\t\t\t\t<\/div>\n\t\t<div class=\"elementor-element elementor-element-3e9900e e-grid e-con-full e-con e-child\" data-id=\"3e9900e\" data-element_type=\"container\" data-e-type=\"container\">\n\t\t\t\t<div class=\"elementor-element elementor-element-fa27d92 elementor-widget elementor-widget-image\" data-id=\"fa27d92\" data-element_type=\"widget\" data-e-type=\"widget\" data-widget_type=\"image.default\">\n\t\t\t\t\t\t\t\t\t\t\t\t\t\t\t<img decoding=\"async\" width=\"800\" height=\"800\" src=\"https:\/\/northeim-assistenz-portal.de\/wp-content\/uploads\/E-3.png\" class=\"attachment-large size-large wp-image-1145\" alt=\"Bir hesap makinesinin sembolik g\u00f6sterimi. Bu, \u00fczerinde bir Euro i\u015fareti bulunan bir ka\u011f\u0131t par\u00e7as\u0131n\u0131n \u00fczerinde duruyor.\" srcset=\"https:\/\/northeim-assistenz-portal.de\/wp-content\/uploads\/E-3.png 1080w, https:\/\/northeim-assistenz-portal.de\/wp-content\/uploads\/E-3-600x600.png 600w, https:\/\/northeim-assistenz-portal.de\/wp-content\/uploads\/E-3-150x150.png 150w, https:\/\/northeim-assistenz-portal.de\/wp-content\/uploads\/E-3-768x768.png 768w\" sizes=\"(max-width: 800px) 100vw, 800px\" \/>\t\t\t\t\t\t\t\t\t\t\t\t\t\t\t<\/div>\n\t\t<div class=\"elementor-element elementor-element-95ea98b e-con-full e-flex e-con e-child\" data-id=\"95ea98b\" data-element_type=\"container\" data-e-type=\"container\">\n\t\t\t\t<div class=\"elementor-element elementor-element-af6a309 elementor-widget elementor-widget-heading\" data-id=\"af6a309\" data-element_type=\"widget\" data-e-type=\"widget\" data-widget_type=\"heading.default\">\n\t\t\t\t\t<h3 class=\"elementor-heading-title elementor-size-default\">Destek \u00d6dene\u011fi<\/h3>\t\t\t\t<\/div>\n\t\t\t\t<div class=\"elementor-element elementor-element-0525fea elementor-widget elementor-widget-text-editor\" data-id=\"0525fea\" data-element_type=\"widget\" data-e-type=\"widget\" data-widget_type=\"text-editor.default\">\n\t\t\t\t\t\t\t\t\t<p>Bak\u0131m derecesi 1&#8217;den itibaren, <strong>bak\u0131m, destek veya ev i\u015flerinde yard\u0131m<\/strong> i\u00e7in ayda 131 Euro hakk\u0131n\u0131z vard\u0131r. <strong>Destek \u00d6dene\u011fi&#8217;ni<\/strong> g\u00fcnl\u00fck ya\u015famda destek\/asistanl\u0131k i\u00e7in kullanabilirsiniz. <\/p><p>Bu hizmet size nakit olarak \u00f6denemez. Tan\u0131nm\u0131\u015f bir <strong>Hizmet Sa\u011flay\u0131c\u0131 ile anla\u015fman\u0131z<\/strong> gerekir. Bu bir bak\u0131m hizmeti sa\u011flay\u0131c\u0131s\u0131 olabilir. Veya bir entegrasyon yard\u0131m\u0131 sa\u011flay\u0131c\u0131s\u0131. Veya g\u00f6n\u00fcll\u00fc \u00f6zel bir sa\u011flay\u0131c\u0131.    <\/p>\t\t\t\t\t\t\t\t<\/div>\n\t\t\t\t<div class=\"elementor-element elementor-element-84a3d67 elementor-widget elementor-widget-button\" data-id=\"84a3d67\" data-element_type=\"widget\" data-e-type=\"widget\" data-widget_type=\"button.default\">\n\t\t\t\t\t\t\t\t\t\t<a class=\"elementor-button elementor-button-link elementor-size-sm\" href=\"\/wp-content\/uploads\/Anbieter-von-Entlastungsleistungen-im-Landkreis-Northeim-1.pdf\" target=\"_blank\">\n\t\t\t\t\t\t<span class=\"elementor-button-content-wrapper\">\n\t\t\t\t\t\t<span class=\"elementor-button-icon\">\n\t\t\t\t<svg aria-hidden=\"true\" class=\"e-font-icon-svg e-far-arrow-alt-circle-down\" viewBox=\"0 0 512 512\" xmlns=\"http:\/\/www.w3.org\/2000\/svg\"><path d=\"M256 8C119 8 8 119 8 256s111 248 248 248 248-111 248-248S393 8 256 8zm0 448c-110.5 0-200-89.5-200-200S145.5 56 256 56s200 89.5 200 200-89.5 200-200 200zm-32-316v116h-67c-10.7 0-16 12.9-8.5 20.5l99 99c4.7 4.7 12.3 4.7 17 0l99-99c7.6-7.6 2.2-20.5-8.5-20.5h-67V140c0-6.6-5.4-12-12-12h-40c-6.6 0-12 5.4-12 12z\"><\/path><\/svg>\t\t\t<\/span>\n\t\t\t\t\t\t\t\t\t<span class=\"elementor-button-text\">Destek \u00d6dene\u011fi Sa\u011flay\u0131c\u0131lar\u0131<\/span>\n\t\t\t\t\t<\/span>\n\t\t\t\t\t<\/a>\n\t\t\t\t\t\t\t\t<\/div>\n\t\t\t\t<\/div>\n\t\t\t\t<\/div>\n\t\t\t\t\t<\/div>\n\t\t\t\t<\/div>\n\t\t<div class=\"elementor-element elementor-element-c375a72 e-flex e-con-boxed e-con e-child\" data-id=\"c375a72\" data-element_type=\"container\" data-e-type=\"container\">\n\t\t\t\t\t<div class=\"e-con-inner\">\n\t\t\t\t<div class=\"elementor-element elementor-element-a0bd582 elementor-widget elementor-widget-heading\" data-id=\"a0bd582\" data-element_type=\"widget\" data-e-type=\"widget\" data-widget_type=\"heading.default\">\n\t\t\t\t\t<h3 class=\"elementor-heading-title elementor-size-default\">Ortak Y\u0131ll\u0131k Tutar<\/h3>\t\t\t\t<\/div>\n\t\t\t\t<div class=\"elementor-element elementor-element-ea686ba elementor-widget elementor-widget-text-editor\" data-id=\"ea686ba\" data-element_type=\"widget\" data-e-type=\"widget\" data-widget_type=\"text-editor.default\">\n\t\t\t\t\t\t\t\t\t<p>Ayda 131 Euro ile sadece d\u00fc\u015f\u00fck bir destek ihtiyac\u0131 kar\u015f\u0131lanabilir. Bak\u0131m derecesi 2&#8217;den itibaren ortak y\u0131ll\u0131k tutara da hakk\u0131n\u0131z vard\u0131r. <\/p>\n<p>01.07.2025 tarihinden itibaren ortak y\u0131ll\u0131k tutar mevcuttur. Burada <strong>Yedek Bak\u0131m\/Engelleme Bak\u0131m\u0131 ve K\u0131sa S\u00fcreli Bak\u0131m<\/strong> hizmetleri birle\u015ftirilmi\u015ftir. Hizmetleri esnek bir \u015fekilde kullanabilirsiniz. Evde k\u0131sa s\u00fcreli bak\u0131m i\u00e7in. Veya evde g\u00fcnl\u00fck ya\u015famda destek i\u00e7in. Bak\u0131m veren ki\u015fi engellendi\u011finde. Engelleme Bak\u0131m\u0131&#8217;n\u0131 takvim y\u0131l\u0131nda sekiz haftaya kadar kullanabilirsiniz.      <\/p>\n<p><strong>Ortak y\u0131ll\u0131k tutar i\u00e7in toplamda y\u0131lda 3.539 Euro&#8217;nuz bulunmaktad\u0131r (ayn\u0131 zamanda \u201cDestek B\u00fct\u00e7esi\u201d olarak da adland\u0131r\u0131l\u0131r). Bu paray\u0131 g\u00fcnl\u00fck ya\u015famda asistanl\u0131k i\u00e7in kullanabilirsiniz. <\/strong><\/p>\n<p><strong>Ortak y\u0131ll\u0131k tutar i\u00e7in a\u015fa\u011f\u0131daki ko\u015fullar\u0131 yerine getirmeniz gerekmektedir: <\/strong><\/p>\n<ul>\n<li>Evde ya\u015f\u0131yorsunuz ve bir bak\u0131m vereniniz var<\/li>\n<li>En az bak\u0131m derecesi 2&#8217;ye sahipsiniz<\/li>\n<li>Bak\u0131m vereniniz engellendi ve sizi ge\u00e7ici olarak destekleyemiyor. Tatil, hastal\u0131k veya ba\u015fka nedenlerden dolay\u0131. <\/li>\n<\/ul><div><br><\/div><div><br><\/div>\n<p><strong>A\u015fa\u011f\u0131daki durumlarda da hakk\u0131n\u0131z vard\u0131r:<\/strong><\/p>\n<ul>\n<li>yatarak tedaviden sonra<\/li>\n<li>yar\u0131 yatarak veya evde bak\u0131m ge\u00e7ici olarak sa\u011flanamad\u0131 veya yetersizdi<\/li>\n<li>tam yatarak bak\u0131ma ge\u00e7i\u015f i\u00e7in k\u00f6pr\u00fcleme<\/li>\n<li>bak\u0131ma muhta\u00e7 ki\u015finin evinin tadilat\u0131<\/li>\n<li>hospiste ya\u015fam sonu bak\u0131m\u0131.<\/li>\n<\/ul>\t\t\t\t\t\t\t\t<\/div>\n\t\t<div class=\"elementor-element elementor-element-b5140e9 e-con-full e-flex e-con e-child\" data-id=\"b5140e9\" data-element_type=\"container\" data-e-type=\"container\" data-settings=\"{&quot;background_background&quot;:&quot;classic&quot;}\">\n\t\t\t\t<div class=\"elementor-element elementor-element-bae0b7f elementor-view-framed elementor-shape-circle elementor-widget elementor-widget-icon\" data-id=\"bae0b7f\" data-element_type=\"widget\" data-e-type=\"widget\" data-widget_type=\"icon.default\">\n\t\t\t\t\t\t\t<div class=\"elementor-icon-wrapper\">\n\t\t\t<div class=\"elementor-icon\">\n\t\t\t<svg aria-hidden=\"true\" class=\"e-font-icon-svg e-far-lightbulb\" viewBox=\"0 0 352 512\" xmlns=\"http:\/\/www.w3.org\/2000\/svg\"><path d=\"M176 80c-52.94 0-96 43.06-96 96 0 8.84 7.16 16 16 16s16-7.16 16-16c0-35.3 28.72-64 64-64 8.84 0 16-7.16 16-16s-7.16-16-16-16zM96.06 459.17c0 3.15.93 6.22 2.68 8.84l24.51 36.84c2.97 4.46 7.97 7.14 13.32 7.14h78.85c5.36 0 10.36-2.68 13.32-7.14l24.51-36.84c1.74-2.62 2.67-5.7 2.68-8.84l.05-43.18H96.02l.04 43.18zM176 0C73.72 0 0 82.97 0 176c0 44.37 16.45 84.85 43.56 115.78 16.64 18.99 42.74 58.8 52.42 92.16v.06h48v-.12c-.01-4.77-.72-9.51-2.15-14.07-5.59-17.81-22.82-64.77-62.17-109.67-20.54-23.43-31.52-53.15-31.61-84.14-.2-73.64 59.67-128 127.95-128 70.58 0 128 57.42 128 128 0 30.97-11.24 60.85-31.65 84.14-39.11 44.61-56.42 91.47-62.1 109.46a47.507 47.507 0 0 0-2.22 14.3v.1h48v-.05c9.68-33.37 35.78-73.18 52.42-92.16C335.55 260.85 352 220.37 352 176 352 78.8 273.2 0 176 0z\"><\/path><\/svg>\t\t\t<\/div>\n\t\t<\/div>\n\t\t\t\t\t\t<\/div>\n\t\t\t\t<div class=\"elementor-element elementor-element-d6fedee elementor-widget elementor-widget-heading\" data-id=\"d6fedee\" data-element_type=\"widget\" data-e-type=\"widget\" data-widget_type=\"heading.default\">\n\t\t\t\t\t<h4 class=\"elementor-heading-title elementor-size-default\">Bilmekte Fayda Var:<\/h4>\t\t\t\t<\/div>\n\t\t\t\t<div class=\"elementor-element elementor-element-d57a1f4 elementor-widget elementor-widget-text-editor\" data-id=\"d57a1f4\" data-element_type=\"widget\" data-e-type=\"widget\" data-widget_type=\"text-editor.default\">\n\t\t\t\t\t\t\t\t\t<p>Bak\u0131m derecesi 4 veya 5 olan 25 ya\u015f alt\u0131 \u00e7ocuklar, gen\u00e7ler ve gen\u00e7 yeti\u015fkinler de yeni ortak y\u0131ll\u0131k tutar\u0131 kullanabilirler. 01.07.2025 tarihinden itibaren 3.539 Euro&#8217;ya sahip olacaklard\u0131r. <\/p>\t\t\t\t\t\t\t\t<\/div>\n\t\t\t\t<\/div>\n\t\t\t\t\t<\/div>\n\t\t\t\t<\/div>\n\t\t\t\t<\/div>\n\t\t\t\t\t<\/div>\n\t\t\t\t<\/div>\n\t\t<div class=\"elementor-element elementor-element-6b49fcd e-flex e-con-boxed e-con e-parent\" data-id=\"6b49fcd\" data-element_type=\"container\" data-e-type=\"container\">\n\t\t\t\t\t<div class=\"e-con-inner\">\n\t\t<div class=\"elementor-element elementor-element-0c79c1e e-con-full e-flex e-con e-child\" data-id=\"0c79c1e\" data-element_type=\"container\" data-e-type=\"container\">\n\t\t<div class=\"elementor-element elementor-element-0b684d3 e-flex e-con-boxed e-con e-child\" data-id=\"0b684d3\" data-element_type=\"container\" data-e-type=\"container\">\n\t\t\t\t\t<div class=\"e-con-inner\">\n\t\t<div class=\"elementor-element elementor-element-cf50d09 e-grid e-con-full e-con e-child\" data-id=\"cf50d09\" data-element_type=\"container\" data-e-type=\"container\">\n\t\t<div class=\"elementor-element elementor-element-f362741 e-con-full e-flex e-con e-child\" data-id=\"f362741\" data-element_type=\"container\" data-e-type=\"container\">\n\t\t\t\t<div class=\"elementor-element elementor-element-702ddb0 elementor-widget elementor-widget-heading\" data-id=\"702ddb0\" data-element_type=\"widget\" data-e-type=\"widget\" data-widget_type=\"heading.default\">\n\t\t\t\t\t<h3 class=\"elementor-heading-title elementor-size-default\">Yedek Bak\u0131m \/ Engelleme Bak\u0131m\u0131<\/h3>\t\t\t\t<\/div>\n\t\t\t\t<div class=\"elementor-element elementor-element-b493788 elementor-widget elementor-widget-text-editor\" data-id=\"b493788\" data-element_type=\"widget\" data-e-type=\"widget\" data-widget_type=\"text-editor.default\">\n\t\t\t\t\t\t\t\t\t<p><strong>Bak\u0131m derecesi 2&#8217;den itibaren<\/strong> <b>Yedek Bak\u0131m\/Engelleme Bak\u0131m\u0131<\/b><strong>&#8216;na<\/strong> hakk\u0131n\u0131z vard\u0131r.<\/p><p>Bu, art\u0131k k\u0131sa s\u00fcreli bak\u0131m ile <strong>ortak y\u0131ll\u0131k tutar<\/strong> i\u00e7inde birle\u015ftirilmi\u015ftir.<\/p><p>01.07.2025 tarihinden itibaren y\u0131lda 56 g\u00fcn, yani sekiz hafta, engelleme bak\u0131m\u0131 hakk\u0131n\u0131z bulunmaktad\u0131r.<\/p>\t\t\t\t\t\t\t\t<\/div>\n\t\t\t\t<\/div>\n\t\t<div class=\"elementor-element elementor-element-72df8d5 e-con-full e-flex e-con e-child\" data-id=\"72df8d5\" data-element_type=\"container\" data-e-type=\"container\">\n\t\t\t\t\t<img decoding=\"async\" class=\"e-image-base \" data-interaction-id=\"7bd4e43\" data-e-type=\"widget\" data-id=\"7bd4e43\" id=\"1151\" src=\"https:\/\/northeim-assistenz-portal.de\/wp-content\/uploads\/assistenz-portal-northeim-iStock-605759166-2.jpg\" width=\"853\" height=\"853\" srcset=\"https:\/\/northeim-assistenz-portal.de\/wp-content\/uploads\/assistenz-portal-northeim-iStock-605759166-2.jpg 853w, https:\/\/northeim-assistenz-portal.de\/wp-content\/uploads\/assistenz-portal-northeim-iStock-605759166-2-600x600.jpg 600w, https:\/\/northeim-assistenz-portal.de\/wp-content\/uploads\/assistenz-portal-northeim-iStock-605759166-2-150x150.jpg 150w, https:\/\/northeim-assistenz-portal.de\/wp-content\/uploads\/assistenz-portal-northeim-iStock-605759166-2-768x768.jpg 768w\" alt=\"Bir kad\u0131n, spastik fel\u00e7li bir \u00e7ocu\u011fu destekliyor. \u0130kisi de g\u00fcl\u00fcyor. \"\/>\t\t\t\t<\/div>\n\t\t\t\t<\/div>\n\t\t\t\t\t<\/div>\n\t\t\t\t<\/div>\n\t\t\t\t<\/div>\n\t\t\t\t\t<\/div>\n\t\t\t\t<\/div>\n\t\t<div class=\"elementor-element elementor-element-70224b7 e-flex e-con-boxed e-con e-parent\" data-id=\"70224b7\" data-element_type=\"container\" data-e-type=\"container\" data-settings=\"{&quot;background_background&quot;:&quot;classic&quot;}\">\n\t\t\t\t\t<div class=\"e-con-inner\">\n\t\t<div class=\"elementor-element elementor-element-fe66c29 e-con-full e-flex e-con e-child\" data-id=\"fe66c29\" data-element_type=\"container\" data-e-type=\"container\" data-settings=\"{&quot;background_background&quot;:&quot;classic&quot;}\">\n\t\t<div class=\"elementor-element elementor-element-eb58a40 e-grid e-con-full e-con e-child\" data-id=\"eb58a40\" data-element_type=\"container\" data-e-type=\"container\">\n\t\t\t\t<div class=\"elementor-element elementor-element-f43cd2e elementor-widget elementor-widget-image\" data-id=\"f43cd2e\" data-element_type=\"widget\" data-e-type=\"widget\" data-widget_type=\"image.default\">\n\t\t\t\t\t\t\t\t\t\t\t\t\t\t\t<img decoding=\"async\" width=\"800\" height=\"533\" src=\"https:\/\/northeim-assistenz-portal.de\/wp-content\/uploads\/assistenz-portal-northeim-iStock-1468243632.jpg\" class=\"attachment-large size-large wp-image-1152\" alt=\"\u00dc\u00e7 kad\u0131n kahve masas\u0131nda oturmu\u015f, bir ak\u0131ll\u0131 telefonda Asistanl\u0131k Portal\u0131&apos;n\u0131n nas\u0131l \u00e7al\u0131\u015ft\u0131\u011f\u0131n\u0131 \u00f6\u011freniyor.\" srcset=\"https:\/\/northeim-assistenz-portal.de\/wp-content\/uploads\/assistenz-portal-northeim-iStock-1468243632.jpg 1280w, https:\/\/northeim-assistenz-portal.de\/wp-content\/uploads\/assistenz-portal-northeim-iStock-1468243632-600x400.jpg 600w, https:\/\/northeim-assistenz-portal.de\/wp-content\/uploads\/assistenz-portal-northeim-iStock-1468243632-768x512.jpg 768w\" sizes=\"(max-width: 800px) 100vw, 800px\" \/>\t\t\t\t\t\t\t\t\t\t\t\t\t\t\t<\/div>\n\t\t<div class=\"elementor-element elementor-element-d0bb96e e-con-full e-flex e-con e-child\" data-id=\"d0bb96e\" data-element_type=\"container\" data-e-type=\"container\">\n\t\t\t\t<div class=\"elementor-element elementor-element-a9e738f elementor-widget elementor-widget-heading\" data-id=\"a9e738f\" data-element_type=\"widget\" data-e-type=\"widget\" data-widget_type=\"heading.default\">\n\t\t\t\t\t<h3 class=\"elementor-heading-title elementor-size-default\">Bak\u0131m Veren Ki\u015finin Engellenmesi Ne Anlama Geliyor?<\/h3>\t\t\t\t<\/div>\n\t\t\t\t<div class=\"elementor-element elementor-element-cd2954e elementor-widget elementor-widget-text-editor\" data-id=\"cd2954e\" data-element_type=\"widget\" data-e-type=\"widget\" data-widget_type=\"text-editor.default\">\n\t\t\t\t\t\t\t\t\t<p>Bak\u0131m vereniniz sizi birka\u00e7 g\u00fcn veya hafta destekleyemiyor. Veya g\u00fcn i\u00e7inde birka\u00e7 saat engelleniyor. \u201cEngellenme\u201d nedenleri \u00e7e\u015fitli olabilir: Tatil, hastal\u0131k, rehabilitasyon, doktor randevular\u0131 veya bak\u0131m veren ki\u015finin di\u011fer randevular\u0131.  <\/p><p>Bak\u0131m veren ki\u015fi bir hobiyle de ilgilenebilir veya arkada\u015flar\u0131yla bulu\u015fabilir. Bu da \u201cEngellendi\u201d anlam\u0131na gelir. Bu zamanlarda ba\u015fka bir ki\u015fi veya tan\u0131nm\u0131\u015f bir hizmet sizi evde destekleyebilir. Ve bak\u0131m vereninizin yerini alabilir.   <\/p>\t\t\t\t\t\t\t\t<\/div>\n\t\t\t\t<\/div>\n\t\t\t\t<\/div>\n\t\t\t\t<\/div>\n\t\t\t\t\t<\/div>\n\t\t\t\t<\/div>\n\t\t<div class=\"elementor-element elementor-element-c96f058 e-flex e-con-boxed e-con e-parent\" data-id=\"c96f058\" data-element_type=\"container\" data-e-type=\"container\">\n\t\t\t\t\t<div class=\"e-con-inner\">\n\t\t<div class=\"elementor-element elementor-element-a37a202 e-con-full e-flex e-con e-child\" data-id=\"a37a202\" data-element_type=\"container\" data-e-type=\"container\" data-settings=\"{&quot;background_background&quot;:&quot;classic&quot;}\">\n\t\t<div class=\"elementor-element elementor-element-1f28e65 e-flex e-con-boxed e-con e-child\" data-id=\"1f28e65\" data-element_type=\"container\" data-e-type=\"container\" data-settings=\"{&quot;background_background&quot;:&quot;classic&quot;}\">\n\t\t\t\t\t<div class=\"e-con-inner\">\n\t\t<div class=\"elementor-element elementor-element-4236c4f e-grid e-con-full e-con e-child\" data-id=\"4236c4f\" data-element_type=\"container\" data-e-type=\"container\">\n\t\t<div class=\"elementor-element elementor-element-ad2be2c e-con-full e-flex e-con e-child\" data-id=\"ad2be2c\" data-element_type=\"container\" data-e-type=\"container\">\n\t\t\t\t<div class=\"elementor-element elementor-element-5187f89 elementor-widget elementor-widget-heading\" data-id=\"5187f89\" data-element_type=\"widget\" data-e-type=\"widget\" data-widget_type=\"heading.default\">\n\t\t\t\t\t<h3 class=\"elementor-heading-title elementor-size-default\">K\u0131sa S\u00fcreli Bak\u0131m<\/h3>\t\t\t\t<\/div>\n\t\t\t\t<div class=\"elementor-element elementor-element-97368a2 elementor-widget elementor-widget-text-editor\" data-id=\"97368a2\" data-element_type=\"widget\" data-e-type=\"widget\" data-widget_type=\"text-editor.default\">\n\t\t\t\t\t\t\t\t\t<p><strong>Bak\u0131m derecesi 2&#8217;den 5&#8217;e kadar<\/strong> olan ki\u015filer, y\u0131lda en fazla 8 haftaya kadar k\u0131sa s\u00fcreli bak\u0131m hizmetlerine hak kazan\u0131r.<\/p><p>Evde bak\u0131m ge\u00e7ici olarak m\u00fcmk\u00fcn olmad\u0131\u011f\u0131nda veya hen\u00fcz m\u00fcmk\u00fcn olmad\u0131\u011f\u0131nda. K\u0131sa s\u00fcreli bak\u0131m, bir bak\u0131m evinde yatarak sa\u011flan\u0131r. <\/p><p>K\u0131sa s\u00fcreli bak\u0131m, ortak y\u0131ll\u0131k tutar\u0131n bir par\u00e7as\u0131d\u0131r.<\/p>\t\t\t\t\t\t\t\t<\/div>\n\t\t\t\t<\/div>\n\t\t<div class=\"elementor-element elementor-element-3b68963 e-con-full e-flex e-con e-child\" data-id=\"3b68963\" data-element_type=\"container\" data-e-type=\"container\">\n\t\t\t\t<div class=\"elementor-element elementor-element-a4f6d19 elementor-widget elementor-widget-image\" data-id=\"a4f6d19\" data-element_type=\"widget\" data-e-type=\"widget\" data-widget_type=\"image.default\">\n\t\t\t\t\t\t\t\t\t\t\t\t\t\t\t<img decoding=\"async\" width=\"717\" height=\"853\" src=\"https:\/\/northeim-assistenz-portal.de\/wp-content\/uploads\/assistenz-portal-northeim-iStock-1297447063-1.jpg\" class=\"attachment-large size-large wp-image-1146\" alt=\"Bir kad\u0131n, tekerlekli sandalyede oturan ve kollar\u0131n\u0131 hareket ettiremeyen bir \u00e7ocu\u011fu yemek yerken destekliyor.\" srcset=\"https:\/\/northeim-assistenz-portal.de\/wp-content\/uploads\/assistenz-portal-northeim-iStock-1297447063-1.jpg 717w, https:\/\/northeim-assistenz-portal.de\/wp-content\/uploads\/assistenz-portal-northeim-iStock-1297447063-1-504x600.jpg 504w\" sizes=\"(max-width: 717px) 100vw, 717px\" \/>\t\t\t\t\t\t\t\t\t\t\t\t\t\t\t<\/div>\n\t\t\t\t<\/div>\n\t\t\t\t<\/div>\n\t\t\t\t\t<\/div>\n\t\t\t\t<\/div>\n\t\t<div class=\"elementor-element elementor-element-dc12b3f e-flex e-con-boxed e-con e-child\" data-id=\"dc12b3f\" data-element_type=\"container\" data-e-type=\"container\">\n\t\t\t\t\t<div class=\"e-con-inner\">\n\t\t\t\t<div class=\"elementor-element elementor-element-aa37718 elementor-widget elementor-widget-heading\" data-id=\"aa37718\" data-element_type=\"widget\" data-e-type=\"widget\" data-widget_type=\"heading.default\">\n\t\t\t\t\t<h3 class=\"elementor-heading-title elementor-size-default\">D\u00f6n\u00fc\u015ft\u00fcrme Hakk\u0131<\/h3>\t\t\t\t<\/div>\n\t\t\t\t<div class=\"elementor-element elementor-element-568313c elementor-widget elementor-widget-text-editor\" data-id=\"568313c\" data-element_type=\"widget\" data-e-type=\"widget\" data-widget_type=\"text-editor.default\">\n\t\t\t\t\t\t\t\t\t<p>Bak\u0131m ihtiyac\u0131 ile evde ya\u015f\u0131yorsunuz. Ve bir bak\u0131m hizmeti taraf\u0131ndan bak\u0131l\u0131yorsunuz. <\/p><p><strong>Bak\u0131m ayni hizmetinin %40&#8217;\u0131n\u0131<\/strong> g\u00fcnl\u00fck ya\u015famda destek hizmetlerine d\u00f6n\u00fc\u015ft\u00fcrebilirsiniz (d\u00f6n\u00fc\u015ft\u00fcrme hakk\u0131). Bu, bak\u0131m derecesi 2&#8217;den 5&#8217;e kadar olan ki\u015filer i\u00e7in ge\u00e7erlidir. <\/p><p>Bak\u0131m paras\u0131 size \u00f6deniyor mu? O zaman da d\u00f6n\u00fc\u015ft\u00fcrme hakk\u0131ndan yararlanabilirsiniz. B\u00f6ylece g\u00fcnl\u00fck ya\u015famda asistanl\u0131k i\u00e7in daha fazla paran\u0131z olur.  <\/p>\t\t\t\t\t\t\t\t<\/div>\n\t\t<div class=\"elementor-element elementor-element-a0e0277 e-con e-atomic-element e-flexbox-base e-a0e0277-88dc1a6 \" data-id=\"a0e0277\" data-element_type=\"e-flexbox\" data-e-type=\"e-flexbox\" data-interaction-id=\"a0e0277\" data-e-type=\"e-flexbox\" data-id=\"a0e0277\">\n    \t\t<div class=\"elementor-element elementor-element-e8c3384 elementor-widget elementor-widget-heading\" data-id=\"e8c3384\" data-element_type=\"widget\" data-e-type=\"widget\" data-widget_type=\"heading.default\">\n\t\t\t\t\t<h3 class=\"elementor-heading-title elementor-size-default\">D\u00f6n\u00fc\u015ft\u00fcrme Hakk\u0131 Bak\u0131m Paras\u0131 - Bir \u00d6rnek<\/h3>\t\t\t\t<\/div>\n\t\t\t\t<div class=\"elementor-element elementor-element-212215a elementor-widget elementor-widget-image\" data-id=\"212215a\" data-element_type=\"widget\" data-e-type=\"widget\" data-widget_type=\"image.default\">\n\t\t\t\t\t\t\t\t\t\t\t\t\t\t\t<img decoding=\"async\" width=\"600\" height=\"600\" src=\"https:\/\/northeim-assistenz-portal.de\/wp-content\/uploads\/BarriereScouts_Sozialheldinnen_Foto_Andi_Weiland-11_original2-600x600.jpg\" class=\"attachment-medium size-medium wp-image-1153\" alt=\"Tekerlekli sandalyedeki gen\u00e7 bir kad\u0131n bir mutfak tezg\u00e2h\u0131n\u0131n \u00f6n\u00fcnde duruyor. Erkek bir asistans g\u00f6revlisi, gen\u00e7 kad\u0131na bu dolaptan bir \u015fey uzatmak i\u00e7in \u00fcstteki bir dolab\u0131n kapa\u011f\u0131n\u0131 a\u00e7\u0131yor.\" srcset=\"https:\/\/northeim-assistenz-portal.de\/wp-content\/uploads\/BarriereScouts_Sozialheldinnen_Foto_Andi_Weiland-11_original2-600x600.jpg 600w, https:\/\/northeim-assistenz-portal.de\/wp-content\/uploads\/BarriereScouts_Sozialheldinnen_Foto_Andi_Weiland-11_original2-1600x1600.jpg 1600w, https:\/\/northeim-assistenz-portal.de\/wp-content\/uploads\/BarriereScouts_Sozialheldinnen_Foto_Andi_Weiland-11_original2-150x150.jpg 150w, https:\/\/northeim-assistenz-portal.de\/wp-content\/uploads\/BarriereScouts_Sozialheldinnen_Foto_Andi_Weiland-11_original2-768x768.jpg 768w, https:\/\/northeim-assistenz-portal.de\/wp-content\/uploads\/BarriereScouts_Sozialheldinnen_Foto_Andi_Weiland-11_original2-1536x1536.jpg 1536w, https:\/\/northeim-assistenz-portal.de\/wp-content\/uploads\/BarriereScouts_Sozialheldinnen_Foto_Andi_Weiland-11_original2-2048x2048.jpg 2048w\" sizes=\"(max-width: 600px) 100vw, 600px\" \/>\t\t\t\t\t\t\t\t\t\t\t\t\t\t\t<\/div>\n\t\t\t\t<div class=\"elementor-element elementor-element-9bd451b elementor-widget elementor-widget-text-editor\" data-id=\"9bd451b\" data-element_type=\"widget\" data-e-type=\"widget\" data-widget_type=\"text-editor.default\">\n\t\t\t\t\t\t\t\t\t<p>Maria&#8217;n\u0131n hareket kabiliyeti k\u0131s\u0131tl\u0131. Engellili\u011fi nedeniyle evi tek ba\u015f\u0131na terk etmekte zorlan\u0131yor. D\u0131\u015far\u0131da her yerde engellerle kar\u015f\u0131la\u015f\u0131yor. \u00d6rne\u011fin kald\u0131r\u0131m kenarlar\u0131 ve e\u015fikler. Maria&#8217;n\u0131n bak\u0131m derecesi 3.     <\/p><p>G\u00fcnl\u00fck ya\u015famda destek i\u00e7in Destek \u00d6dene\u011fi&#8217;ni ve ortak y\u0131ll\u0131k tutar\u0131n hizmetlerini kullan\u0131yor. \u00d6rne\u011fin al\u0131\u015fveri\u015fte e\u015flik etme veya ev i\u015flerinde yard\u0131m. <span style=\"letter-spacing: 0px;\">Para buna yetmiyor. Ayl\u0131k bak\u0131m ayni hizmetlerinin %40&#8217;\u0131n\u0131 g\u00fcnl\u00fck ya\u015famda destek hizmetlerine d\u00f6n\u00fc\u015ft\u00fcrmek i\u00e7in ba\u015fvuruyor. Bak\u0131m b\u00fct\u00e7esinin %60&#8217;\u0131n\u0131 bak\u0131m paras\u0131 olarak kullan\u0131yor.<\/span> <\/p>\t\t\t\t\t\t\t\t<\/div>\n\t\t\t\t<div class=\"elementor-element elementor-element-26e3f5c elementor-widget elementor-widget-text-editor\" data-id=\"26e3f5c\" data-element_type=\"widget\" data-e-type=\"widget\" data-widget_type=\"text-editor.default\">\n\t\t\t\t\t\t\t\t\t<p><strong>Bak\u0131m derecesi 3\/ay i\u00e7in bak\u0131m ayni hizmeti:<\/strong> 1.497 \u20ac (bunun %40&#8217;\u0131: 598,80 \u20ac)<\/p><p><strong>Bak\u0131m derecesi 3\/ay i\u00e7in bak\u0131m paras\u0131:<\/strong> 599 \u20ac (bunun %60&#8217;\u0131: 359,40 \u20ac)<\/p><p>D\u00f6n\u00fc\u015ft\u00fcrme sayesinde Maria&#8217;n\u0131n art\u0131k g\u00fcnl\u00fck ya\u015famda deste\u011fi i\u00e7in ayda 598,80 \u20ac daha fazla paras\u0131 var. Ve yine de ayl\u0131k 359,40 \u20ac bak\u0131m paras\u0131 al\u0131yor. <\/p>\t\t\t\t\t\t\t\t<\/div>\n\t\t\n<\/div>\n\t\t\t<\/div>\n\t\t\t\t<\/div>\n\t\t\t\t<\/div>\n\t\t\t\t\t<\/div>\n\t\t\t\t<\/div>\n\t\t<div class=\"elementor-element elementor-element-2896c5e e-flex e-con-boxed e-con e-child\" data-id=\"2896c5e\" data-element_type=\"container\" data-e-type=\"container\" data-settings=\"{&quot;background_background&quot;:&quot;classic&quot;}\">\n\t\t\t\t\t<div class=\"e-con-inner\">\n\t\t\t\t<div class=\"elementor-element elementor-element-0d34f5e elementor-widget elementor-widget-menu-anchor\" data-id=\"0d34f5e\" data-element_type=\"widget\" data-e-type=\"widget\" data-widget_type=\"menu-anchor.default\">\n\t\t\t\t\t\t\t<div class=\"elementor-menu-anchor\" id=\"sosyal-katlm-asistanlk\"><\/div>\n\t\t\t\t\t\t<\/div>\n\t\t<div class=\"elementor-element elementor-element-a9c4b14 e-con-full e-flex e-con e-child\" data-id=\"a9c4b14\" data-element_type=\"container\" data-e-type=\"container\" data-settings=\"{&quot;background_background&quot;:&quot;classic&quot;}\">\n\t\t\t\t\t<h2 data-interaction-id=\"bb89db0\" class=\"e-bb89db0-070ca3a e-heading-base\" data-e-type=\"widget\" data-id=\"bb89db0\">Asistanl\u0131k ile Sosyal Kat\u0131l\u0131m<\/h2>\n\t\t\t\t\t<p class=\"e-a3953de-e529288 e-paragraph-base\" data-interaction-id=\"a3953de\" data-e-type=\"widget\" data-id=\"a3953de\">2018'den beri engelli bireylerin&nbsp;<strong id=\"e-mrbtrybh-4ufs7so\">asistanl\u0131k hizmetlerine yasal hakk\u0131<\/strong> bulunmaktad\u0131r. Sosyal Kanun Kitab\u0131 9, asistanl\u0131k hizmetlerini 78. ve 113. paragraflarda d\u00fczenlemektedir. <\/p>\n\t\t<div class=\"elementor-element elementor-element-0155685 e-con-full e-flex e-con e-child\" data-id=\"0155685\" data-element_type=\"container\" data-e-type=\"container\" data-settings=\"{&quot;background_background&quot;:&quot;classic&quot;}\">\n\t\t<div class=\"elementor-element elementor-element-0e32a86 e-con e-atomic-element e-flexbox-base e-0e32a86-9b47ed1 \" data-id=\"0e32a86\" data-element_type=\"e-flexbox\" data-e-type=\"e-flexbox\" data-interaction-id=\"0e32a86\" data-e-type=\"e-flexbox\" data-id=\"0e32a86\">\n    \t\t<div class=\"elementor-element elementor-element-8846549 elementor-view-framed elementor-shape-circle elementor-widget elementor-widget-icon\" data-id=\"8846549\" data-element_type=\"widget\" data-e-type=\"widget\" data-widget_type=\"icon.default\">\n\t\t\t\t\t\t\t<div class=\"elementor-icon-wrapper\">\n\t\t\t<div class=\"elementor-icon\">\n\t\t\t<svg aria-hidden=\"true\" class=\"e-font-icon-svg e-fas-book\" viewBox=\"0 0 448 512\" xmlns=\"http:\/\/www.w3.org\/2000\/svg\"><path d=\"M448 360V24c0-13.3-10.7-24-24-24H96C43 0 0 43 0 96v320c0 53 43 96 96 96h328c13.3 0 24-10.7 24-24v-16c0-7.5-3.5-14.3-8.9-18.7-4.2-15.4-4.2-59.3 0-74.7 5.4-4.3 8.9-11.1 8.9-18.6zM128 134c0-3.3 2.7-6 6-6h212c3.3 0 6 2.7 6 6v20c0 3.3-2.7 6-6 6H134c-3.3 0-6-2.7-6-6v-20zm0 64c0-3.3 2.7-6 6-6h212c3.3 0 6 2.7 6 6v20c0 3.3-2.7 6-6 6H134c-3.3 0-6-2.7-6-6v-20zm253.4 250H96c-17.7 0-32-14.3-32-32 0-17.6 14.4-32 32-32h285.4c-1.9 17.1-1.9 46.9 0 64z\"><\/path><\/svg>\t\t\t<\/div>\n\t\t<\/div>\n\t\t\t\t\t\t<\/div>\n\t\t\t\t\t<h3 data-interaction-id=\"289af06\" class=\"e-289af06-eb6cd0d e-heading-base\" data-e-type=\"widget\" data-id=\"289af06\"><strong>78. Paragraf der ki: <\/strong><\/h3>\n\t\t\t\t\t<p class=\"e-60fb918-d81c0d4 e-paragraph-base\" data-interaction-id=\"60fb918\" data-e-type=\"widget\" data-id=\"60fb918\">Engelli bireyler g\u00fcnl\u00fck ya\u015famlar\u0131n\u0131 kendi belirledikleri \u015fekilde ve ba\u011f\u0131ms\u0131z olarak ya\u015famal\u0131d\u0131r. G\u00fcnl\u00fck ya\u015famlar\u0131n\u0131 kendileri planlayabilmeli ve d\u00fczenleyebilmelidirler. Bunun i\u00e7in asistanl\u0131k hizmetleri sa\u011flan\u0131r.  <\/p>\n\t\t\n<\/div>\n\t\t<\/div>\n\t\t<div class=\"elementor-element elementor-element-bf90924 e-grid e-con-full e-con e-child\" data-id=\"bf90924\" data-element_type=\"container\" data-e-type=\"container\">\n\t\t<div class=\"elementor-element elementor-element-1a4262b e-con-full e-flex e-con e-child\" data-id=\"1a4262b\" data-element_type=\"container\" data-e-type=\"container\">\n\t\t\t\t<div class=\"elementor-element elementor-element-04d2659 elementor-widget elementor-widget-image\" data-id=\"04d2659\" data-element_type=\"widget\" data-e-type=\"widget\" data-widget_type=\"image.default\">\n\t\t\t\t\t\t\t\t\t\t\t\t\t\t\t<img decoding=\"async\" width=\"600\" height=\"600\" src=\"https:\/\/northeim-assistenz-portal.de\/wp-content\/uploads\/assistenz-portal-northeim-iStock-1997448953-1-600x600.jpg\" class=\"attachment-medium size-medium wp-image-1147\" alt=\"\" srcset=\"https:\/\/northeim-assistenz-portal.de\/wp-content\/uploads\/assistenz-portal-northeim-iStock-1997448953-1-600x600.jpg 600w, https:\/\/northeim-assistenz-portal.de\/wp-content\/uploads\/assistenz-portal-northeim-iStock-1997448953-1-150x150.jpg 150w, https:\/\/northeim-assistenz-portal.de\/wp-content\/uploads\/assistenz-portal-northeim-iStock-1997448953-1-768x768.jpg 768w, https:\/\/northeim-assistenz-portal.de\/wp-content\/uploads\/assistenz-portal-northeim-iStock-1997448953-1.jpg 853w\" sizes=\"(max-width: 600px) 100vw, 600px\" \/>\t\t\t\t\t\t\t\t\t\t\t\t\t\t\t<\/div>\n\t\t\t\t<\/div>\n\t\t<div class=\"elementor-element elementor-element-88a9cb3 e-con-full e-flex e-con e-child\" data-id=\"88a9cb3\" data-element_type=\"container\" data-e-type=\"container\">\n\t\t\t\t<div class=\"elementor-element elementor-element-a96fe25 elementor-widget elementor-widget-text-editor\" data-id=\"a96fe25\" data-element_type=\"widget\" data-e-type=\"widget\" data-widget_type=\"text-editor.default\">\n\t\t\t\t\t\t\t\t\t<p>Asistanl\u0131k, farkl\u0131 ya\u015fam alanlar\u0131nda yard\u0131mc\u0131 olabilir: evde, i\u015fte, e\u011fitimde veya \u00fcniversitede, bo\u015f zamanlarda, k\u00fclt\u00fcr ve sporda.<\/p><p>Bu destek bir \u201cyard\u0131mc\u0131 el\u201d olabilir. Veya bir e\u015flik. Veya bir rehberlik. Asistan, faaliyetleri tamamen veya k\u0131smen \u00fcstlenebilir.   <\/p><p>K\u0131s\u0131tlamas\u0131 olan ki\u015fi karar verir: Ne konuda asistanl\u0131\u011fa ihtiyac\u0131m var? Kim beni desteklemeli? Yard\u0131m nas\u0131l olmal\u0131?  <\/p>\t\t\t\t\t\t\t\t<\/div>\n\t\t\t\t<\/div>\n\t\t\t\t<\/div>\n\t\t\t\t<\/div>\n\t\t\t\t\t<\/div>\n\t\t\t\t<\/div>\n\t\t<div class=\"elementor-element elementor-element-bd1adfa e-flex e-con-boxed e-con e-parent\" data-id=\"bd1adfa\" data-element_type=\"container\" data-e-type=\"container\">\n\t\t\t\t\t<div class=\"e-con-inner\">\n\t\t\t\t<div class=\"elementor-element elementor-element-9b1b22b elementor-widget elementor-widget-heading\" data-id=\"9b1b22b\" data-element_type=\"widget\" data-e-type=\"widget\" data-widget_type=\"heading.default\">\n\t\t\t\t\t<h3 class=\"elementor-heading-title elementor-size-default\">Sosyal Kat\u0131l\u0131m Hizmetleri<\/h3>\t\t\t\t<\/div>\n\t\t\t\t<div class=\"elementor-element elementor-element-a287c51 elementor-widget elementor-widget-text-editor\" data-id=\"a287c51\" data-element_type=\"widget\" data-e-type=\"widget\" data-widget_type=\"text-editor.default\">\n\t\t\t\t\t\t\t\t\t<div id=\"_rich_text-598-892\" class=\"oxy-rich-text\"><p>Asistanl\u0131k hizmetleri genellikle sosyal kat\u0131l\u0131m hizmetidir. Bu hizmetler g\u00fcnl\u00fck ya\u015fam\u0131n genel i\u015fleri i\u00e7in sa\u011flan\u0131r \u2013 \u00f6rne\u011fin: <\/p><\/div><div id=\"_rich_text-460-892\" class=\"oxy-rich-text\"><ul><li>Ev y\u00f6netimi<\/li><li>Sosyal ili\u015fkilerin \u015fekillendirilmesi<\/li><li>Ki\u015fisel ya\u015fam planlamas\u0131<\/li><li>Toplumsal ve k\u00fclt\u00fcrel ya\u015fama kat\u0131l\u0131m<\/li><li>Sportif faaliyetler dahil bo\u015f zaman de\u011ferlendirme<\/li><li>T\u0131bbi ve doktor taraf\u0131ndan re\u00e7ete edilen hizmetlerin etkinli\u011finin sa\u011flanmas\u0131<\/li><li>\u00c7evre ile ileti\u015fim<\/li><li>Bir irtibat ki\u015fisine ula\u015f\u0131labilirlik<\/li><li>Engelli ebeveynlerin \u00e7ocuklar\u0131n\u0131n bak\u0131m\u0131 i\u00e7in (Ebeveyn Asistanl\u0131\u011f\u0131)<\/li><li>G\u00f6n\u00fcll\u00fc bir g\u00f6revi yerine getirirken<\/li><li>Hastanede Asistanl\u0131k<\/li><\/ul><\/div>\t\t\t\t\t\t\t\t<\/div>\n\t\t<div class=\"elementor-element elementor-element-3723433 e-con e-atomic-element e-flexbox-base e-3723433-b795065 \" data-id=\"3723433\" data-element_type=\"e-flexbox\" data-e-type=\"e-flexbox\" data-interaction-id=\"3723433\" data-e-type=\"e-flexbox\" data-id=\"3723433\">\n    <div class=\"elementor-element elementor-element-e9ec575 e-grid e-con-full e-con e-child\" data-id=\"e9ec575\" data-element_type=\"container\" data-e-type=\"container\">\n\t\t<div class=\"elementor-element elementor-element-2b3c83b e-con-full e-flex e-con e-child\" data-id=\"2b3c83b\" data-element_type=\"container\" data-e-type=\"container\">\n\t\t\t\t\t<img decoding=\"async\" class=\"e-image-base \" data-interaction-id=\"d143197\" data-e-type=\"widget\" data-id=\"d143197\" id=\"1148\" src=\"https:\/\/northeim-assistenz-portal.de\/wp-content\/uploads\/assistenz-portal-northeim-iStock-532221669-1.jpg\" width=\"684\" height=\"853\" srcset=\"https:\/\/northeim-assistenz-portal.de\/wp-content\/uploads\/assistenz-portal-northeim-iStock-532221669-1.jpg 684w, https:\/\/northeim-assistenz-portal.de\/wp-content\/uploads\/assistenz-portal-northeim-iStock-532221669-1-481x600.jpg 481w\" alt=\"\"\/>\t\t\t\t<\/div>\n\t\t<div class=\"elementor-element elementor-element-8e568c3 e-con-full e-flex e-con e-child\" data-id=\"8e568c3\" data-element_type=\"container\" data-e-type=\"container\">\n\t\t\t\t<div class=\"elementor-element elementor-element-06f3bdd elementor-widget elementor-widget-heading\" data-id=\"06f3bdd\" data-element_type=\"widget\" data-e-type=\"widget\" data-widget_type=\"heading.default\">\n\t\t\t\t\t<h3 class=\"elementor-heading-title elementor-size-default\">Asistanl\u0131k Ba\u015fvurusu<\/h3>\t\t\t\t<\/div>\n\t\t\t\t<div class=\"elementor-element elementor-element-591a633 elementor-widget elementor-widget-text-editor\" data-id=\"591a633\" data-element_type=\"widget\" data-e-type=\"widget\" data-widget_type=\"text-editor.default\">\n\t\t\t\t\t\t\t\t\t<p>Entegrasyon Yard\u0131m\u0131&#8217;na veya ba\u015fka bir Hizmet Sa\u011flay\u0131c\u0131&#8217;ya ba\u015fvuru yapabilirsiniz. Ba\u015fvuru telefon, e-posta veya mektupla yap\u0131labilir.<br\/>Dan\u0131\u015fma merkezleri ba\u015fvuru s\u00fcrecinde yard\u0131mc\u0131 olur. <\/p><p>Asistanl\u0131k hizmetleri insanlar\u0131 ba\u015fka alanlarda da destekleyebilir. \u00d6rne\u011fin: \u0130\u015fte (\u0130\u015f Asistanl\u0131\u011f\u0131), okulda (Okul Asistanl\u0131\u011f\u0131), \u00fcniversitede veya e\u011fitimde. O zaman belki ba\u015fka bir Hizmet Sa\u011flay\u0131c\u0131 yetkili olabilir. \u00d6rne\u011fin: \u0130\u015f Ajans\u0131, Entegrasyon Ofisi, Emeklilik Sigortas\u0131 veya Kaza Sigortas\u0131.   <\/p>\t\t\t\t\t\t\t\t<\/div>\n\t\t\t\t<div class=\"elementor-element elementor-element-762d5f1 elementor-widget elementor-widget-button\" data-id=\"762d5f1\" data-element_type=\"widget\" data-e-type=\"widget\" data-widget_type=\"button.default\">\n\t\t\t\t\t\t\t\t\t\t<a class=\"elementor-button elementor-button-link elementor-size-sm\" href=\"https:\/\/www.landkreis-northeim.de\/buergerservice\/dienstleistungen\/eingliederungshilfe-fuer-erwachsene-mit-behinderungen-sowie-fuer-kinder-und-jugendliche-mit-koerperlichen-und-geistigen-behinderungen-beantragen-900001569-0.html?myMedium=1&#038;auswahl=0\" target=\"_blank\" rel=\"nofollow noopener\">\n\t\t\t\t\t\t<span class=\"elementor-button-content-wrapper\">\n\t\t\t\t\t\t\t\t\t<span class=\"elementor-button-text\">Northeim \u0130l\u00e7esi'nde asistanl\u0131k ba\u015fvurusu yap\u0131n\n<\/span>\n\t\t\t\t\t<\/span>\n\t\t\t\t\t<\/a>\n\t\t\t\t\t\t\t\t<\/div>\n\t\t\t\t<\/div>\n\t\t\t\t<\/div>\n\t\t\n<\/div>\n<div class=\"elementor-element elementor-element-f6b9420 e-con-full e-flex e-con e-child\" data-id=\"f6b9420\" data-element_type=\"container\" data-e-type=\"container\" data-settings=\"{&quot;background_background&quot;:&quot;classic&quot;}\">\n\t\t\t\t<div class=\"elementor-element elementor-element-ec33d4a elementor-view-framed elementor-shape-circle elementor-widget elementor-widget-icon\" data-id=\"ec33d4a\" data-element_type=\"widget\" data-e-type=\"widget\" data-widget_type=\"icon.default\">\n\t\t\t\t\t\t\t<div class=\"elementor-icon-wrapper\">\n\t\t\t<div class=\"elementor-icon\">\n\t\t\t<svg aria-hidden=\"true\" class=\"e-font-icon-svg e-far-lightbulb\" viewBox=\"0 0 352 512\" xmlns=\"http:\/\/www.w3.org\/2000\/svg\"><path d=\"M176 80c-52.94 0-96 43.06-96 96 0 8.84 7.16 16 16 16s16-7.16 16-16c0-35.3 28.72-64 64-64 8.84 0 16-7.16 16-16s-7.16-16-16-16zM96.06 459.17c0 3.15.93 6.22 2.68 8.84l24.51 36.84c2.97 4.46 7.97 7.14 13.32 7.14h78.85c5.36 0 10.36-2.68 13.32-7.14l24.51-36.84c1.74-2.62 2.67-5.7 2.68-8.84l.05-43.18H96.02l.04 43.18zM176 0C73.72 0 0 82.97 0 176c0 44.37 16.45 84.85 43.56 115.78 16.64 18.99 42.74 58.8 52.42 92.16v.06h48v-.12c-.01-4.77-.72-9.51-2.15-14.07-5.59-17.81-22.82-64.77-62.17-109.67-20.54-23.43-31.52-53.15-31.61-84.14-.2-73.64 59.67-128 127.95-128 70.58 0 128 57.42 128 128 0 30.97-11.24 60.85-31.65 84.14-39.11 44.61-56.42 91.47-62.1 109.46a47.507 47.507 0 0 0-2.22 14.3v.1h48v-.05c9.68-33.37 35.78-73.18 52.42-92.16C335.55 260.85 352 220.37 352 176 352 78.8 273.2 0 176 0z\"><\/path><\/svg>\t\t\t<\/div>\n\t\t<\/div>\n\t\t\t\t\t\t<\/div>\n\t\t\t\t<div class=\"elementor-element elementor-element-370b90d elementor-widget elementor-widget-heading\" data-id=\"370b90d\" data-element_type=\"widget\" data-e-type=\"widget\" data-widget_type=\"heading.default\">\n\t\t\t\t\t<h4 class=\"elementor-heading-title elementor-size-default\">Bilmekte Fayda Var:<\/h4>\t\t\t\t<\/div>\n\t\t\t\t<div class=\"elementor-element elementor-element-c451e19 elementor-widget elementor-widget-text-editor\" data-id=\"c451e19\" data-element_type=\"widget\" data-e-type=\"widget\" data-widget_type=\"text-editor.default\">\n\t\t\t\t\t\t\t\t\t<p><span style=\"letter-spacing: 0px;\">Bak\u0131m derecesi 4 veya 5 olan 25 ya\u015f alt\u0131 \u00e7ocuklar, gen\u00e7ler ve gen\u00e7 yeti\u015fkinler de yeni ortak y\u0131ll\u0131k tutar\u0131 kullanabilirler. 01.07.2025 tarihinden itibaren 3.539 Euro&#8217;ya sahip olacaklard\u0131r. <\/span><\/p>\t\t\t\t\t\t\t\t<\/div>\n\t\t\t\t<div class=\"elementor-element elementor-element-037813a elementor-widget elementor-widget-button\" data-id=\"037813a\" data-element_type=\"widget\" data-e-type=\"widget\" data-widget_type=\"button.default\">\n\t\t\t\t\t\t\t\t\t\t<a class=\"elementor-button elementor-button-link elementor-size-sm\" href=\"https:\/\/www.betanet.de\/uebersicht-sozialgesetzbuecher-leistungstraeger.html\" target=\"_blank\" rel=\"nofollow noopener\">\n\t\t\t\t\t\t<span class=\"elementor-button-content-wrapper\">\n\t\t\t\t\t\t\t\t\t<span class=\"elementor-button-text\">Hizmet Sa\u011flay\u0131c\u0131lar ve Sosyal Kanun Kitaplar\u0131<\/span>\n\t\t\t\t\t<\/span>\n\t\t\t\t\t<\/a>\n\t\t\t\t\t\t\t\t<\/div>\n\t\t\t\t<\/div>\n\t\t\t\t\t<\/div>\n\t\t\t\t<\/div>\n\t\t<div class=\"elementor-element elementor-element-0d534d8 e-con-full e-flex e-con e-parent\" data-id=\"0d534d8\" data-element_type=\"container\" data-e-type=\"container\" data-settings=\"{&quot;background_background&quot;:&quot;classic&quot;}\">\n\t\t<div class=\"elementor-element elementor-element-b07a78c e-flex e-con-boxed e-con e-child\" data-id=\"b07a78c\" data-element_type=\"container\" data-e-type=\"container\" data-settings=\"{&quot;background_background&quot;:&quot;classic&quot;}\">\n\t\t\t\t\t<div class=\"e-con-inner\">\n\t\t<div class=\"elementor-element elementor-element-f497f49 e-grid e-con-full e-con e-child\" data-id=\"f497f49\" data-element_type=\"container\" data-e-type=\"container\">\n\t\t<div class=\"elementor-element elementor-element-879de78 e-con-full e-flex e-con e-child\" data-id=\"879de78\" data-element_type=\"container\" data-e-type=\"container\">\n\t\t\t\t<div class=\"elementor-element elementor-element-cb07716 elementor-widget elementor-widget-heading\" data-id=\"cb07716\" data-element_type=\"widget\" data-e-type=\"widget\" data-widget_type=\"heading.default\">\n\t\t\t\t\t<h3 class=\"elementor-heading-title elementor-size-default\">\u0130htiya\u00e7 Belirleme (BENi)<\/h3>\t\t\t\t<\/div>\n\t\t\t\t<div class=\"elementor-element elementor-element-fc37af7 elementor-widget elementor-widget-text-editor\" data-id=\"fc37af7\" data-element_type=\"widget\" data-e-type=\"widget\" data-widget_type=\"text-editor.default\">\n\t\t\t\t\t\t\t\t\t<p>Ba\u015fvurudan sonra bir ihtiya\u00e7 belirlemesi yap\u0131l\u0131r.<\/p><p>\u0130htiya\u00e7 belirlemesinde \u015fu sorulur: Hangi ya\u015fam alanlar\u0131nda deste\u011fe ihtiyac\u0131n\u0131z var?<\/p>\t\t\t\t\t\t\t\t<\/div>\n\t\t\t\t<div class=\"elementor-element elementor-element-39cb5fd elementor-widget elementor-widget-button\" data-id=\"39cb5fd\" data-element_type=\"widget\" data-e-type=\"widget\" data-widget_type=\"button.default\">\n\t\t\t\t\t\t\t\t\t\t<a class=\"elementor-button elementor-button-link elementor-size-sm\" href=\"https:\/\/soziales.niedersachsen.de\/startseite\/leichte_sprache\/bedarfs_ermittlung_niedersachsen\/bedarfsermittlung-niedersachsen-beni-in-leichter-sprache-182800.html\" target=\"_blank\" rel=\"nofollow noopener\">\n\t\t\t\t\t\t<span class=\"elementor-button-content-wrapper\">\n\t\t\t\t\t\t\t\t\t<span class=\"elementor-button-text\">\u0130htiya\u00e7 belirleme hakk\u0131nda daha fazla bilgi<\/span>\n\t\t\t\t\t<\/span>\n\t\t\t\t\t<\/a>\n\t\t\t\t\t\t\t\t<\/div>\n\t\t\t\t<div class=\"elementor-element elementor-element-0a17895 elementor-widget elementor-widget-text-editor\" data-id=\"0a17895\" data-element_type=\"widget\" data-e-type=\"widget\" data-widget_type=\"text-editor.default\">\n\t\t\t\t\t\t\t\t\t<p>Bu d\u00fc\u011fmeye t\u0131klayarak A\u015fa\u011f\u0131 Saksonya Eyalet Sosyal, Gen\u00e7lik ve Aile Ofisi web sitesine ula\u015f\u0131rs\u0131n\u0131z.<\/p>\t\t\t\t\t\t\t\t<\/div>\n\t\t\t\t<div class=\"elementor-element elementor-element-f1a1674 elementor-widget elementor-widget-text-editor\" data-id=\"f1a1674\" data-element_type=\"widget\" data-e-type=\"widget\" data-widget_type=\"text-editor.default\">\n\t\t\t\t\t\t\t\t\t<p>Bir ki\u015finin basit\/telafi edici asistanl\u0131\u011fa m\u0131 ihtiyac\u0131 var? O zaman asistan, faaliyetleri tamamen veya k\u0131smen \u00fcstlenmeli veya ki\u015fiye e\u015flik etmelidir.  <\/p><p>Yoksa bir ki\u015finin nitelikli asistanl\u0131\u011fa m\u0131 ihtiyac\u0131 var? O zaman asistan, ki\u015fiye rehberlik etmeli ve motive etmeli. Ve onunla yeni faaliyetler \u00fczerinde pratik yapmal\u0131. Bu i\u015f i\u00e7in pedagojik bir e\u011fitime ihtiya\u00e7 vard\u0131r.   <\/p><p><strong>Northeim Asistanl\u0131k Portal\u0131 basit asistanl\u0131k hizmetleri sunar. Burada g\u00fcnl\u00fck ya\u015famda asistanl\u0131k arayabilir ve bulabilirsiniz. <\/strong><\/p>\t\t\t\t\t\t\t\t<\/div>\n\t\t\t\t<div class=\"elementor-element elementor-element-3e011ca elementor-widget elementor-widget-button\" data-id=\"3e011ca\" data-element_type=\"widget\" data-e-type=\"widget\" data-widget_type=\"button.default\">\n\t\t\t\t\t\t\t\t\t\t<a class=\"elementor-button elementor-button-link elementor-size-sm\" href=\"https:\/\/assistenz-suchen.assistenz-portal.com\/\" target=\"_blank\" rel=\"nofollow noopener\">\n\t\t\t\t\t\t<span class=\"elementor-button-content-wrapper\">\n\t\t\t\t\t\t\t\t\t<span class=\"elementor-button-text\">Asistanl\u0131k Bul<\/span>\n\t\t\t\t\t<\/span>\n\t\t\t\t\t<\/a>\n\t\t\t\t\t\t\t\t<\/div>\n\t\t\t\t<\/div>\n\t\t<div class=\"elementor-element elementor-element-1d07ad1 e-con-full e-flex e-con e-child\" data-id=\"1d07ad1\" data-element_type=\"container\" data-e-type=\"container\">\n\t\t\t\t<div class=\"elementor-element elementor-element-5cafd95 elementor-widget elementor-widget-image\" data-id=\"5cafd95\" data-element_type=\"widget\" data-e-type=\"widget\" data-widget_type=\"image.default\">\n\t\t\t\t\t\t\t\t\t\t\t\t\t\t\t<img decoding=\"async\" width=\"631\" height=\"1024\" src=\"https:\/\/northeim-assistenz-portal.de\/wp-content\/uploads\/assistenz-portal-northeim-iStock-1148745774-1.jpg\" class=\"attachment-large size-large wp-image-1149\" alt=\"Tekerlekli sandalyede oturan bir adam g\u00fcl\u00fcms\u00fcyor. Yan\u0131nda onu destekleyen bir kad\u0131n var. \u0130kisi de birbirine g\u00fcl\u00fcms\u00fcyor.\" srcset=\"https:\/\/northeim-assistenz-portal.de\/wp-content\/uploads\/assistenz-portal-northeim-iStock-1148745774-1.jpg 631w, https:\/\/northeim-assistenz-portal.de\/wp-content\/uploads\/assistenz-portal-northeim-iStock-1148745774-1-370x600.jpg 370w\" sizes=\"(max-width: 631px) 100vw, 631px\" \/>\t\t\t\t\t\t\t\t\t\t\t\t\t\t\t<\/div>\n\t\t\t\t<\/div>\n\t\t\t\t<\/div>\n\t\t\t\t\t<\/div>\n\t\t\t\t<\/div>\n\t\t\t\t<\/div>\n\t\t<div class=\"elementor-element elementor-element-6cc044e e-flex e-con-boxed e-con e-child\" data-id=\"6cc044e\" data-element_type=\"container\" data-e-type=\"container\">\n\t\t\t\t\t<div class=\"e-con-inner\">\n\t\t\t\t<div class=\"elementor-element elementor-element-4b1fbe0 elementor-widget elementor-widget-heading\" data-id=\"4b1fbe0\" data-element_type=\"widget\" data-e-type=\"widget\" data-widget_type=\"heading.default\">\n\t\t\t\t\t<h3 class=\"elementor-heading-title elementor-size-default\">Ki\u015fisel B\u00fct\u00e7e veya Hizmet Sa\u011flay\u0131c\u0131<\/h3>\t\t\t\t<\/div>\n\t\t<div class=\"elementor-element elementor-element-a50c75e e-con e-atomic-element e-flexbox-base e-a50c75e-0fa8adf \" data-id=\"a50c75e\" data-element_type=\"e-flexbox\" data-e-type=\"e-flexbox\" data-interaction-id=\"a50c75e\" data-e-type=\"e-flexbox\" data-id=\"a50c75e\">\n    <div class=\"elementor-element elementor-element-f8a2a43 e-grid e-con-full e-con e-child\" data-id=\"f8a2a43\" data-element_type=\"container\" data-e-type=\"container\">\n\t\t<div class=\"elementor-element elementor-element-238ecb6 e-con-full e-flex e-con e-child\" data-id=\"238ecb6\" data-element_type=\"container\" data-e-type=\"container\">\n\t\t\t\t<div class=\"elementor-element elementor-element-2619c90 elementor-widget elementor-widget-heading\" data-id=\"2619c90\" data-element_type=\"widget\" data-e-type=\"widget\" data-widget_type=\"heading.default\">\n\t\t\t\t\t<h3 class=\"elementor-heading-title elementor-size-default\">Hizmeti kim sa\u011flamal\u0131?<\/h3>\t\t\t\t<\/div>\n\t\t\t\t<div class=\"elementor-element elementor-element-384c1a7 elementor-widget elementor-widget-text-editor\" data-id=\"384c1a7\" data-element_type=\"widget\" data-e-type=\"widget\" data-widget_type=\"text-editor.default\">\n\t\t\t\t\t\t\t\t\t<p>Hizmet Sa\u011flay\u0131c\u0131 size belirli say\u0131da asistanl\u0131k saati onaylad\u0131. O zaman karar vermeniz gerekir: Asistanl\u0131k hizmetini bir Hizmet Sa\u011flay\u0131c\u0131 arac\u0131l\u0131\u011f\u0131yla m\u0131 almak istiyorum? <\/p><p>O zaman <strong>Hizmet Sa\u011flay\u0131c\u0131&#8217;dan<\/strong> bir asistan evinize gelir.<\/p><p>Yoksa bir asistanla kendim mi s\u00f6zle\u015fme yapmak istiyorum? O zaman kendiniz bir asistan bulur ve i\u015fe al\u0131rs\u0131n\u0131z (<strong>Ki\u015fisel B\u00fct\u00e7e<\/strong>). <\/p><p>\u0130kisi de m\u00fcmk\u00fcn.<\/p>\t\t\t\t\t\t\t\t<\/div>\n\t\t\t\t<\/div>\n\t\t<div class=\"elementor-element elementor-element-292125b e-con-full e-flex e-con e-child\" data-id=\"292125b\" data-element_type=\"container\" data-e-type=\"container\">\n\t\t\t\t\t<img decoding=\"async\" class=\"e-image-base \" data-interaction-id=\"f9a5036\" data-e-type=\"widget\" data-id=\"f9a5036\" id=\"1150\" src=\"https:\/\/northeim-assistenz-portal.de\/wp-content\/uploads\/assistenz-portal-northeim-iStock-1437919075-1.jpg\" width=\"853\" height=\"853\" srcset=\"https:\/\/northeim-assistenz-portal.de\/wp-content\/uploads\/assistenz-portal-northeim-iStock-1437919075-1.jpg 853w, https:\/\/northeim-assistenz-portal.de\/wp-content\/uploads\/assistenz-portal-northeim-iStock-1437919075-1-600x600.jpg 600w, https:\/\/northeim-assistenz-portal.de\/wp-content\/uploads\/assistenz-portal-northeim-iStock-1437919075-1-150x150.jpg 150w, https:\/\/northeim-assistenz-portal.de\/wp-content\/uploads\/assistenz-portal-northeim-iStock-1437919075-1-768x768.jpg 768w\" alt=\"Orta Do\u011fulu gen\u00e7 bir kad\u0131n g\u00f6r\u00fcnt\u00fcl\u00fc arama yap\u0131yor. \u0130\u015faret dili hareketleri g\u00f6steriyor. \"\/>\t\t\t\t<\/div>\n\t\t\t\t<\/div>\n\t\t\n<\/div>\n\t\t\t<\/div>\n\t\t\t\t<\/div>\n\t\t<div class=\"elementor-element elementor-element-a74768d e-flex e-con-boxed e-con e-parent\" data-id=\"a74768d\" data-element_type=\"container\" data-e-type=\"container\">\n\t\t\t\t\t<div class=\"e-con-inner\">\n\t\t<div class=\"elementor-element elementor-element-2f19046 e-grid e-con-full e-con e-child\" data-id=\"2f19046\" data-element_type=\"container\" data-e-type=\"container\">\n\t\t<div class=\"elementor-element elementor-element-c2af912 e-con-full e-flex e-con e-child\" data-id=\"c2af912\" data-element_type=\"container\" data-e-type=\"container\">\n\t\t\t\t<div class=\"elementor-element elementor-element-049290b elementor-widget elementor-widget-heading\" data-id=\"049290b\" data-element_type=\"widget\" data-e-type=\"widget\" data-widget_type=\"heading.default\">\n\t\t\t\t\t<h3 class=\"elementor-heading-title elementor-size-default\">Bir Hizmet Sa\u011flay\u0131c\u0131 Arac\u0131l\u0131\u011f\u0131yla Asistanl\u0131k<\/h3>\t\t\t\t<\/div>\n\t\t\t\t<div class=\"elementor-element elementor-element-abd4e14 elementor-widget elementor-widget-text-editor\" data-id=\"abd4e14\" data-element_type=\"widget\" data-e-type=\"widget\" data-widget_type=\"text-editor.default\">\n\t\t\t\t\t\t\t\t\t<p>B\u00f6lgenizdeki bir Hizmet Sa\u011flay\u0131c\u0131&#8217;y\u0131 se\u00e7ersiniz. Bu sa\u011flay\u0131c\u0131 size bir asistan y\u00f6nlendirir. O zaman faturaland\u0131rma ile sizin bir i\u015finiz olmaz.  <\/p>\t\t\t\t\t\t\t\t<\/div>\n\t\t\t\t<div class=\"elementor-element elementor-element-b328b55 elementor-widget elementor-widget-button\" data-id=\"b328b55\" data-element_type=\"widget\" data-e-type=\"widget\" data-widget_type=\"button.default\">\n\t\t\t\t\t\t\t\t\t\t<a class=\"elementor-button elementor-button-link elementor-size-sm\" href=\"\/wp-content\/uploads\/Anbieter-einfacher-Assistenz-im-Landkreis-Northeim.pdf\" target=\"_blank\">\n\t\t\t\t\t\t<span class=\"elementor-button-content-wrapper\">\n\t\t\t\t\t\t<span class=\"elementor-button-icon\">\n\t\t\t\t<svg aria-hidden=\"true\" class=\"e-font-icon-svg e-far-arrow-alt-circle-down\" viewBox=\"0 0 512 512\" xmlns=\"http:\/\/www.w3.org\/2000\/svg\"><path d=\"M256 8C119 8 8 119 8 256s111 248 248 248 248-111 248-248S393 8 256 8zm0 448c-110.5 0-200-89.5-200-200S145.5 56 256 56s200 89.5 200 200-89.5 200-200 200zm-32-316v116h-67c-10.7 0-16 12.9-8.5 20.5l99 99c4.7 4.7 12.3 4.7 17 0l99-99c7.6-7.6 2.2-20.5-8.5-20.5h-67V140c0-6.6-5.4-12-12-12h-40c-6.6 0-12 5.4-12 12z\"><\/path><\/svg>\t\t\t<\/span>\n\t\t\t\t\t\t\t\t\t<span class=\"elementor-button-text\">Hizmet Sa\u011flay\u0131c\u0131lar Listesi<\/span>\n\t\t\t\t\t<\/span>\n\t\t\t\t\t<\/a>\n\t\t\t\t\t\t\t\t<\/div>\n\t\t\t\t<\/div>\n\t\t<div class=\"elementor-element elementor-element-993c8e7 e-con-full e-flex e-con e-child\" data-id=\"993c8e7\" data-element_type=\"container\" data-e-type=\"container\">\n\t\t\t\t<div class=\"elementor-element elementor-element-a148dfd elementor-widget elementor-widget-heading\" data-id=\"a148dfd\" data-element_type=\"widget\" data-e-type=\"widget\" data-widget_type=\"heading.default\">\n\t\t\t\t\t<h3 class=\"elementor-heading-title elementor-size-default\">Ki\u015fisel B\u00fct\u00e7e<\/h3>\t\t\t\t<\/div>\n\t\t\t\t<div class=\"elementor-element elementor-element-d848fc5 elementor-widget elementor-widget-text-editor\" data-id=\"d848fc5\" data-element_type=\"widget\" data-e-type=\"widget\" data-widget_type=\"text-editor.default\">\n\t\t\t\t\t\t\t\t\t<p>Ki\u015fisel B\u00fct\u00e7e&#8217;yi se\u00e7ersiniz. O zaman asistanl\u0131k i\u00e7in para hesab\u0131n\u0131za yatar. Bir veya daha fazla ki\u015fiyi asistan olarak i\u015fe al\u0131rs\u0131n\u0131z. Ve ayl\u0131k olarak Hizmet Sa\u011flay\u0131c\u0131 ile hesapla\u015f\u0131rs\u0131n\u0131z.   <\/p><p>Somut destek ihtiyac\u0131na siz karar verirsiniz. Ve asistanlarla i\u015f s\u00f6zle\u015fmeleri veya g\u00f6n\u00fcll\u00fcl\u00fck s\u00f6zle\u015fmeleri yapars\u0131n\u0131z. Kendiniz personel arar, i\u015fe al\u0131r, g\u00f6revlendirme planlamas\u0131n\u0131 yapar, sosyal g\u00fcvenlik primlerini \u00f6der ve maa\u015flar\u0131 \u00f6dersiniz.  <\/p><p>Ki\u015fisel B\u00fct\u00e7e size maksimum \u00f6zerklik sunar. Ancak ayn\u0131 zamanda \u00e7ok i\u015f demektir. Bunun i\u00e7in idari bilgilere ihtiyac\u0131n\u0131z vard\u0131r. Bir vergi dan\u0131\u015fman\u0131ndan destek alabilirsiniz.   <\/p><p>EUTB&#8217;den (Tamamlay\u0131c\u0131 Ba\u011f\u0131ms\u0131z Kat\u0131l\u0131m Dan\u0131\u015fmanl\u0131\u011f\u0131) dan\u0131\u015fmanl\u0131k alabilirsiniz. <\/p>\t\t\t\t\t\t\t\t<\/div>\n\t\t\t\t<div class=\"elementor-element elementor-element-644a782 elementor-widget elementor-widget-button\" data-id=\"644a782\" data-element_type=\"widget\" data-e-type=\"widget\" data-widget_type=\"button.default\">\n\t\t\t\t\t\t\t\t\t\t<a class=\"elementor-button elementor-button-link elementor-size-sm\" href=\"https:\/\/www.teilhabeberatung.de\/beratung\/beratungsangebote-der-eutb\" target=\"_blank\" rel=\"nofollow noopener\">\n\t\t\t\t\t\t<span class=\"elementor-button-content-wrapper\">\n\t\t\t\t\t\t\t\t\t<span class=\"elementor-button-text\">EUTB Dan\u0131\u015fmanl\u0131\u011f\u0131na<\/span>\n\t\t\t\t\t<\/span>\n\t\t\t\t\t<\/a>\n\t\t\t\t\t\t\t\t<\/div>\n\t\t\t\t<\/div>\n\t\t\t\t<\/div>\n\t\t\t\t\t<\/div>\n\t\t\t\t<\/div>\n\t\t\t\t<\/div>\n\t\t","protected":false},"excerpt":{"rendered":"<p>Asistanl\u0131k, g\u00fcnl\u00fck ya\u015famda destek hizmeti anlam\u0131na gelir. Asistanl\u0131k, evde ba\u011f\u0131ms\u0131z ya\u015fam\u0131n\u0131z\u0131 destekler. Bunun i\u00e7in Bak\u0131m Sigortas\u0131&#8217;ndan hizmet alabilirsiniz. Di\u011fer Hizmet Sa\u011flay\u0131c\u0131lar da engelli bireyler i\u00e7in kat\u0131l\u0131m hizmetlerini finanse eder. Buna asistanl\u0131k hizmetleri de dahildir. Bak\u0131m Sigortas\u0131 Asistanl\u0131k ile Sosyal Kat\u0131l\u0131m Bak\u0131m Sigortas\u0131 Bak\u0131m Sigortas\u0131 size bir bak\u0131m derecesi atad\u0131. Bir ki\u015finin ba\u011f\u0131ms\u0131zl\u0131\u011f\u0131ndaki bozukluk be\u015f derecede [&hellip;]<\/p>\n","protected":false},"author":2,"featured_media":0,"parent":0,"menu_order":0,"comment_status":"closed","ping_status":"closed","template":"","meta":{"footnotes":""},"class_list":["post-1143","page","type-page","status-publish","hentry"],"_links":{"self":[{"href":"https:\/\/northeim-assistenz-portal.de\/tr\/wp-json\/wp\/v2\/pages\/1143","targetHints":{"allow":["GET"]}}],"collection":[{"href":"https:\/\/northeim-assistenz-portal.de\/tr\/wp-json\/wp\/v2\/pages"}],"about":[{"href":"https:\/\/northeim-assistenz-portal.de\/tr\/wp-json\/wp\/v2\/types\/page"}],"author":[{"embeddable":true,"href":"https:\/\/northeim-assistenz-portal.de\/tr\/wp-json\/wp\/v2\/users\/2"}],"replies":[{"embeddable":true,"href":"https:\/\/northeim-assistenz-portal.de\/tr\/wp-json\/wp\/v2\/comments?post=1143"}],"version-history":[{"count":2,"href":"https:\/\/northeim-assistenz-portal.de\/tr\/wp-json\/wp\/v2\/pages\/1143\/revisions"}],"predecessor-version":[{"id":1155,"href":"https:\/\/northeim-assistenz-portal.de\/tr\/wp-json\/wp\/v2\/pages\/1143\/revisions\/1155"}],"wp:attachment":[{"href":"https:\/\/northeim-assistenz-portal.de\/tr\/wp-json\/wp\/v2\/media?parent=1143"}],"curies":[{"name":"wp","href":"https:\/\/api.w.org\/{rel}","templated":true}]}}