{"id":1096,"date":"2026-05-12T11:02:03","date_gmt":"2026-05-12T09:02:03","guid":{"rendered":"https:\/\/northeim-assistenz-portal.de\/hizmet-saglayicilarina-genel-bakis\/"},"modified":"2026-08-11T09:23:33","modified_gmt":"2026-08-11T07:23:33","slug":"hizmet-saglayicilarina-genel-bakis","status":"publish","type":"page","link":"https:\/\/northeim-assistenz-portal.de\/tr\/hizmet-saglayicilarina-genel-bakis\/","title":{"rendered":"Hizmet sa\u011flay\u0131c\u0131lar\u0131na genel bak\u0131\u015f"},"content":{"rendered":"\t\t<div data-elementor-type=\"wp-page\" data-elementor-id=\"1096\" class=\"elementor elementor-1096 elementor-69\" data-elementor-post-type=\"page\">\n\t\t\t\t<div class=\"elementor-element elementor-element-b996c12 e-flex e-con-boxed e-con e-parent\" data-id=\"b996c12\" data-element_type=\"container\" data-e-type=\"container\">\n\t\t\t\t\t<div class=\"e-con-inner\">\n\t\t\t\t<div class=\"elementor-element elementor-element-00433dd elementor-widget elementor-widget-heading\" data-id=\"00433dd\" data-element_type=\"widget\" data-e-type=\"widget\" data-widget_type=\"heading.default\">\n\t\t\t\t\t<h2 class=\"elementor-heading-title elementor-size-default\">Bu hizmet sa\u011flay\u0131c\u0131lar\u0131 Asistanl\u0131k Portal\u0131\u2019nda yer almaktad\u0131r:<\/h2>\t\t\t\t<\/div>\n\t\t\t\t<div class=\"elementor-element elementor-element-d21aac9 elementor-widget elementor-widget-button\" data-id=\"d21aac9\" data-element_type=\"widget\" data-e-type=\"widget\" data-widget_type=\"button.default\">\n\t\t\t\t\t\t\t\t\t\t<a class=\"elementor-button elementor-button-link elementor-size-sm\" href=\"#Aktiva\">\n\t\t\t\t\t\t<span class=\"elementor-button-content-wrapper\">\n\t\t\t\t\t\t\t\t\t<span class=\"elementor-button-text\">Aktiva Alltagsbegleitung<\/span>\n\t\t\t\t\t<\/span>\n\t\t\t\t\t<\/a>\n\t\t\t\t\t\t\t\t<\/div>\n\t\t\t\t<div class=\"elementor-element elementor-element-3d85395 elementor-widget elementor-widget-button\" data-id=\"3d85395\" data-element_type=\"widget\" data-e-type=\"widget\" data-widget_type=\"button.default\">\n\t\t\t\t\t\t\t\t\t\t<a class=\"elementor-button elementor-button-link elementor-size-sm\" href=\"#alltagsbienchen\">\n\t\t\t\t\t\t<span class=\"elementor-button-content-wrapper\">\n\t\t\t\t\t\t\t\t\t<span class=\"elementor-button-text\">Alltagsbienchen<\/span>\n\t\t\t\t\t<\/span>\n\t\t\t\t\t<\/a>\n\t\t\t\t\t\t\t\t<\/div>\n\t\t\t\t<div class=\"elementor-element elementor-element-fc14705 elementor-widget elementor-widget-button\" data-id=\"fc14705\" data-element_type=\"widget\" data-e-type=\"widget\" data-widget_type=\"button.default\">\n\t\t\t\t\t\t\t\t\t\t<a class=\"elementor-button elementor-button-link elementor-size-sm\" href=\"#lebenshilfe-bad-gandersheim\">\n\t\t\t\t\t\t<span class=\"elementor-button-content-wrapper\">\n\t\t\t\t\t\t\t\t\t<span class=\"elementor-button-text\">Lebenshilfe Bad Gandersheim-Seesen e.V.<\/span>\n\t\t\t\t\t<\/span>\n\t\t\t\t\t<\/a>\n\t\t\t\t\t\t\t\t<\/div>\n\t\t\t\t<div class=\"elementor-element elementor-element-d09380f elementor-widget elementor-widget-button\" data-id=\"d09380f\" data-element_type=\"widget\" data-e-type=\"widget\" data-widget_type=\"button.default\">\n\t\t\t\t\t\t\t\t\t\t<a class=\"elementor-button elementor-button-link elementor-size-sm\" href=\"#okay\">\n\t\t\t\t\t\t<span class=\"elementor-button-content-wrapper\">\n\t\t\t\t\t\t\t\t\t<span class=\"elementor-button-text\">Alltagsbegleitung Okay UG<\/span>\n\t\t\t\t\t<\/span>\n\t\t\t\t\t<\/a>\n\t\t\t\t\t\t\t\t<\/div>\n\t\t\t\t<div class=\"elementor-element elementor-element-83ca15f elementor-widget elementor-widget-button\" data-id=\"83ca15f\" data-element_type=\"widget\" data-e-type=\"widget\" data-widget_type=\"button.default\">\n\t\t\t\t\t\t\t\t\t\t<a class=\"elementor-button elementor-button-link elementor-size-sm\" href=\"#starkev\">\n\t\t\t\t\t\t<span class=\"elementor-button-content-wrapper\">\n\t\t\t\t\t\t\t\t\t<span class=\"elementor-button-text\">Stark e.V.<\/span>\n\t\t\t\t\t<\/span>\n\t\t\t\t\t<\/a>\n\t\t\t\t\t\t\t\t<\/div>\n\t\t\t\t<div class=\"elementor-element elementor-element-ac5fd4f elementor-widget elementor-widget-button\" data-id=\"ac5fd4f\" data-element_type=\"widget\" data-e-type=\"widget\" data-widget_type=\"button.default\">\n\t\t\t\t\t\t\t\t\t\t<a class=\"elementor-button elementor-button-link elementor-size-sm\" href=\"#treffpunkt\">\n\t\t\t\t\t\t<span class=\"elementor-button-content-wrapper\">\n\t\t\t\t\t\t\t\t\t<span class=\"elementor-button-text\">Verein Treffpunkt e.V.<\/span>\n\t\t\t\t\t<\/span>\n\t\t\t\t\t<\/a>\n\t\t\t\t\t\t\t\t<\/div>\n\t\t\t\t\t<\/div>\n\t\t\t\t<\/div>\n\t\t<div class=\"elementor-element elementor-element-39cc1a9 e-flex e-con-boxed e-con e-parent\" data-id=\"39cc1a9\" data-element_type=\"container\" data-e-type=\"container\">\n\t\t\t\t\t<div class=\"e-con-inner\">\n\t\t\t\t<div class=\"elementor-element elementor-element-8be0909 elementor-widget elementor-widget-menu-anchor\" data-id=\"8be0909\" data-element_type=\"widget\" data-e-type=\"widget\" data-widget_type=\"menu-anchor.default\">\n\t\t\t\t\t\t\t<div class=\"elementor-menu-anchor\" id=\"Aktiva\"><\/div>\n\t\t\t\t\t\t<\/div>\n\t\t\t\t<div class=\"elementor-element elementor-element-dc752f4 elementor-widget elementor-widget-heading\" data-id=\"dc752f4\" data-element_type=\"widget\" data-e-type=\"widget\" data-widget_type=\"heading.default\">\n\t\t\t\t\t<h3 class=\"elementor-heading-title elementor-size-default\">Aktiva Alltagsbegleitung<\/h3>\t\t\t\t<\/div>\n\t\t\t\t\t<p class=\"e-eb0695b-5a4c075 e-paragraph-base\" data-interaction-id=\"eb0695b\" data-e-type=\"widget\" data-id=\"eb0695b\">G\u00fcnl\u00fck ya\u015famda destek (AZUA) kapsam\u0131nda ya\u015fl\u0131 ve engelli bak\u0131m\u0131<\/p>\n\t\t\t\t<div class=\"elementor-element elementor-element-7a80d5f elementor-widget elementor-widget-heading\" data-id=\"7a80d5f\" data-element_type=\"widget\" data-e-type=\"widget\" data-widget_type=\"heading.default\">\n\t\t\t\t\t<h4 class=\"elementor-heading-title elementor-size-default\">Bu hizmet kimlere y\u00f6neliktir?<\/h4>\t\t\t\t<\/div>\n\t\t\t\t<div class=\"elementor-element elementor-element-243718d elementor-widget elementor-widget-text-editor\" data-id=\"243718d\" data-element_type=\"widget\" data-e-type=\"widget\" data-widget_type=\"text-editor.default\">\n\t\t\t\t\t\t\t\t\t<ul><li>Bak\u0131m ihtiyac\u0131 olan ve\/veya engelli ki\u015filer<\/li><li>Bak\u0131m veren yak\u0131nlar\u0131n y\u00fck\u00fcn\u00fcn hafifletilmesi<\/li><li>Ya\u015fl\u0131 ki\u015filer<\/li><li>Kendi \u00f6demesini yapan \u00f6zel ki\u015filer<\/li><\/ul>\t\t\t\t\t\t\t\t<\/div>\n\t\t\t\t<div class=\"elementor-element elementor-element-6ae7eaa elementor-widget elementor-widget-heading\" data-id=\"6ae7eaa\" data-element_type=\"widget\" data-e-type=\"widget\" data-widget_type=\"heading.default\">\n\t\t\t\t\t<h4 class=\"elementor-heading-title elementor-size-default\">Hizmetler<\/h4>\t\t\t\t<\/div>\n\t\t\t\t<div class=\"elementor-element elementor-element-d69cdbb elementor-widget elementor-widget-text-editor\" data-id=\"d69cdbb\" data-element_type=\"widget\" data-e-type=\"widget\" data-widget_type=\"text-editor.default\">\n\t\t\t\t\t\t\t\t\t<ul><li>Randevulara ve resmi kurumlara e\u015flik<\/li><li>Al\u0131\u015fveri\u015fte destek<\/li><li>Ev i\u015flerinde yard\u0131m<\/li><li>Dijital medyan\u0131n kullan\u0131m\u0131nda destek<\/li><li>Bo\u015f zamanlarda e\u015flik<\/li><li>Konserlere e\u015flik<\/li><\/ul>\t\t\t\t\t\t\t\t<\/div>\n\t\t\t\t<div class=\"elementor-element elementor-element-cc12087 elementor-widget elementor-widget-heading\" data-id=\"cc12087\" data-element_type=\"widget\" data-e-type=\"widget\" data-widget_type=\"heading.default\">\n\t\t\t\t\t<h4 class=\"elementor-heading-title elementor-size-default\">B\u00f6lgesel hizmet alan\u0131<\/h4>\t\t\t\t<\/div>\n\t\t\t\t<div class=\"elementor-element elementor-element-4fe1d5d elementor-widget elementor-widget-text-editor\" data-id=\"4fe1d5d\" data-element_type=\"widget\" data-e-type=\"widget\" data-widget_type=\"text-editor.default\">\n\t\t\t\t\t\t\t\t\t<p>Einbeck 37574; Bad Gandersheim 37581; Freden (Leine) 31084<\/p>\t\t\t\t\t\t\t\t<\/div>\n\t\t\t\t<div class=\"elementor-element elementor-element-bb845c2 elementor-widget elementor-widget-heading\" data-id=\"bb845c2\" data-element_type=\"widget\" data-e-type=\"widget\" data-widget_type=\"heading.default\">\n\t\t\t\t\t<h4 class=\"elementor-heading-title elementor-size-default\">Faturaland\u0131rma \/ masraf\u0131 kar\u015f\u0131layan kurumlar<\/h4>\t\t\t\t<\/div>\n\t\t\t\t<div class=\"elementor-element elementor-element-0774f9a elementor-widget elementor-widget-text-editor\" data-id=\"0774f9a\" data-element_type=\"widget\" data-e-type=\"widget\" data-widget_type=\"text-editor.default\">\n\t\t\t\t\t\t\t\t\t<p>Rahatlatma hizmetleri bak\u0131m sigortalar\u0131 \u00fczerinden faturaland\u0131r\u0131labilir (Rahatlatma tutar\u0131 &#8211; \u00a745 SGB 11, Abs.1 S.3 Nr.3 Entlastungsleistungen; Ortak y\u0131ll\u0131k tutar &#8211; \u00a739 SGB 11; Bak\u0131m ayni hizmetinin d\u00f6n\u00fc\u015ft\u00fcr\u00fclmesi hakk\u0131).   <\/p>\t\t\t\t\t\t\t\t<\/div>\n\t\t\t\t<div class=\"elementor-element elementor-element-2b6fa05 elementor-widget elementor-widget-heading\" data-id=\"2b6fa05\" data-element_type=\"widget\" data-e-type=\"widget\" data-widget_type=\"heading.default\">\n\t\t\t\t\t<h4 class=\"elementor-heading-title elementor-size-default\">Asistanl\u0131k arayanlar i\u00e7in maliyetler<\/h4>\t\t\t\t<\/div>\n\t\t\t\t<div class=\"elementor-element elementor-element-78753d5 elementor-widget elementor-widget-text-editor\" data-id=\"78753d5\" data-element_type=\"widget\" data-e-type=\"widget\" data-widget_type=\"text-editor.default\">\n\t\t\t\t\t\t\t\t\t<ul><li>Ev i\u015flerinde destek: 36 \u20ac\/saat<\/li><li>E\u015flik\/Bak\u0131m: 38 \u20ac\/saat<\/li><li>Her g\u00f6rev i\u00e7in yol \u00fccreti: her gidi\u015f i\u00e7in 5 \u20ac<\/li><li>M\u00fc\u015fterilerle yap\u0131lan yolculuklarda kilometre \u00fccreti: 0,30 \u20ac\/km<\/li><\/ul>\t\t\t\t\t\t\t\t<\/div>\n\t\t\t\t<div class=\"elementor-element elementor-element-c09a8b7 elementor-widget elementor-widget-heading\" data-id=\"c09a8b7\" data-element_type=\"widget\" data-e-type=\"widget\" data-widget_type=\"heading.default\">\n\t\t\t\t\t<h4 class=\"elementor-heading-title elementor-size-default\">Asistan personelin istihdam\u0131<\/h4>\t\t\t\t<\/div>\n\t\t\t\t<div class=\"elementor-element elementor-element-9dbc039 elementor-widget elementor-widget-text-editor\" data-id=\"9dbc039\" data-element_type=\"widget\" data-e-type=\"widget\" data-widget_type=\"text-editor.default\">\n\t\t\t\t\t\t\t\t\t<ul><li>Kadrolu \u00e7al\u0131\u015fanlar<\/li><li><u>G\u00f6n\u00fcll\u00fc<\/u> \u00e7al\u0131\u015fan yok<\/li><\/ul>\t\t\t\t\t\t\t\t<\/div>\n\t\t\t\t<div class=\"elementor-element elementor-element-42ccf37 elementor-widget elementor-widget-heading\" data-id=\"42ccf37\" data-element_type=\"widget\" data-e-type=\"widget\" data-widget_type=\"heading.default\">\n\t\t\t\t\t<h4 class=\"elementor-heading-title elementor-size-default\">\u0130leti\u015fim<\/h4>\t\t\t\t<\/div>\n\t\t\t\t<div class=\"elementor-element elementor-element-5b9462d elementor-widget elementor-widget-text-editor\" data-id=\"5b9462d\" data-element_type=\"widget\" data-e-type=\"widget\" data-widget_type=\"text-editor.default\">\n\t\t\t\t\t\t\t\t\t<p><strong>Aktiva Alltagsbegleitung<\/strong><br\/>Greener Burg 9<br\/>37574 Einbeck OT Greene<br\/>Telefon 0174 5453141<br\/><br\/>Meik Sauer<br\/>meik.sauer@aktiva-alltagsbegleitung.de<\/p><p><a title=\"Aktiva Alltagsbegleitung ba\u011flant\u0131s\u0131\" href=\"http:\/\/www.aktiva-alltagsbegleitung.de\/\" target=\"_blank\" rel=\"noopener nofollow\">www.aktiva-alltagsbegleitung.de\/<\/a><\/p>\t\t\t\t\t\t\t\t<\/div>\n\t\t\t\t\t<\/div>\n\t\t\t\t<\/div>\n\t\t<div class=\"elementor-element elementor-element-58b2bdb e-flex e-con-boxed e-con e-parent\" data-id=\"58b2bdb\" data-element_type=\"container\" data-e-type=\"container\" data-settings=\"{&quot;background_background&quot;:&quot;classic&quot;}\">\n\t\t\t\t\t<div class=\"e-con-inner\">\n\t\t\t\t<div class=\"elementor-element elementor-element-d70be99 elementor-widget elementor-widget-menu-anchor\" data-id=\"d70be99\" data-element_type=\"widget\" data-e-type=\"widget\" data-widget_type=\"menu-anchor.default\">\n\t\t\t\t\t\t\t<div class=\"elementor-menu-anchor\" id=\"alltagsbienchen\"><\/div>\n\t\t\t\t\t\t<\/div>\n\t\t\t\t<div class=\"elementor-element elementor-element-62305de elementor-widget elementor-widget-heading\" data-id=\"62305de\" data-element_type=\"widget\" data-e-type=\"widget\" data-widget_type=\"heading.default\">\n\t\t\t\t\t<h3 class=\"elementor-heading-title elementor-size-default\">Alltagsbienchen<\/h3>\t\t\t\t<\/div>\n\t\t\t\t\t<p class=\"e-7565de5-3df7ee2 e-paragraph-base\" data-interaction-id=\"7565de5\" data-e-type=\"widget\" data-id=\"7565de5\">Basit ve nitelikli asistanl\u0131k ile ev ekonomisi hizmeti<\/p>\n\t\t\t\t<div class=\"elementor-element elementor-element-02784c5 elementor-widget elementor-widget-heading\" data-id=\"02784c5\" data-element_type=\"widget\" data-e-type=\"widget\" data-widget_type=\"heading.default\">\n\t\t\t\t\t<h4 class=\"elementor-heading-title elementor-size-default\">Bu hizmet kimlere y\u00f6neliktir?<\/h4>\t\t\t\t<\/div>\n\t\t\t\t<div class=\"elementor-element elementor-element-72e2858 elementor-widget elementor-widget-text-editor\" data-id=\"72e2858\" data-element_type=\"widget\" data-e-type=\"widget\" data-widget_type=\"text-editor.default\">\n\t\t\t\t\t\t\t\t\t<ul><li>Engelli ve\/veya bak\u0131m ihtiyac\u0131 olan ki\u015filer<\/li><li>Bak\u0131m veren yak\u0131nlar<\/li><li>Ya\u015fl\u0131lar<\/li><\/ul>\t\t\t\t\t\t\t\t<\/div>\n\t\t\t\t<div class=\"elementor-element elementor-element-5f72025 elementor-widget elementor-widget-heading\" data-id=\"5f72025\" data-element_type=\"widget\" data-e-type=\"widget\" data-widget_type=\"heading.default\">\n\t\t\t\t\t<h4 class=\"elementor-heading-title elementor-size-default\">Hizmetler<\/h4>\t\t\t\t<\/div>\n\t\t\t\t<div class=\"elementor-element elementor-element-2a36fd0 elementor-widget elementor-widget-text-editor\" data-id=\"2a36fd0\" data-element_type=\"widget\" data-e-type=\"widget\" data-widget_type=\"text-editor.default\">\n\t\t\t\t\t\t\t\t\t<ul><li>Al\u0131\u015fveri\u015fte ve randevularda e\u015flik<\/li><li>Re\u00e7ete ve ila\u00e7lar\u0131n al\u0131nmas\u0131 ve di\u011fer kurye hizmetleri<\/li><li>Bo\u015f zaman etkinliklerinin planlanmas\u0131<\/li><li>Demans bak\u0131m\u0131<\/li><li>Y\u00fcr\u00fcy\u00fc\u015fler<\/li><li>Birlikte yemek pi\u015firme<\/li><li>Ev i\u015flerinde destek<\/li><li>Postalar\u0131 ay\u0131rma ve yan\u0131tlamada yard\u0131m<\/li><li>Grup bak\u0131m\u0131, bak\u0131m verenlerin y\u00fck\u00fcn\u00fcn hafifletilmesi, bak\u0131m e\u015fli\u011fi<\/li><li>Ayakta\/ambulant ya\u015fam<\/li><\/ul>\t\t\t\t\t\t\t\t<\/div>\n\t\t\t\t<div class=\"elementor-element elementor-element-ee7d586 elementor-widget elementor-widget-heading\" data-id=\"ee7d586\" data-element_type=\"widget\" data-e-type=\"widget\" data-widget_type=\"heading.default\">\n\t\t\t\t\t<h4 class=\"elementor-heading-title elementor-size-default\">B\u00f6lgesel hizmet alan\u0131<\/h4>\t\t\t\t<\/div>\n\t\t\t\t<div class=\"elementor-element elementor-element-44b24e8 elementor-widget elementor-widget-text-editor\" data-id=\"44b24e8\" data-element_type=\"widget\" data-e-type=\"widget\" data-widget_type=\"text-editor.default\">\n\t\t\t\t\t\t\t\t\t<p>Northeim il\u00e7esi<\/p>\t\t\t\t\t\t\t\t<\/div>\n\t\t\t\t<div class=\"elementor-element elementor-element-1b034f4 elementor-widget elementor-widget-heading\" data-id=\"1b034f4\" data-element_type=\"widget\" data-e-type=\"widget\" data-widget_type=\"heading.default\">\n\t\t\t\t\t<h4 class=\"elementor-heading-title elementor-size-default\">Asistanl\u0131k arayanlar i\u00e7in maliyetler<\/h4>\t\t\t\t<\/div>\n\t\t\t\t<div class=\"elementor-element elementor-element-15ff158 elementor-widget elementor-widget-text-editor\" data-id=\"15ff158\" data-element_type=\"widget\" data-e-type=\"widget\" data-widget_type=\"text-editor.default\">\n\t\t\t\t\t\t\t\t\t<ul><li>Entegrasyon yard\u0131m\u0131: telafi edici\/basit asistanl\u0131k<\/li><li>AZUA hizmetleri: bak\u0131m sigortas\u0131\/rahatlatma tutar\u0131<\/li><\/ul>\t\t\t\t\t\t\t\t<\/div>\n\t\t\t\t<div class=\"elementor-element elementor-element-8b3c8c6 elementor-widget elementor-widget-heading\" data-id=\"8b3c8c6\" data-element_type=\"widget\" data-e-type=\"widget\" data-widget_type=\"heading.default\">\n\t\t\t\t\t<h4 class=\"elementor-heading-title elementor-size-default\">Asistanl\u0131k arayanlar i\u00e7in maliyetler<\/h4>\t\t\t\t<\/div>\n\t\t\t\t<div class=\"elementor-element elementor-element-1b64c6a elementor-widget elementor-widget-text-editor\" data-id=\"1b64c6a\" data-element_type=\"widget\" data-e-type=\"widget\" data-widget_type=\"text-editor.default\">\n\t\t\t\t\t\t\t\t\t<ul><li>G\u00fcnl\u00fck ya\u015famda destek\/AZUA hizmetleri (bireysel bak\u0131m): 36,50 \u20ac\/saat<\/li><li>Ev ekonomisine destek hizmetleri: 35,50 \u20ac\/saat, ula\u015f\u0131m: 5,54 \u20ac<\/li><li>Telafi edici\/basit asistanl\u0131k: 44,60 \u20ac\/saat, ula\u015f\u0131m: 10,15 \u20ac<\/li><li>Nitelikli asistanl\u0131k: 47,61 \u20ac\/saat, ula\u015f\u0131m: 10,71 \u20ac<\/li><\/ul>\t\t\t\t\t\t\t\t<\/div>\n\t\t\t\t<div class=\"elementor-element elementor-element-55d9d20 elementor-widget elementor-widget-heading\" data-id=\"55d9d20\" data-element_type=\"widget\" data-e-type=\"widget\" data-widget_type=\"heading.default\">\n\t\t\t\t\t<h4 class=\"elementor-heading-title elementor-size-default\">Asistan personelin istihdam\u0131<\/h4>\t\t\t\t<\/div>\n\t\t\t\t<div class=\"elementor-element elementor-element-c5789be elementor-widget elementor-widget-text-editor\" data-id=\"c5789be\" data-element_type=\"widget\" data-e-type=\"widget\" data-widget_type=\"text-editor.default\">\n\t\t\t\t\t\t\t\t\t<p>Kadrolu \u00e7al\u0131\u015fanlar: Nitelik ve anla\u015fmaya g\u00f6re mini i\u015f, yar\u0131 zamanl\u0131 veya tam zamanl\u0131<\/p>\t\t\t\t\t\t\t\t<\/div>\n\t\t\t\t<div class=\"elementor-element elementor-element-75a4ae8 elementor-widget elementor-widget-heading\" data-id=\"75a4ae8\" data-element_type=\"widget\" data-e-type=\"widget\" data-widget_type=\"heading.default\">\n\t\t\t\t\t<h4 class=\"elementor-heading-title elementor-size-default\">\u0130leti\u015fim<\/h4>\t\t\t\t<\/div>\n\t\t\t\t<div class=\"elementor-element elementor-element-ebcb29b elementor-widget elementor-widget-text-editor\" data-id=\"ebcb29b\" data-element_type=\"widget\" data-e-type=\"widget\" data-widget_type=\"text-editor.default\">\n\t\t\t\t\t\t\t\t\t<p><strong>Alltagsbienchen Haushalts- und Betreuungsdienst<\/strong><br\/>Sabine Martin <br\/>Schwammelwitzer Stra\u00dfe 14<br\/>37574 Einbeck<br\/>Telefon 0556 19233084 <br\/>Mobil 0176 40757654<br\/><br\/>postfach.alltagsbienchen@web.de<\/p><p><a title=\"Alltagsbienchen ba\u011flant\u0131s\u0131\" href=\"http:\/\/www.alltagsbienchen.de\/\" target=\"_blank\" rel=\"noopener nofollow\">www.alltagsbienchen.de\/<\/a><\/p>\t\t\t\t\t\t\t\t<\/div>\n\t\t\t\t\t<\/div>\n\t\t\t\t<\/div>\n\t\t<div class=\"elementor-element elementor-element-a7e2113 e-flex e-con-boxed e-con e-parent\" data-id=\"a7e2113\" data-element_type=\"container\" data-e-type=\"container\">\n\t\t\t\t\t<div class=\"e-con-inner\">\n\t\t\t\t<div class=\"elementor-element elementor-element-c45d5a1 elementor-widget elementor-widget-menu-anchor\" data-id=\"c45d5a1\" data-element_type=\"widget\" data-e-type=\"widget\" data-widget_type=\"menu-anchor.default\">\n\t\t\t\t\t\t\t<div class=\"elementor-menu-anchor\" id=\"lebenshilfe-bad-gandersheim\"><\/div>\n\t\t\t\t\t\t<\/div>\n\t\t\t\t<div class=\"elementor-element elementor-element-7828407 elementor-widget elementor-widget-heading\" data-id=\"7828407\" data-element_type=\"widget\" data-e-type=\"widget\" data-widget_type=\"heading.default\">\n\t\t\t\t\t<h3 class=\"elementor-heading-title elementor-size-default\">Lebenshilfe Bad Gandersheim-Seesen e.V.<\/h3>\t\t\t\t<\/div>\n\t\t\t\t\t<p class=\"e-9c6713e-2096b74 e-paragraph-base\" data-interaction-id=\"9c6713e\" data-e-type=\"widget\" data-id=\"9c6713e\">Aileyi rahatlatan hizmet ve telafi edici asistanl\u0131k<\/p>\n\t\t\t\t<div class=\"elementor-element elementor-element-60fb6f2 elementor-widget elementor-widget-heading\" data-id=\"60fb6f2\" data-element_type=\"widget\" data-e-type=\"widget\" data-widget_type=\"heading.default\">\n\t\t\t\t\t<h4 class=\"elementor-heading-title elementor-size-default\">Bu hizmet kimlere y\u00f6neliktir?<\/h4>\t\t\t\t<\/div>\n\t\t\t\t<div class=\"elementor-element elementor-element-8d8d715 elementor-widget elementor-widget-text-editor\" data-id=\"8d8d715\" data-element_type=\"widget\" data-e-type=\"widget\" data-widget_type=\"text-editor.default\">\n\t\t\t\t\t\t\t\t\t<ul><li>Evde engelli \u00e7ocuklar\u0131n\u0131 ve\/veya yak\u0131nlar\u0131n\u0131 g\u00f6zeten ve bak\u0131m\u0131n\u0131 \u00fcstlenen aileler<\/li><li>Engelli ve\/veya bak\u0131m ihtiyac\u0131 olan ki\u015filer<\/li><\/ul>\t\t\t\t\t\t\t\t<\/div>\n\t\t\t\t<div class=\"elementor-element elementor-element-b89bc17 elementor-widget elementor-widget-heading\" data-id=\"b89bc17\" data-element_type=\"widget\" data-e-type=\"widget\" data-widget_type=\"heading.default\">\n\t\t\t\t\t<h4 class=\"elementor-heading-title elementor-size-default\">Hizmetler<\/h4>\t\t\t\t<\/div>\n\t\t\t\t<div class=\"elementor-element elementor-element-7646fb4 elementor-widget elementor-widget-text-editor\" data-id=\"7646fb4\" data-element_type=\"widget\" data-e-type=\"widget\" data-widget_type=\"text-editor.default\">\n\t\t\t\t\t\t\t\t\t<ul><li>Evde veya d\u0131\u015far\u0131da saatlik bak\u0131m: oyun park\u0131nda, gezilere \u00e7\u0131kma, y\u00fczmeye gitme vb.<\/li><li>E\u015flik: doktor ziyaretlerine, terapilere, resmi kurum i\u015flemlerine, al\u0131\u015fveri\u015fe vb.<\/li><li>Bireysel bo\u015f zaman planlamas\u0131: \u00f6rn. konsere, tutulan tak\u0131m\u0131n stadyumuna, kafeye, al\u0131\u015fveri\u015fe gitmeye vb. e\u015flik<\/li><\/ul>\t\t\t\t\t\t\t\t<\/div>\n\t\t\t\t<div class=\"elementor-element elementor-element-01dcdf7 elementor-widget elementor-widget-heading\" data-id=\"01dcdf7\" data-element_type=\"widget\" data-e-type=\"widget\" data-widget_type=\"heading.default\">\n\t\t\t\t\t<h4 class=\"elementor-heading-title elementor-size-default\">B\u00f6lgesel hizmet alan\u0131<\/h4>\t\t\t\t<\/div>\n\t\t\t\t<div class=\"elementor-element elementor-element-ea9744d elementor-widget elementor-widget-text-editor\" data-id=\"ea9744d\" data-element_type=\"widget\" data-e-type=\"widget\" data-widget_type=\"text-editor.default\">\n\t\t\t\t\t\t\t\t\t<p>38723, 38729, 38685, 38678, 38709,38640,38644,37534,37589, 37574, 37520, 37547, 37581, 31195, 31167, 31084, 31061, 31073, 31089<\/p>\t\t\t\t\t\t\t\t<\/div>\n\t\t\t\t<div class=\"elementor-element elementor-element-ed10a6e elementor-widget elementor-widget-heading\" data-id=\"ed10a6e\" data-element_type=\"widget\" data-e-type=\"widget\" data-widget_type=\"heading.default\">\n\t\t\t\t\t<h4 class=\"elementor-heading-title elementor-size-default\">Asistanl\u0131k arayanlar i\u00e7in maliyetler<\/h4>\t\t\t\t<\/div>\n\t\t\t\t<div class=\"elementor-element elementor-element-086cdca elementor-widget elementor-widget-text-editor\" data-id=\"086cdca\" data-element_type=\"widget\" data-e-type=\"widget\" data-widget_type=\"text-editor.default\">\n\t\t\t\t\t\t\t\t\t<p>Aileyi rahatlatan hizmetin sunumlar\u0131 farkl\u0131 masraf\u0131 kar\u015f\u0131layan kurumlara ba\u015fvurularak talep edilebilir ve faturaland\u0131r\u0131labilir. Genellikle bunlar bak\u0131m sigortalar\u0131d\u0131r (Rahatlatma tutar\u0131 &#8211; \u00a745 SGB 11; Ortak y\u0131ll\u0131k tutar &#8211; \u00a739 SGB 11; Bak\u0131m ayni hizmetinin d\u00f6n\u00fc\u015ft\u00fcr\u00fclmesi hakk\u0131) ve engelli ki\u015filer i\u00e7in entegrasyon yard\u0131m\u0131 sa\u011flay\u0131c\u0131lar\u0131d\u0131r (Asistanl\u0131k hizmetleri &#8211; \u00a778 SGB 9). <\/p>\t\t\t\t\t\t\t\t<\/div>\n\t\t\t\t<div class=\"elementor-element elementor-element-9f83d97 elementor-widget elementor-widget-heading\" data-id=\"9f83d97\" data-element_type=\"widget\" data-e-type=\"widget\" data-widget_type=\"heading.default\">\n\t\t\t\t\t<h4 class=\"elementor-heading-title elementor-size-default\">Asistanl\u0131k arayanlar i\u00e7in maliyetler<\/h4>\t\t\t\t<\/div>\n\t\t\t\t<div class=\"elementor-element elementor-element-4acd14b elementor-widget elementor-widget-text-editor\" data-id=\"4acd14b\" data-element_type=\"widget\" data-e-type=\"widget\" data-widget_type=\"text-editor.default\">\n\t\t\t\t\t\t\t\t\t<ul><li>G\u00fcnl\u00fck ya\u015famda destek\/AZUA hizmetleri: 25 \u20ac\/saat<\/li><li>Telafi edici asistanl\u0131k: hizmet sa\u011flay\u0131c\u0131yla do\u011frudan faturaland\u0131rma (\u00f6rn. entegrasyon yard\u0131m\u0131)<\/li><\/ul>\t\t\t\t\t\t\t\t<\/div>\n\t\t\t\t<div class=\"elementor-element elementor-element-66ae296 elementor-widget elementor-widget-heading\" data-id=\"66ae296\" data-element_type=\"widget\" data-e-type=\"widget\" data-widget_type=\"heading.default\">\n\t\t\t\t\t<h4 class=\"elementor-heading-title elementor-size-default\">Asistan personelin istihdam\u0131<\/h4>\t\t\t\t<\/div>\n\t\t\t\t<div class=\"elementor-element elementor-element-fd07e26 elementor-widget elementor-widget-text-editor\" data-id=\"fd07e26\" data-element_type=\"widget\" data-e-type=\"widget\" data-widget_type=\"text-editor.default\">\n\t\t\t\t\t\t\t\t\t<ul><li>G\u00f6n\u00fcll\u00fcler (masraf kar\u015f\u0131l\u0131\u011f\u0131): 12 Euro\/saat<\/li><li>Mini i\u015f, yar\u0131 zamanl\u0131 veya tam zamanl\u0131: nitelik ve anla\u015fmaya g\u00f6re<\/li><\/ul>\t\t\t\t\t\t\t\t<\/div>\n\t\t\t\t<div class=\"elementor-element elementor-element-e837baa elementor-widget elementor-widget-heading\" data-id=\"e837baa\" data-element_type=\"widget\" data-e-type=\"widget\" data-widget_type=\"heading.default\">\n\t\t\t\t\t<h4 class=\"elementor-heading-title elementor-size-default\">\u0130leti\u015fim<\/h4>\t\t\t\t<\/div>\n\t\t\t\t<div class=\"elementor-element elementor-element-391756c elementor-widget elementor-widget-text-editor\" data-id=\"391756c\" data-element_type=\"widget\" data-e-type=\"widget\" data-widget_type=\"text-editor.default\">\n\t\t\t\t\t\t\t\t\t<p><strong>Lebenshilfe Bad Gandersheim-Seesen e.V.<\/strong><br\/>Daniela Aufermann<br\/>Lautenthaler Stra\u00dfe 70a<br\/>38723 Seesen<br\/>Telefon 0151 74246392<br\/><br\/>d.aufermann@lebenshilfe-seesen.de<\/p><p><a title=\"Lebenshilfe Bad Gandersheim - Seesen ba\u011flant\u0131s\u0131\" href=\"http:\/\/www.lebenshilfe-seesen.de\/\" target=\"_blank\" rel=\"noopener nofollow\">www.lebenshilfe-seesen.de\/<\/a><\/p>\t\t\t\t\t\t\t\t<\/div>\n\t\t\t\t\t<\/div>\n\t\t\t\t<\/div>\n\t\t<div class=\"elementor-element elementor-element-9a4a7e6 e-flex e-con-boxed e-con e-parent\" data-id=\"9a4a7e6\" data-element_type=\"container\" data-e-type=\"container\" data-settings=\"{&quot;background_background&quot;:&quot;classic&quot;}\">\n\t\t\t\t\t<div class=\"e-con-inner\">\n\t\t\t\t<div class=\"elementor-element elementor-element-4391d08 elementor-widget elementor-widget-menu-anchor\" data-id=\"4391d08\" data-element_type=\"widget\" data-e-type=\"widget\" data-widget_type=\"menu-anchor.default\">\n\t\t\t\t\t\t\t<div class=\"elementor-menu-anchor\" id=\"okay\"><\/div>\n\t\t\t\t\t\t<\/div>\n\t\t\t\t<div class=\"elementor-element elementor-element-7ac79e0 elementor-widget elementor-widget-heading\" data-id=\"7ac79e0\" data-element_type=\"widget\" data-e-type=\"widget\" data-widget_type=\"heading.default\">\n\t\t\t\t\t<h3 class=\"elementor-heading-title elementor-size-default\">Alltagsbegleitung Okay UG<\/h3>\t\t\t\t<\/div>\n\t\t\t\t\t<p class=\"e-fae3027-7cf14f3 e-paragraph-base\" data-interaction-id=\"fae3027\" data-e-type=\"widget\" data-id=\"fae3027\">Telafi edici asistanl\u0131k ve g\u00fcnl\u00fck ya\u015famda destek (AZUA)<\/p>\n\t\t\t\t<div class=\"elementor-element elementor-element-86beced elementor-widget elementor-widget-heading\" data-id=\"86beced\" data-element_type=\"widget\" data-e-type=\"widget\" data-widget_type=\"heading.default\">\n\t\t\t\t\t<h4 class=\"elementor-heading-title elementor-size-default\">Bu hizmet kimlere y\u00f6neliktir?<\/h4>\t\t\t\t<\/div>\n\t\t\t\t<div class=\"elementor-element elementor-element-4f5ca42 elementor-widget elementor-widget-text-editor\" data-id=\"4f5ca42\" data-element_type=\"widget\" data-e-type=\"widget\" data-widget_type=\"text-editor.default\">\n\t\t\t\t\t\t\t\t\t<ul><li>Bak\u0131m ihtiyac\u0131 olan ve\/veya engelli ki\u015filer<\/li><li>Bak\u0131m veren yak\u0131nlar\u0131n y\u00fck\u00fcn\u00fcn hafifletilmesi<\/li><li>Bak\u0131m veren ebeveynlere destek<\/li><\/ul>\t\t\t\t\t\t\t\t<\/div>\n\t\t\t\t<div class=\"elementor-element elementor-element-3db23c9 elementor-widget elementor-widget-heading\" data-id=\"3db23c9\" data-element_type=\"widget\" data-e-type=\"widget\" data-widget_type=\"heading.default\">\n\t\t\t\t\t<h4 class=\"elementor-heading-title elementor-size-default\">Hizmetler<\/h4>\t\t\t\t<\/div>\n\t\t\t\t<div class=\"elementor-element elementor-element-dea95a5 elementor-widget elementor-widget-text-editor\" data-id=\"dea95a5\" data-element_type=\"widget\" data-e-type=\"widget\" data-widget_type=\"text-editor.default\">\n\t\t\t\t\t\t\t\t\t<ul><li>Birlikte yemek pi\u015firme<\/li><li>Al\u0131\u015fveri\u015fte destek<\/li><li>Ev i\u015flerinde yard\u0131m<\/li><li>Bah\u00e7e i\u015flerinde yard\u0131m<\/li><li>Doktora e\u015flik<\/li><li>Birlikte y\u00fcr\u00fcy\u00fc\u015fler<\/li><li>Bo\u015f zamanlarda e\u015flik<\/li><\/ul>\t\t\t\t\t\t\t\t<\/div>\n\t\t\t\t<div class=\"elementor-element elementor-element-917113d elementor-widget elementor-widget-heading\" data-id=\"917113d\" data-element_type=\"widget\" data-e-type=\"widget\" data-widget_type=\"heading.default\">\n\t\t\t\t\t<h4 class=\"elementor-heading-title elementor-size-default\">B\u00f6lgesel hizmet alan\u0131<\/h4>\t\t\t\t<\/div>\n\t\t\t\t<div class=\"elementor-element elementor-element-655885b elementor-widget elementor-widget-text-editor\" data-id=\"655885b\" data-element_type=\"widget\" data-e-type=\"widget\" data-widget_type=\"text-editor.default\">\n\t\t\t\t\t\t\t\t\t<p>Northeim il\u00e7esi 37154 -37589; G\u00f6ttingen \u015fehri PLZ 34346\/37073-85; G\u00f6ttingen il\u00e7esi 37115-37199\/ 37520; Hildesheim \u015fehri 31134-31141; Hildesheim il\u00e7esi 31008-31199; Braunschweig \u015fehri 38100-38126;<\/p>\t\t\t\t\t\t\t\t<\/div>\n\t\t\t\t<div class=\"elementor-element elementor-element-dd828f8 elementor-widget elementor-widget-heading\" data-id=\"dd828f8\" data-element_type=\"widget\" data-e-type=\"widget\" data-widget_type=\"heading.default\">\n\t\t\t\t\t<h4 class=\"elementor-heading-title elementor-size-default\">Faturaland\u0131rma \/ masraf\u0131 kar\u015f\u0131layan kurumlar<\/h4>\t\t\t\t<\/div>\n\t\t\t\t<div class=\"elementor-element elementor-element-fb1b3c9 elementor-widget elementor-widget-text-editor\" data-id=\"fb1b3c9\" data-element_type=\"widget\" data-e-type=\"widget\" data-widget_type=\"text-editor.default\">\n\t\t\t\t\t\t\t\t\t<p>Rahatlatma hizmetleri bak\u0131m sigortalar\u0131 \u00fczerinden faturaland\u0131r\u0131labilir (Rahatlatma tutar\u0131 &#8211; \u00a745 SGB 11; Ortak y\u0131ll\u0131k tutar &#8211; \u00a739 SGB 11; Bak\u0131m ayni hizmetinin d\u00f6n\u00fc\u015ft\u00fcr\u00fclmesi hakk\u0131). Telafi edici asistanl\u0131k farkl\u0131 kurumlar taraf\u0131ndan onaylan\u0131r; \u00f6rn. engelli ki\u015filer i\u00e7in entegrasyon yard\u0131m\u0131 (Asistanl\u0131k hizmetleri &#8211; \u00a778 SGB 9). <\/p>\t\t\t\t\t\t\t\t<\/div>\n\t\t\t\t<div class=\"elementor-element elementor-element-e0ec154 elementor-widget elementor-widget-heading\" data-id=\"e0ec154\" data-element_type=\"widget\" data-e-type=\"widget\" data-widget_type=\"heading.default\">\n\t\t\t\t\t<h4 class=\"elementor-heading-title elementor-size-default\">Asistanl\u0131k arayanlar i\u00e7in maliyetler<\/h4>\t\t\t\t<\/div>\n\t\t\t\t<div class=\"elementor-element elementor-element-60a6bff elementor-widget elementor-widget-text-editor\" data-id=\"60a6bff\" data-element_type=\"widget\" data-e-type=\"widget\" data-widget_type=\"text-editor.default\">\n\t\t\t\t\t\t\t\t\t<ul><li>G\u00fcnl\u00fck refakat hizmetleri i\u00e7eren rahatlatma teklifi: 43,20 \u20ac; yol \u00fccreti 6,25 \u20ac (bak\u0131m sigortas\u0131 \u00fczerinden faturaland\u0131rma)<\/li><li>Rahatlatma teklifi \u201cEv yak\u0131n hizmetleri servis teklifleri\u201d 36,00 \u20ac; yol \u00fccreti 6,25 \u20ac (bak\u0131m sigortas\u0131 \u00fczerinden faturaland\u0131rma)<\/li><li>Telafi edici asistanl\u0131k: onaylanan saatlerin masraf\u0131 kar\u015f\u0131layan kurumla faturaland\u0131r\u0131lmas\u0131, \u00f6rn. entegrasyon yard\u0131m\u0131<\/li><\/ul>\t\t\t\t\t\t\t\t<\/div>\n\t\t\t\t<div class=\"elementor-element elementor-element-184293c elementor-widget elementor-widget-heading\" data-id=\"184293c\" data-element_type=\"widget\" data-e-type=\"widget\" data-widget_type=\"heading.default\">\n\t\t\t\t\t<h4 class=\"elementor-heading-title elementor-size-default\">Asistan personelin istihdam\u0131<\/h4>\t\t\t\t<\/div>\n\t\t\t\t<div class=\"elementor-element elementor-element-badf516 elementor-widget elementor-widget-text-editor\" data-id=\"badf516\" data-element_type=\"widget\" data-e-type=\"widget\" data-widget_type=\"text-editor.default\">\n\t\t\t\t\t\t\t\t\t<ul><li>Nitelik ve anla\u015fmaya g\u00f6re mini i\u015f, yar\u0131 zamanl\u0131 veya tam zamanl\u0131<\/li><li><u>G\u00f6n\u00fcll\u00fc<\/u> \u00e7al\u0131\u015fan yok<\/li><\/ul>\t\t\t\t\t\t\t\t<\/div>\n\t\t\t\t<div class=\"elementor-element elementor-element-c4272ac elementor-widget elementor-widget-heading\" data-id=\"c4272ac\" data-element_type=\"widget\" data-e-type=\"widget\" data-widget_type=\"heading.default\">\n\t\t\t\t\t<h4 class=\"elementor-heading-title elementor-size-default\">\u0130leti\u015fim<\/h4>\t\t\t\t<\/div>\n\t\t\t\t<div class=\"elementor-element elementor-element-d6d21bc elementor-widget elementor-widget-text-editor\" data-id=\"d6d21bc\" data-element_type=\"widget\" data-e-type=\"widget\" data-widget_type=\"text-editor.default\">\n\t\t\t\t\t\t\t\t\t<p><strong>Alltagsbegleitung OKAY UG<\/strong><br\/>G\u00f6ttinger Str. 12<br\/>37154 Northeim<br\/>Telefon 0160 56 45 238<br\/><br\/>Neset Okay, Lara Sherien Bulut<br\/>info@alltagsbegleitungokay.de<\/p><p><a title=\"Okay - Alltagsbegleitung ba\u011flant\u0131s\u0131\" href=\"http:\/\/www.alltagsbegleitungokay.de\" target=\"_blank\" rel=\"noopener nofollow\">www.alltagsbegleitungokay.de<\/a><\/p>\t\t\t\t\t\t\t\t<\/div>\n\t\t\t\t\t<\/div>\n\t\t\t\t<\/div>\n\t\t<div class=\"elementor-element elementor-element-1fa0dcd e-flex e-con-boxed e-con e-parent\" data-id=\"1fa0dcd\" data-element_type=\"container\" data-e-type=\"container\">\n\t\t\t\t\t<div class=\"e-con-inner\">\n\t\t\t\t<div class=\"elementor-element elementor-element-0a3116d elementor-widget elementor-widget-menu-anchor\" data-id=\"0a3116d\" data-element_type=\"widget\" data-e-type=\"widget\" data-widget_type=\"menu-anchor.default\">\n\t\t\t\t\t\t\t<div class=\"elementor-menu-anchor\" id=\"starkev\"><\/div>\n\t\t\t\t\t\t<\/div>\n\t\t\t\t<div class=\"elementor-element elementor-element-7d8ac49 elementor-widget elementor-widget-heading\" data-id=\"7d8ac49\" data-element_type=\"widget\" data-e-type=\"widget\" data-widget_type=\"heading.default\">\n\t\t\t\t\t<h3 class=\"elementor-heading-title elementor-size-default\">Stark - Sosyal kat\u0131l\u0131m, \u00e7al\u0131\u015fma, rehabilitasyon ve i\u015f birli\u011fi e.V.<\/h3>\t\t\t\t<\/div>\n\t\t\t\t\t<p class=\"e-21020e8-b39baf8 e-paragraph-base\" data-interaction-id=\"21020e8\" data-e-type=\"widget\" data-id=\"21020e8\">Telafi edici asistanl\u0131k, g\u00fcnl\u00fck ya\u015famda destek (AZUA) ve ebeveyn asistanl\u0131\u011f\u0131<\/p>\n\t\t\t\t<div class=\"elementor-element elementor-element-5bcefa2 elementor-widget elementor-widget-heading\" data-id=\"5bcefa2\" data-element_type=\"widget\" data-e-type=\"widget\" data-widget_type=\"heading.default\">\n\t\t\t\t\t<h4 class=\"elementor-heading-title elementor-size-default\">Bu hizmet kimlere y\u00f6neliktir?<\/h4>\t\t\t\t<\/div>\n\t\t\t\t<div class=\"elementor-element elementor-element-74dfcf5 elementor-widget elementor-widget-text-editor\" data-id=\"74dfcf5\" data-element_type=\"widget\" data-e-type=\"widget\" data-widget_type=\"text-editor.default\">\n\t\t\t\t\t\t\t\t\t<ul><li>Bak\u0131m ihtiyac\u0131 olan ve\/veya engelli ki\u015filer<\/li><li>Bak\u0131m veren yak\u0131nlar\u0131n y\u00fck\u00fcn\u00fcn hafifletilmesi<\/li><li>Bak\u0131m veren ebeveynlere destek<\/li><\/ul>\t\t\t\t\t\t\t\t<\/div>\n\t\t\t\t<div class=\"elementor-element elementor-element-f1babaf elementor-widget elementor-widget-heading\" data-id=\"f1babaf\" data-element_type=\"widget\" data-e-type=\"widget\" data-widget_type=\"heading.default\">\n\t\t\t\t\t<h4 class=\"elementor-heading-title elementor-size-default\">Hizmetler<\/h4>\t\t\t\t<\/div>\n\t\t\t\t<div class=\"elementor-element elementor-element-ae1bf93 elementor-widget elementor-widget-text-editor\" data-id=\"ae1bf93\" data-element_type=\"widget\" data-e-type=\"widget\" data-widget_type=\"text-editor.default\">\n\t\t\t\t\t\t\t\t\t<ul><li>Hukuki temsil\/bak\u0131m<\/li><li>G\u00f6n\u00fcll\u00fc bak\u0131c\u0131lar i\u00e7in dan\u0131\u015fmanl\u0131k ve bilgilendirme<\/li><li>Randevulara e\u015flik \/ doktora e\u015flik<\/li><li>Ev i\u015flerinde destek<\/li><li>Birlikte yemek pi\u015firme<\/li><li>Al\u0131\u015fveri\u015fte destek<\/li><li>Bah\u00e7e i\u015flerinde yard\u0131m<\/li><li>Birlikte y\u00fcr\u00fcy\u00fc\u015fler<\/li><li>Bo\u015f zamanlarda e\u015flik<\/li><\/ul>\t\t\t\t\t\t\t\t<\/div>\n\t\t\t\t<div class=\"elementor-element elementor-element-366106d elementor-widget elementor-widget-heading\" data-id=\"366106d\" data-element_type=\"widget\" data-e-type=\"widget\" data-widget_type=\"heading.default\">\n\t\t\t\t\t<h4 class=\"elementor-heading-title elementor-size-default\">B\u00f6lgesel hizmet alan\u0131<\/h4>\t\t\t\t<\/div>\n\t\t\t\t<div class=\"elementor-element elementor-element-54a32d4 elementor-widget elementor-widget-text-editor\" data-id=\"54a32d4\" data-element_type=\"widget\" data-e-type=\"widget\" data-widget_type=\"text-editor.default\">\n\t\t\t\t\t\t\t\t\t<p>Northeim il\u00e7esi 37154, 37181, 37176, 37186, 37581, 37170, 37194, 37586, 37574; G\u00f6ttingen \u015fehri PLZ 34346; G\u00f6ttingen il\u00e7esi 37139, 34346, 37120, 37127, 37124, 37520, 37431, 37434, 37412, 37197, 37539; Goslar il\u00e7esi 38690, 38644, 38642, 38640, 38667, 38723, 38709, 38667, 38678, 38704, 38585, 38729, 38700; Holzminden il\u00e7esi 37619, 37627, 37643, 37699, 37697, 37603, 37691, 31073, 37633, 37639; Alfeld 31061<\/p>\t\t\t\t\t\t\t\t<\/div>\n\t\t\t\t<div class=\"elementor-element elementor-element-d6ff362 elementor-widget elementor-widget-heading\" data-id=\"d6ff362\" data-element_type=\"widget\" data-e-type=\"widget\" data-widget_type=\"heading.default\">\n\t\t\t\t\t<h4 class=\"elementor-heading-title elementor-size-default\">Faturaland\u0131rma \/ masraf\u0131 kar\u015f\u0131layan kurumlar<\/h4>\t\t\t\t<\/div>\n\t\t\t\t<div class=\"elementor-element elementor-element-7068dbb elementor-widget elementor-widget-text-editor\" data-id=\"7068dbb\" data-element_type=\"widget\" data-e-type=\"widget\" data-widget_type=\"text-editor.default\">\n\t\t\t\t\t\t\t\t\t<p>Telafi edici asistanl\u0131k hizmetlerine ili\u015fkin teklifler entegrasyon yard\u0131m\u0131 \u00fczerinden faturaland\u0131r\u0131l\u0131r (Asistanl\u0131k hizmetleri &#8211; \u00a778 SGB 9).<br>(Rahatlatma tutar\u0131 &#8211; \u00a745 SGB 11; Ortak y\u0131ll\u0131k tutar &#8211; \u00a739 SGB 11; Bak\u0131m ayni hizmetinin d\u00f6n\u00fc\u015ft\u00fcr\u00fclmesi hakk\u0131).<\/p>\t\t\t\t\t\t\t\t<\/div>\n\t\t\t\t<div class=\"elementor-element elementor-element-79bad52 elementor-widget elementor-widget-heading\" data-id=\"79bad52\" data-element_type=\"widget\" data-e-type=\"widget\" data-widget_type=\"heading.default\">\n\t\t\t\t\t<h4 class=\"elementor-heading-title elementor-size-default\">Asistanl\u0131k arayanlar i\u00e7in maliyetler<\/h4>\t\t\t\t<\/div>\n\t\t\t\t<div class=\"elementor-element elementor-element-9288417 elementor-widget elementor-widget-text-editor\" data-id=\"9288417\" data-element_type=\"widget\" data-e-type=\"widget\" data-widget_type=\"text-editor.default\">\n\t\t\t\t\t\t\t\t\t<p>Telafi edici asistanl\u0131k: br\u00fct uzman hizmet saati ba\u015f\u0131na 61,48 \u20ac ve her g\u00f6rev i\u00e7in 13,97 \u20ac yol s\u00fcresi \u00fccreti<\/p>\t\t\t\t\t\t\t\t<\/div>\n\t\t\t\t<div class=\"elementor-element elementor-element-695d0a5 elementor-widget elementor-widget-heading\" data-id=\"695d0a5\" data-element_type=\"widget\" data-e-type=\"widget\" data-widget_type=\"heading.default\">\n\t\t\t\t\t<h4 class=\"elementor-heading-title elementor-size-default\">Asistan personelin istihdam\u0131<\/h4>\t\t\t\t<\/div>\n\t\t\t\t<div class=\"elementor-element elementor-element-97f1f60 elementor-widget elementor-widget-text-editor\" data-id=\"97f1f60\" data-element_type=\"widget\" data-e-type=\"widget\" data-widget_type=\"text-editor.default\">\n\t\t\t\t\t\t\t\t\t<ul><li>Kadrolu \u00e7al\u0131\u015fanlar<\/li><li><u>G\u00f6n\u00fcll\u00fc<\/u> \u00e7al\u0131\u015fan yok<\/li><\/ul>\t\t\t\t\t\t\t\t<\/div>\n\t\t\t\t<div class=\"elementor-element elementor-element-56236e6 elementor-widget elementor-widget-heading\" data-id=\"56236e6\" data-element_type=\"widget\" data-e-type=\"widget\" data-widget_type=\"heading.default\">\n\t\t\t\t\t<h4 class=\"elementor-heading-title elementor-size-default\">\u0130leti\u015fim<\/h4>\t\t\t\t<\/div>\n\t\t\t\t<div class=\"elementor-element elementor-element-bc0a527 elementor-widget elementor-widget-text-editor\" data-id=\"bc0a527\" data-element_type=\"widget\" data-e-type=\"widget\" data-widget_type=\"text-editor.default\">\n\t\t\t\t\t\t\t\t\t<p><strong>Stark \u2013 Sosyal kat\u0131l\u0131m, \u00e7al\u0131\u015fma, rehabilitasyon ve i\u015f birli\u011fi e.V.<\/strong><br\/>Auf dem Steinwege 4<br\/>37574 Einbeck<br\/>Telefon 0176 43 43 25 13<br\/><br\/>Sinead Joeris<br\/>assistenz@starkev.de<\/p><p><a title=\"Stark e.V. ba\u011flant\u0131s\u0131\" href=\"http:\/\/www.starkev.de\/\" target=\"_blank\" rel=\"noopener nofollow\">www.starkev.de\/<\/a>  <\/p>\t\t\t\t\t\t\t\t<\/div>\n\t\t\t\t\t<\/div>\n\t\t\t\t<\/div>\n\t\t<div class=\"elementor-element elementor-element-3e87bdd e-flex e-con-boxed e-con e-parent\" data-id=\"3e87bdd\" data-element_type=\"container\" data-e-type=\"container\" data-settings=\"{&quot;background_background&quot;:&quot;classic&quot;}\">\n\t\t\t\t\t<div class=\"e-con-inner\">\n\t\t\t\t<div class=\"elementor-element elementor-element-e42efea elementor-widget elementor-widget-menu-anchor\" data-id=\"e42efea\" data-element_type=\"widget\" data-e-type=\"widget\" data-widget_type=\"menu-anchor.default\">\n\t\t\t\t\t\t\t<div class=\"elementor-menu-anchor\" id=\"treffpunkt\"><\/div>\n\t\t\t\t\t\t<\/div>\n\t\t\t\t<div class=\"elementor-element elementor-element-aa26f0e elementor-widget elementor-widget-heading\" data-id=\"aa26f0e\" data-element_type=\"widget\" data-e-type=\"widget\" data-widget_type=\"heading.default\">\n\t\t\t\t\t<h3 class=\"elementor-heading-title elementor-size-default\">Verein Treffpunkt e.V.<\/h3>\t\t\t\t<\/div>\n\t\t\t\t\t<p class=\"e-9619add-88c4ee7 e-paragraph-base\" data-interaction-id=\"9619add\" data-e-type=\"widget\" data-id=\"9619add\">Telafi edici asistanl\u0131k ve g\u00fcnl\u00fck ya\u015famda destek (AZUA)<\/p>\n\t\t\t\t<div class=\"elementor-element elementor-element-7cc84b5 elementor-widget elementor-widget-heading\" data-id=\"7cc84b5\" data-element_type=\"widget\" data-e-type=\"widget\" data-widget_type=\"heading.default\">\n\t\t\t\t\t<h4 class=\"elementor-heading-title elementor-size-default\">Bu hizmet kimlere y\u00f6neliktir?<\/h4>\t\t\t\t<\/div>\n\t\t\t\t<div class=\"elementor-element elementor-element-f78393c elementor-widget elementor-widget-text-editor\" data-id=\"f78393c\" data-element_type=\"widget\" data-e-type=\"widget\" data-widget_type=\"text-editor.default\">\n\t\t\t\t\t\t\t\t\t<ul><li>Bak\u0131m ihtiyac\u0131 olan ve\/veya engelli ki\u015filer<\/li><li>Bak\u0131m veren yak\u0131nlar\u0131n y\u00fck\u00fcn\u00fcn hafifletilmesi<\/li><li>Bak\u0131m veren ebeveynlere destek<\/li><\/ul>\t\t\t\t\t\t\t\t<\/div>\n\t\t\t\t<div class=\"elementor-element elementor-element-a2503fc elementor-widget elementor-widget-heading\" data-id=\"a2503fc\" data-element_type=\"widget\" data-e-type=\"widget\" data-widget_type=\"heading.default\">\n\t\t\t\t\t<h4 class=\"elementor-heading-title elementor-size-default\">Hizmetler<\/h4>\t\t\t\t<\/div>\n\t\t\t\t<div class=\"elementor-element elementor-element-8ab1f5f elementor-widget elementor-widget-text-editor\" data-id=\"8ab1f5f\" data-element_type=\"widget\" data-e-type=\"widget\" data-widget_type=\"text-editor.default\">\n\t\t\t\t\t\t\t\t\t<ul><li>Birlikte yemek pi\u015firme<\/li><li>Al\u0131\u015fveri\u015fte destek<\/li><li>Ev i\u015flerinde yard\u0131m<\/li><li>Doktora e\u015flik<\/li><li>Birlikte y\u00fcr\u00fcy\u00fc\u015fler<\/li><li>Bo\u015f zamanlarda e\u015flik<\/li><li>Tekerlekli sandalye kullanan ki\u015filer i\u00e7in ula\u015f\u0131m hizmeti<\/li><\/ul>\t\t\t\t\t\t\t\t<\/div>\n\t\t\t\t<div class=\"elementor-element elementor-element-d5491e6 elementor-widget elementor-widget-heading\" data-id=\"d5491e6\" data-element_type=\"widget\" data-e-type=\"widget\" data-widget_type=\"heading.default\">\n\t\t\t\t\t<h4 class=\"elementor-heading-title elementor-size-default\">B\u00f6lgesel hizmet alan\u0131<\/h4>\t\t\t\t<\/div>\n\t\t\t\t<div class=\"elementor-element elementor-element-3608a0a elementor-widget elementor-widget-text-editor\" data-id=\"3608a0a\" data-element_type=\"widget\" data-e-type=\"widget\" data-widget_type=\"text-editor.default\">\n\t\t\t\t\t\t\t\t\t<p>Northeim il\u00e7esinde PLZ 37191, 37181, 37175, 37154, 37186, 37589;<br\/>G\u00f6ttingen il\u00e7esinde PLZ 37120, 37136,37136, 37197<\/p>\t\t\t\t\t\t\t\t<\/div>\n\t\t\t\t<div class=\"elementor-element elementor-element-b5333f7 elementor-widget elementor-widget-heading\" data-id=\"b5333f7\" data-element_type=\"widget\" data-e-type=\"widget\" data-widget_type=\"heading.default\">\n\t\t\t\t\t<h4 class=\"elementor-heading-title elementor-size-default\">Faturaland\u0131rma \/ masraf\u0131 kar\u015f\u0131layan kurumlar<\/h4>\t\t\t\t<\/div>\n\t\t\t\t<div class=\"elementor-element elementor-element-289eccd elementor-widget elementor-widget-text-editor\" data-id=\"289eccd\" data-element_type=\"widget\" data-e-type=\"widget\" data-widget_type=\"text-editor.default\">\n\t\t\t\t\t\t\t\t\t<p>Rahatlatma hizmetleri bak\u0131m sigortalar\u0131 \u00fczerinden faturaland\u0131r\u0131labilir (Rahatlatma tutar\u0131 &#8211; \u00a745 SGB 11; Ortak y\u0131ll\u0131k tutar &#8211; \u00a739 SGB 11; Bak\u0131m ayni hizmetinin d\u00f6n\u00fc\u015ft\u00fcr\u00fclmesi hakk\u0131). Telafi edici asistanl\u0131k farkl\u0131 kurumlar taraf\u0131ndan onaylan\u0131r; \u00f6rn. engelli ki\u015filer i\u00e7in entegrasyon yard\u0131m\u0131 (Asistanl\u0131k hizmetleri &#8211; \u00a778 SGB 9). <\/p>\t\t\t\t\t\t\t\t<\/div>\n\t\t\t\t<div class=\"elementor-element elementor-element-94479fd elementor-widget elementor-widget-heading\" data-id=\"94479fd\" data-element_type=\"widget\" data-e-type=\"widget\" data-widget_type=\"heading.default\">\n\t\t\t\t\t<h4 class=\"elementor-heading-title elementor-size-default\">Asistanl\u0131k arayanlar i\u00e7in maliyetler<\/h4>\t\t\t\t<\/div>\n\t\t\t\t<div class=\"elementor-element elementor-element-b3d2985 elementor-widget elementor-widget-text-editor\" data-id=\"b3d2985\" data-element_type=\"widget\" data-e-type=\"widget\" data-widget_type=\"text-editor.default\">\n\t\t\t\t\t\t\t\t\t<ul><li>Telafi edici asistanl\u0131k, hizmet t\u00fcr\u00fcne veya masraf\u0131 kar\u015f\u0131layan kuruma g\u00f6re: 32,20 \u20ac<\/li><li>Ula\u015f\u0131m hizmetleri: Entegrasyon yard\u0131m\u0131 kapsam\u0131nda onay verilmesi halinde makul \u00f6l\u00e7\u00fcde \u00fccretsizdir.<\/li><li>Kendi \u00f6demesini yapanlar i\u00e7in ula\u015f\u0131m hizmetleri: km ba\u015f\u0131na 0,35 \u20ac<\/li><\/ul>\t\t\t\t\t\t\t\t<\/div>\n\t\t\t\t<div class=\"elementor-element elementor-element-3ecaa9c elementor-widget elementor-widget-heading\" data-id=\"3ecaa9c\" data-element_type=\"widget\" data-e-type=\"widget\" data-widget_type=\"heading.default\">\n\t\t\t\t\t<h4 class=\"elementor-heading-title elementor-size-default\">Asistan personelin istihdam\u0131<\/h4>\t\t\t\t<\/div>\n\t\t\t\t<div class=\"elementor-element elementor-element-da6e7ed elementor-widget elementor-widget-text-editor\" data-id=\"da6e7ed\" data-element_type=\"widget\" data-e-type=\"widget\" data-widget_type=\"text-editor.default\">\n\t\t\t\t\t\t\t\t\t<ul><li>G\u00f6n\u00fcll\u00fc \u00e7al\u0131\u015fanlar<\/li><li>Nitelik ve anla\u015fmaya g\u00f6re mini i\u015f, yar\u0131 zamanl\u0131 veya tam zamanl\u0131<\/li><li>G\u00f6n\u00fcll\u00fc asistan personel i\u00e7in masraf kar\u015f\u0131l\u0131\u011f\u0131 ve \u00e7al\u0131\u015fanlar i\u00e7in \u00fccret \u2013 telafi edici asistanl\u0131k g\u00f6rev saati ba\u015f\u0131na: 15,00 \u20ac<\/li><li>\u00d6zel ara\u00e7la refakat hizmetleri i\u00e7in km ba\u015f\u0131na masraf kar\u015f\u0131l\u0131\u011f\u0131: kilometre ba\u015f\u0131na 0,30 \u20ac; hizmet ara\u00e7lar\u0131 kural olarak mevcuttur.<\/li><\/ul>\t\t\t\t\t\t\t\t<\/div>\n\t\t\t\t<div class=\"elementor-element elementor-element-67de379 elementor-widget elementor-widget-heading\" data-id=\"67de379\" data-element_type=\"widget\" data-e-type=\"widget\" data-widget_type=\"heading.default\">\n\t\t\t\t\t<h4 class=\"elementor-heading-title elementor-size-default\">\u0130leti\u015fim<\/h4>\t\t\t\t<\/div>\n\t\t\t\t<div class=\"elementor-element elementor-element-40448fd elementor-widget elementor-widget-text-editor\" data-id=\"40448fd\" data-element_type=\"widget\" data-e-type=\"widget\" data-widget_type=\"text-editor.default\">\n\t\t\t\t\t\t\t\t\t<p><strong>Verein Treffpunkt e.V.<\/strong><br\/>Im Siek 10<br\/>37191 Gillersheim<br\/>Telefon 05556 1726<br\/><br\/>Nadja Stelting<br\/>info@verein-treffpunkt.de<\/p><p><a title=\"Verein Treffpunkt e.V. ba\u011flant\u0131s\u0131\" href=\"http:\/\/www.verein-treffpunkt.de\" rel=\"nofollow noopener\" target=\"_blank\">www.verein-treffpunkt.de<\/a><\/p>\t\t\t\t\t\t\t\t<\/div>\n\t\t\t\t\t<\/div>\n\t\t\t\t<\/div>\n\t\t\t\t<\/div>\n\t\t","protected":false},"excerpt":{"rendered":"<p>Bu hizmet sa\u011flay\u0131c\u0131lar\u0131 Asistanl\u0131k Portal\u0131\u2019nda yer almaktad\u0131r: Aktiva Alltagsbegleitung Alltagsbienchen Lebenshilfe Bad Gandersheim-Seesen e.V. Alltagsbegleitung Okay UG Stark e.V. Verein Treffpunkt e.V. Aktiva Alltagsbegleitung G\u00fcnl\u00fck ya\u015famda destek (AZUA) kapsam\u0131nda ya\u015fl\u0131 ve engelli bak\u0131m\u0131 Bu hizmet kimlere y\u00f6neliktir? Bak\u0131m ihtiyac\u0131 olan ve\/veya engelli ki\u015filer Bak\u0131m veren yak\u0131nlar\u0131n y\u00fck\u00fcn\u00fcn hafifletilmesi Ya\u015fl\u0131 ki\u015filer Kendi \u00f6demesini yapan \u00f6zel ki\u015filer [&hellip;]<\/p>\n","protected":false},"author":2,"featured_media":0,"parent":0,"menu_order":0,"comment_status":"closed","ping_status":"closed","template":"","meta":{"footnotes":""},"class_list":["post-1096","page","type-page","status-publish","hentry"],"_links":{"self":[{"href":"https:\/\/northeim-assistenz-portal.de\/tr\/wp-json\/wp\/v2\/pages\/1096","targetHints":{"allow":["GET"]}}],"collection":[{"href":"https:\/\/northeim-assistenz-portal.de\/tr\/wp-json\/wp\/v2\/pages"}],"about":[{"href":"https:\/\/northeim-assistenz-portal.de\/tr\/wp-json\/wp\/v2\/types\/page"}],"author":[{"embeddable":true,"href":"https:\/\/northeim-assistenz-portal.de\/tr\/wp-json\/wp\/v2\/users\/2"}],"replies":[{"embeddable":true,"href":"https:\/\/northeim-assistenz-portal.de\/tr\/wp-json\/wp\/v2\/comments?post=1096"}],"version-history":[{"count":2,"href":"https:\/\/northeim-assistenz-portal.de\/tr\/wp-json\/wp\/v2\/pages\/1096\/revisions"}],"predecessor-version":[{"id":1099,"href":"https:\/\/northeim-assistenz-portal.de\/tr\/wp-json\/wp\/v2\/pages\/1096\/revisions\/1099"}],"wp:attachment":[{"href":"https:\/\/northeim-assistenz-portal.de\/tr\/wp-json\/wp\/v2\/media?parent=1096"}],"curies":[{"name":"wp","href":"https:\/\/api.w.org\/{rel}","templated":true}]}}